{"nbFiches":1,"dataPrest":{"infoPrest":{"pave1":{"libelle":"","contenu":""},"pave2":{"libelle":"","contenu":""},"pave3":{"libelle":"","contenu":""},"pave4":{"libelle":"","contenu":""},"pave5":{"libelle":"","contenu":""},"pave6":{"libelle":"","contenu":""},"pave7":{"libelle":"","contenu":""},"pave8":{"libelle":"","contenu":""},"pave9":{"libelle":"","contenu":""},"pave10":{"libelle":"","contenu":""},"pave11":{"libelle":"","contenu":""},"pave12":{"libelle":"","contenu":""},"pave13":{"libelle":"","contenu":""},"pave14":{"libelle":"","contenu":""},"pave15":{"libelle":"","contenu":""},"pave16":{"libelle":"","contenu":""},"pave17":{"libelle":"","contenu":""},"pave18":{"libelle":"","contenu":""},"pave19":{"libelle":"","contenu":""},"pave20":{"libelle":"","contenu":""},"pave21":{"libelle":"","contenu":""},"pave22":{"libelle":"","contenu":""},"pave23":{"libelle":"","contenu":""},"pave24":{"libelle":"","contenu":""},"pave25":{"libelle":"","contenu":""},"Libelle":"V\u00e9lo Pour Tous, Atelier Solidaire","Nom":"V\u00e9lo Pour Tous, Atelier Solidaire","Prenom":"","NomPrenom":"V\u00e9lo Pour Tous, Atelier Solidaire ","CiviliteNomPrenom":"V\u00e9lo Pour Tous, Atelier Solidaire ","Cle":"COS|ATELIERSOLIDAIREVELOPBF","PrestataireParent":"","ContexteStat":"PRESTATAIRE-COS-ATELIERSOLIDAIREVELOPBF","DateModificationIso":"2024-12-18T09:33:00+01:00","Type":"PRESTATAIRE","TypePrestataire":"COS","Adresse":{"LigneAdresse1":"Chemin de l'Estuaire","LigneAdresse2":"Ancienne salle de musique","LigneAdresse3":"","CodePostal":"44560","Ville":"PAIMBOEUF","Cedex":"","Etat":"","Pays":"FRA"},"Email":"contact@velopourtous.fr","Telephone":"","TelephoneBureau":"","Portable":"06 41 20 13 75","SiteWeb":"https:\/\/www.facebook.com\/V%C3%A9lo-Pour-Tous-Atelier-Solidaire-106515301166156","Fax":"","Id":"cos-ateliersolidairevelopbf","Code":"COS|ATELIERSOLIDAIREVELOPBF","Fichier":{"Image":[{"url":"https:\/\/www.saint-brevin.com\/medias\/images\/prestataires\/velo-pour-tous-8737.jpg","chemin":"..\/medias\/images\/prestataires\/velo-pour-tous-8737.jpg","libelle":"velo-pour-tous-8737","extension":"jpg","categorie":"","largeur":960,"theme":"","hauteur":640,"type":"Image","origine":"","liaisonPave":"","langue":"","id":"8737","urlVignette":"https:\/\/www.saint-brevin.com\/medias\/images\/prestataires\/v-velo-pour-tous-8737.jpg","alt":"velo-pour-tous-8737","title":"velo-pour-tous-8737","MultiTaille":{"1920x1440":{"url":"https:\/\/www.saint-brevin.com\/medias\/images\/prestataires\/multitailles\/1920x1440_velo-pour-tous-8737.jpg"},"1200x900":{"url":"https:\/\/www.saint-brevin.com\/medias\/images\/prestataires\/multitailles\/1200x900_velo-pour-tous-8737.jpg"},"800x600":{"url":"https:\/\/www.saint-brevin.com\/medias\/images\/prestataires\/multitailles\/800x600_velo-pour-tous-8737.jpg"},"640x480":{"url":"https:\/\/www.saint-brevin.com\/medias\/images\/prestataires\/multitailles\/640x480_velo-pour-tous-8737.jpg"},"320x240":{"url":"https:\/\/www.saint-brevin.com\/medias\/images\/prestataires\/multitailles\/320x240_velo-pour-tous-8737.jpg"},"160x120":{"url":"https:\/\/www.saint-brevin.com\/medias\/images\/prestataires\/multitailles\/160x120_velo-pour-tous-8737.jpg"},"origine":{"url":"https:\/\/www.saint-brevin.com\/medias\/images\/prestataires\/velo-pour-tous-8737.jpg"}},"urlLien":"","typeLien":"","nofollow":"N","copyright":""},{"url":"https:\/\/www.saint-brevin.com\/medias\/images\/prestataires\/velo-pour-tous-paimboeuf-8742.jpg","chemin":"..\/medias\/images\/prestataires\/velo-pour-tous-paimboeuf-8742.jpg","libelle":"velo-pour-tous-paimboeuf-8742","extension":"jpg","categorie":"","largeur":673,"theme":"","hauteur":421,"type":"Image","origine":"","liaisonPave":"","langue":"","id":"8742","urlVignette":"https:\/\/www.saint-brevin.com\/medias\/images\/prestataires\/v-velo-pour-tous-paimboeuf-8742.jpg","alt":"velo-pour-tous-paimboeuf-8742","title":"velo-pour-tous-paimboeuf-8742","MultiTaille":{"1920x1440":{"url":"https:\/\/www.saint-brevin.com\/medias\/images\/prestataires\/multitailles\/1920x1440_velo-pour-tous-paimboeuf-8742.jpg"},"1200x900":{"url":"https:\/\/www.saint-brevin.com\/medias\/images\/prestataires\/multitailles\/1200x900_velo-pour-tous-paimboeuf-8742.jpg"},"800x600":{"url":"https:\/\/www.saint-brevin.com\/medias\/images\/prestataires\/multitailles\/800x600_velo-pour-tous-paimboeuf-8742.jpg"},"640x480":{"url":"https:\/\/www.saint-brevin.com\/medias\/images\/prestataires\/multitailles\/640x480_velo-pour-tous-paimboeuf-8742.jpg"},"320x240":{"url":"https:\/\/www.saint-brevin.com\/medias\/images\/prestataires\/multitailles\/320x240_velo-pour-tous-paimboeuf-8742.jpg"},"160x120":{"url":"https:\/\/www.saint-brevin.com\/medias\/images\/prestataires\/multitailles\/160x120_velo-pour-tous-paimboeuf-8742.jpg"},"origine":{"url":"https:\/\/www.saint-brevin.com\/medias\/images\/prestataires\/velo-pour-tous-paimboeuf-8742.jpg"}},"urlLien":"","typeLien":"","nofollow":"N","copyright":""},{"url":"https:\/\/www.saint-brevin.com\/medias\/images\/prestataires\/atelier-participatif-8738.jpg","chemin":"..\/medias\/images\/prestataires\/atelier-participatif-8738.jpg","libelle":"atelier-participatif-8738","extension":"jpg","categorie":"","largeur":2000,"theme":"","hauteur":1500,"type":"Image","origine":"","liaisonPave":"","langue":"","id":"8738","urlVignette":"https:\/\/www.saint-brevin.com\/medias\/images\/prestataires\/v-atelier-participatif-8738.jpg","alt":"atelier-participatif-8738","title":"atelier-participatif-8738","MultiTaille":{"1920x1440":{"url":"https:\/\/www.saint-brevin.com\/medias\/images\/prestataires\/multitailles\/1920x1440_atelier-participatif-8738.jpg"},"1200x900":{"url":"https:\/\/www.saint-brevin.com\/medias\/images\/prestataires\/multitailles\/1200x900_atelier-participatif-8738.jpg"},"800x600":{"url":"https:\/\/www.saint-brevin.com\/medias\/images\/prestataires\/multitailles\/800x600_atelier-participatif-8738.jpg"},"640x480":{"url":"https:\/\/www.saint-brevin.com\/medias\/images\/prestataires\/multitailles\/640x480_atelier-participatif-8738.jpg"},"320x240":{"url":"https:\/\/www.saint-brevin.com\/medias\/images\/prestataires\/multitailles\/320x240_atelier-participatif-8738.jpg"},"160x120":{"url":"https:\/\/www.saint-brevin.com\/medias\/images\/prestataires\/multitailles\/160x120_atelier-participatif-8738.jpg"},"origine":{"url":"https:\/\/www.saint-brevin.com\/medias\/images\/prestataires\/atelier-participatif-8738.jpg"}},"urlLien":"","typeLien":"","nofollow":"N","copyright":""},{"url":"https:\/\/www.saint-brevin.com\/medias\/images\/prestataires\/vente-pi-ces-d-occasion-8739.jpg","chemin":"..\/medias\/images\/prestataires\/vente-pi-ces-d-occasion-8739.jpg","libelle":"vente-pi-ces-d-occasion-8739","extension":"jpg","categorie":"","largeur":2000,"theme":"","hauteur":1500,"type":"Image","origine":"","liaisonPave":"","langue":"","id":"8739","urlVignette":"https:\/\/www.saint-brevin.com\/medias\/images\/prestataires\/v-vente-pi-ces-d-occasion-8739.jpg","alt":"vente-pi-ces-d-occasion-8739","title":"vente-pi-ces-d-occasion-8739","MultiTaille":{"1920x1440":{"url":"https:\/\/www.saint-brevin.com\/medias\/images\/prestataires\/multitailles\/1920x1440_vente-pi-ces-d-occasion-8739.jpg"},"1200x900":{"url":"https:\/\/www.saint-brevin.com\/medias\/images\/prestataires\/multitailles\/1200x900_vente-pi-ces-d-occasion-8739.jpg"},"800x600":{"url":"https:\/\/www.saint-brevin.com\/medias\/images\/prestataires\/multitailles\/800x600_vente-pi-ces-d-occasion-8739.jpg"},"640x480":{"url":"https:\/\/www.saint-brevin.com\/medias\/images\/prestataires\/multitailles\/640x480_vente-pi-ces-d-occasion-8739.jpg"},"320x240":{"url":"https:\/\/www.saint-brevin.com\/medias\/images\/prestataires\/multitailles\/320x240_vente-pi-ces-d-occasion-8739.jpg"},"160x120":{"url":"https:\/\/www.saint-brevin.com\/medias\/images\/prestataires\/multitailles\/160x120_vente-pi-ces-d-occasion-8739.jpg"},"origine":{"url":"https:\/\/www.saint-brevin.com\/medias\/images\/prestataires\/vente-pi-ces-d-occasion-8739.jpg"}},"urlLien":"","typeLien":"","nofollow":"N","copyright":""},{"url":"https:\/\/www.saint-brevin.com\/medias\/images\/prestataires\/vente-v-los-occasion-format-paysage-8740.jpg","chemin":"..\/medias\/images\/prestataires\/vente-v-los-occasion-format-paysage-8740.jpg","libelle":"vente-v-los-occasion-format-paysage-8740","extension":"jpg","categorie":"","largeur":2000,"theme":"","hauteur":1500,"type":"Image","origine":"","liaisonPave":"","langue":"","id":"8740","urlVignette":"https:\/\/www.saint-brevin.com\/medias\/images\/prestataires\/v-vente-v-los-occasion-format-paysage-8740.jpg","alt":"vente-v-los-occasion-format-paysage-8740","title":"vente-v-los-occasion-format-paysage-8740","MultiTaille":{"1920x1440":{"url":"https:\/\/www.saint-brevin.com\/medias\/images\/prestataires\/multitailles\/1920x1440_vente-v-los-occasion-format-paysage-8740.jpg"},"1200x900":{"url":"https:\/\/www.saint-brevin.com\/medias\/images\/prestataires\/multitailles\/1200x900_vente-v-los-occasion-format-paysage-8740.jpg"},"800x600":{"url":"https:\/\/www.saint-brevin.com\/medias\/images\/prestataires\/multitailles\/800x600_vente-v-los-occasion-format-paysage-8740.jpg"},"640x480":{"url":"https:\/\/www.saint-brevin.com\/medias\/images\/prestataires\/multitailles\/640x480_vente-v-los-occasion-format-paysage-8740.jpg"},"320x240":{"url":"https:\/\/www.saint-brevin.com\/medias\/images\/prestataires\/multitailles\/320x240_vente-v-los-occasion-format-paysage-8740.jpg"},"160x120":{"url":"https:\/\/www.saint-brevin.com\/medias\/images\/prestataires\/multitailles\/160x120_vente-v-los-occasion-format-paysage-8740.jpg"},"origine":{"url":"https:\/\/www.saint-brevin.com\/medias\/images\/prestataires\/vente-v-los-occasion-format-paysage-8740.jpg"}},"urlLien":"","typeLien":"","nofollow":"N","copyright":""},{"url":"https:\/\/www.saint-brevin.com\/medias\/images\/prestataires\/vente-v-los-occasion-format-portrait-8741.jpg","chemin":"..\/medias\/images\/prestataires\/vente-v-los-occasion-format-portrait-8741.jpg","libelle":"vente-v-los-occasion-format-portrait-8741","extension":"jpg","categorie":"","largeur":2000,"theme":"","hauteur":1500,"type":"Image","origine":"","liaisonPave":"","langue":"","id":"8741","urlVignette":"https:\/\/www.saint-brevin.com\/medias\/images\/prestataires\/v-vente-v-los-occasion-format-portrait-8741.jpg","alt":"vente-v-los-occasion-format-portrait-8741","title":"vente-v-los-occasion-format-portrait-8741","MultiTaille":{"1920x1440":{"url":"https:\/\/www.saint-brevin.com\/medias\/images\/prestataires\/multitailles\/1920x1440_vente-v-los-occasion-format-portrait-8741.jpg"},"1200x900":{"url":"https:\/\/www.saint-brevin.com\/medias\/images\/prestataires\/multitailles\/1200x900_vente-v-los-occasion-format-portrait-8741.jpg"},"800x600":{"url":"https:\/\/www.saint-brevin.com\/medias\/images\/prestataires\/multitailles\/800x600_vente-v-los-occasion-format-portrait-8741.jpg"},"640x480":{"url":"https:\/\/www.saint-brevin.com\/medias\/images\/prestataires\/multitailles\/640x480_vente-v-los-occasion-format-portrait-8741.jpg"},"320x240":{"url":"https:\/\/www.saint-brevin.com\/medias\/images\/prestataires\/multitailles\/320x240_vente-v-los-occasion-format-portrait-8741.jpg"},"160x120":{"url":"https:\/\/www.saint-brevin.com\/medias\/images\/prestataires\/multitailles\/160x120_vente-v-los-occasion-format-portrait-8741.jpg"},"origine":{"url":"https:\/\/www.saint-brevin.com\/medias\/images\/prestataires\/vente-v-los-occasion-format-portrait-8741.jpg"}},"urlLien":"","typeLien":"","nofollow":"N","copyright":""},{"url":"https:\/\/www.saint-brevin.com\/medias\/images\/prestataires\/atelier-brico-velo-reparation-4362.jpg","chemin":"..\/medias\/images\/prestataires\/atelier-brico-velo-reparation-4362.jpg","libelle":"atelier-brico-velo-reparation-4362","extension":"jpg","categorie":"","largeur":4032,"theme":"","hauteur":3024,"type":"Image","origine":"","liaisonPave":"","langue":"","id":"4362","urlVignette":"https:\/\/www.saint-brevin.com\/medias\/images\/prestataires\/v-atelier-brico-velo-reparation-4362.jpg","alt":"atelier-brico-velo-reparation-4362","title":"atelier-brico-velo-reparation-4362","MultiTaille":{"1920x1440":{"url":"https:\/\/www.saint-brevin.com\/medias\/images\/prestataires\/multitailles\/1920x1440_atelier-brico-velo-reparation-4362.jpg"},"1200x900":{"url":"https:\/\/www.saint-brevin.com\/medias\/images\/prestataires\/multitailles\/1200x900_atelier-brico-velo-reparation-4362.jpg"},"800x600":{"url":"https:\/\/www.saint-brevin.com\/medias\/images\/prestataires\/multitailles\/800x600_atelier-brico-velo-reparation-4362.jpg"},"640x480":{"url":"https:\/\/www.saint-brevin.com\/medias\/images\/prestataires\/multitailles\/640x480_atelier-brico-velo-reparation-4362.jpg"},"320x240":{"url":"https:\/\/www.saint-brevin.com\/medias\/images\/prestataires\/multitailles\/320x240_atelier-brico-velo-reparation-4362.jpg"},"160x120":{"url":"https:\/\/www.saint-brevin.com\/medias\/images\/prestataires\/multitailles\/160x120_atelier-brico-velo-reparation-4362.jpg"},"origine":{"url":"https:\/\/www.saint-brevin.com\/medias\/images\/prestataires\/atelier-brico-velo-reparation-4362.jpg"}},"urlLien":"","typeLien":"","nofollow":"N","copyright":""},{"url":"https:\/\/www.saint-brevin.com\/medias\/images\/prestataires\/logo-def-olivier-1-8736.png","chemin":"..\/medias\/images\/prestataires\/logo-def-olivier-1-8736.png","libelle":"logo-def-olivier-1-8736","extension":"png","categorie":"","largeur":851,"theme":"","hauteur":954,"type":"Image","origine":"","liaisonPave":"","langue":"","id":"8736","urlVignette":"https:\/\/www.saint-brevin.com\/medias\/images\/prestataires\/v-logo-def-olivier-1-8736.png","alt":"logo-def-olivier-1-8736","title":"logo-def-olivier-1-8736","MultiTaille":{"1920x1440":{"url":"https:\/\/www.saint-brevin.com\/medias\/images\/prestataires\/multitailles\/1920x1440_logo-def-olivier-1-8736.png"},"1200x900":{"url":"https:\/\/www.saint-brevin.com\/medias\/images\/prestataires\/multitailles\/1200x900_logo-def-olivier-1-8736.png"},"800x600":{"url":"https:\/\/www.saint-brevin.com\/medias\/images\/prestataires\/multitailles\/800x600_logo-def-olivier-1-8736.png"},"640x480":{"url":"https:\/\/www.saint-brevin.com\/medias\/images\/prestataires\/multitailles\/640x480_logo-def-olivier-1-8736.png"},"320x240":{"url":"https:\/\/www.saint-brevin.com\/medias\/images\/prestataires\/multitailles\/320x240_logo-def-olivier-1-8736.png"},"160x120":{"url":"https:\/\/www.saint-brevin.com\/medias\/images\/prestataires\/multitailles\/160x120_logo-def-olivier-1-8736.png"},"origine":{"url":"https:\/\/www.saint-brevin.com\/medias\/images\/prestataires\/logo-def-olivier-1-8736.png"}},"urlLien":"","typeLien":"","nofollow":"N","copyright":""}],"ByCategorie":{"":[{"url":"https:\/\/www.saint-brevin.com\/medias\/images\/prestataires\/velo-pour-tous-8737.jpg","chemin":"..\/medias\/images\/prestataires\/velo-pour-tous-8737.jpg","libelle":"velo-pour-tous-8737","extension":"jpg","categorie":"","largeur":960,"theme":"","hauteur":640,"type":"Image","origine":"","liaisonPave":"","langue":"","id":"8737","urlVignette":"https:\/\/www.saint-brevin.com\/medias\/images\/prestataires\/v-velo-pour-tous-8737.jpg","alt":"velo-pour-tous-8737","title":"velo-pour-tous-8737","MultiTaille":{"1920x1440":{"url":"https:\/\/www.saint-brevin.com\/medias\/images\/prestataires\/multitailles\/1920x1440_velo-pour-tous-8737.jpg"},"1200x900":{"url":"https:\/\/www.saint-brevin.com\/medias\/images\/prestataires\/multitailles\/1200x900_velo-pour-tous-8737.jpg"},"800x600":{"url":"https:\/\/www.saint-brevin.com\/medias\/images\/prestataires\/multitailles\/800x600_velo-pour-tous-8737.jpg"},"640x480":{"url":"https:\/\/www.saint-brevin.com\/medias\/images\/prestataires\/multitailles\/640x480_velo-pour-tous-8737.jpg"},"320x240":{"url":"https:\/\/www.saint-brevin.com\/medias\/images\/prestataires\/multitailles\/320x240_velo-pour-tous-8737.jpg"},"160x120":{"url":"https:\/\/www.saint-brevin.com\/medias\/images\/prestataires\/multitailles\/160x120_velo-pour-tous-8737.jpg"},"origine":{"url":"https:\/\/www.saint-brevin.com\/medias\/images\/prestataires\/velo-pour-tous-8737.jpg"}},"urlLien":"","typeLien":"","nofollow":"N","copyright":""},{"url":"https:\/\/www.saint-brevin.com\/medias\/images\/prestataires\/ambition-ecologique-vpt-8743.pdf","chemin":"..\/medias\/images\/prestataires\/ambition-ecologique-vpt-8743.pdf","libelle":"ambition-ecologique-vpt-8743","extension":"pdf","categorie":"","largeur":"","theme":"","hauteur":"","type":"Document","origine":"","liaisonPave":"","langue":"","id":"8743","poids":"258.49 Ko","alt":"ambition-ecologique-vpt-8743","title":"ambition-ecologique-vpt-8743"},{"url":"https:\/\/www.saint-brevin.com\/medias\/images\/prestataires\/velo-pour-tous-paimboeuf-8742.jpg","chemin":"..\/medias\/images\/prestataires\/velo-pour-tous-paimboeuf-8742.jpg","libelle":"velo-pour-tous-paimboeuf-8742","extension":"jpg","categorie":"","largeur":673,"theme":"","hauteur":421,"type":"Image","origine":"","liaisonPave":"","langue":"","id":"8742","urlVignette":"https:\/\/www.saint-brevin.com\/medias\/images\/prestataires\/v-velo-pour-tous-paimboeuf-8742.jpg","alt":"velo-pour-tous-paimboeuf-8742","title":"velo-pour-tous-paimboeuf-8742","MultiTaille":{"1920x1440":{"url":"https:\/\/www.saint-brevin.com\/medias\/images\/prestataires\/multitailles\/1920x1440_velo-pour-tous-paimboeuf-8742.jpg"},"1200x900":{"url":"https:\/\/www.saint-brevin.com\/medias\/images\/prestataires\/multitailles\/1200x900_velo-pour-tous-paimboeuf-8742.jpg"},"800x600":{"url":"https:\/\/www.saint-brevin.com\/medias\/images\/prestataires\/multitailles\/800x600_velo-pour-tous-paimboeuf-8742.jpg"},"640x480":{"url":"https:\/\/www.saint-brevin.com\/medias\/images\/prestataires\/multitailles\/640x480_velo-pour-tous-paimboeuf-8742.jpg"},"320x240":{"url":"https:\/\/www.saint-brevin.com\/medias\/images\/prestataires\/multitailles\/320x240_velo-pour-tous-paimboeuf-8742.jpg"},"160x120":{"url":"https:\/\/www.saint-brevin.com\/medias\/images\/prestataires\/multitailles\/160x120_velo-pour-tous-paimboeuf-8742.jpg"},"origine":{"url":"https:\/\/www.saint-brevin.com\/medias\/images\/prestataires\/velo-pour-tous-paimboeuf-8742.jpg"}},"urlLien":"","typeLien":"","nofollow":"N","copyright":""},{"url":"https:\/\/www.saint-brevin.com\/medias\/images\/prestataires\/atelier-solidaire-vpt-8744.pdf","chemin":"..\/medias\/images\/prestataires\/atelier-solidaire-vpt-8744.pdf","libelle":"atelier-solidaire-vpt-8744","extension":"pdf","categorie":"","largeur":"","theme":"","hauteur":"","type":"Document","origine":"","liaisonPave":"","langue":"","id":"8744","poids":"356.33 Ko","alt":"atelier-solidaire-vpt-8744","title":"atelier-solidaire-vpt-8744"},{"url":"https:\/\/www.saint-brevin.com\/medias\/images\/prestataires\/atelier-participatif-8738.jpg","chemin":"..\/medias\/images\/prestataires\/atelier-participatif-8738.jpg","libelle":"atelier-participatif-8738","extension":"jpg","categorie":"","largeur":2000,"theme":"","hauteur":1500,"type":"Image","origine":"","liaisonPave":"","langue":"","id":"8738","urlVignette":"https:\/\/www.saint-brevin.com\/medias\/images\/prestataires\/v-atelier-participatif-8738.jpg","alt":"atelier-participatif-8738","title":"atelier-participatif-8738","MultiTaille":{"1920x1440":{"url":"https:\/\/www.saint-brevin.com\/medias\/images\/prestataires\/multitailles\/1920x1440_atelier-participatif-8738.jpg"},"1200x900":{"url":"https:\/\/www.saint-brevin.com\/medias\/images\/prestataires\/multitailles\/1200x900_atelier-participatif-8738.jpg"},"800x600":{"url":"https:\/\/www.saint-brevin.com\/medias\/images\/prestataires\/multitailles\/800x600_atelier-participatif-8738.jpg"},"640x480":{"url":"https:\/\/www.saint-brevin.com\/medias\/images\/prestataires\/multitailles\/640x480_atelier-participatif-8738.jpg"},"320x240":{"url":"https:\/\/www.saint-brevin.com\/medias\/images\/prestataires\/multitailles\/320x240_atelier-participatif-8738.jpg"},"160x120":{"url":"https:\/\/www.saint-brevin.com\/medias\/images\/prestataires\/multitailles\/160x120_atelier-participatif-8738.jpg"},"origine":{"url":"https:\/\/www.saint-brevin.com\/medias\/images\/prestataires\/atelier-participatif-8738.jpg"}},"urlLien":"","typeLien":"","nofollow":"N","copyright":""},{"url":"https:\/\/www.saint-brevin.com\/medias\/images\/prestataires\/vente-pi-ces-d-occasion-8739.jpg","chemin":"..\/medias\/images\/prestataires\/vente-pi-ces-d-occasion-8739.jpg","libelle":"vente-pi-ces-d-occasion-8739","extension":"jpg","categorie":"","largeur":2000,"theme":"","hauteur":1500,"type":"Image","origine":"","liaisonPave":"","langue":"","id":"8739","urlVignette":"https:\/\/www.saint-brevin.com\/medias\/images\/prestataires\/v-vente-pi-ces-d-occasion-8739.jpg","alt":"vente-pi-ces-d-occasion-8739","title":"vente-pi-ces-d-occasion-8739","MultiTaille":{"1920x1440":{"url":"https:\/\/www.saint-brevin.com\/medias\/images\/prestataires\/multitailles\/1920x1440_vente-pi-ces-d-occasion-8739.jpg"},"1200x900":{"url":"https:\/\/www.saint-brevin.com\/medias\/images\/prestataires\/multitailles\/1200x900_vente-pi-ces-d-occasion-8739.jpg"},"800x600":{"url":"https:\/\/www.saint-brevin.com\/medias\/images\/prestataires\/multitailles\/800x600_vente-pi-ces-d-occasion-8739.jpg"},"640x480":{"url":"https:\/\/www.saint-brevin.com\/medias\/images\/prestataires\/multitailles\/640x480_vente-pi-ces-d-occasion-8739.jpg"},"320x240":{"url":"https:\/\/www.saint-brevin.com\/medias\/images\/prestataires\/multitailles\/320x240_vente-pi-ces-d-occasion-8739.jpg"},"160x120":{"url":"https:\/\/www.saint-brevin.com\/medias\/images\/prestataires\/multitailles\/160x120_vente-pi-ces-d-occasion-8739.jpg"},"origine":{"url":"https:\/\/www.saint-brevin.com\/medias\/images\/prestataires\/vente-pi-ces-d-occasion-8739.jpg"}},"urlLien":"","typeLien":"","nofollow":"N","copyright":""},{"url":"https:\/\/www.saint-brevin.com\/medias\/images\/prestataires\/vente-v-los-occasion-format-paysage-8740.jpg","chemin":"..\/medias\/images\/prestataires\/vente-v-los-occasion-format-paysage-8740.jpg","libelle":"vente-v-los-occasion-format-paysage-8740","extension":"jpg","categorie":"","largeur":2000,"theme":"","hauteur":1500,"type":"Image","origine":"","liaisonPave":"","langue":"","id":"8740","urlVignette":"https:\/\/www.saint-brevin.com\/medias\/images\/prestataires\/v-vente-v-los-occasion-format-paysage-8740.jpg","alt":"vente-v-los-occasion-format-paysage-8740","title":"vente-v-los-occasion-format-paysage-8740","MultiTaille":{"1920x1440":{"url":"https:\/\/www.saint-brevin.com\/medias\/images\/prestataires\/multitailles\/1920x1440_vente-v-los-occasion-format-paysage-8740.jpg"},"1200x900":{"url":"https:\/\/www.saint-brevin.com\/medias\/images\/prestataires\/multitailles\/1200x900_vente-v-los-occasion-format-paysage-8740.jpg"},"800x600":{"url":"https:\/\/www.saint-brevin.com\/medias\/images\/prestataires\/multitailles\/800x600_vente-v-los-occasion-format-paysage-8740.jpg"},"640x480":{"url":"https:\/\/www.saint-brevin.com\/medias\/images\/prestataires\/multitailles\/640x480_vente-v-los-occasion-format-paysage-8740.jpg"},"320x240":{"url":"https:\/\/www.saint-brevin.com\/medias\/images\/prestataires\/multitailles\/320x240_vente-v-los-occasion-format-paysage-8740.jpg"},"160x120":{"url":"https:\/\/www.saint-brevin.com\/medias\/images\/prestataires\/multitailles\/160x120_vente-v-los-occasion-format-paysage-8740.jpg"},"origine":{"url":"https:\/\/www.saint-brevin.com\/medias\/images\/prestataires\/vente-v-los-occasion-format-paysage-8740.jpg"}},"urlLien":"","typeLien":"","nofollow":"N","copyright":""},{"url":"https:\/\/www.saint-brevin.com\/medias\/images\/prestataires\/vente-v-los-occasion-format-portrait-8741.jpg","chemin":"..\/medias\/images\/prestataires\/vente-v-los-occasion-format-portrait-8741.jpg","libelle":"vente-v-los-occasion-format-portrait-8741","extension":"jpg","categorie":"","largeur":2000,"theme":"","hauteur":1500,"type":"Image","origine":"","liaisonPave":"","langue":"","id":"8741","urlVignette":"https:\/\/www.saint-brevin.com\/medias\/images\/prestataires\/v-vente-v-los-occasion-format-portrait-8741.jpg","alt":"vente-v-los-occasion-format-portrait-8741","title":"vente-v-los-occasion-format-portrait-8741","MultiTaille":{"1920x1440":{"url":"https:\/\/www.saint-brevin.com\/medias\/images\/prestataires\/multitailles\/1920x1440_vente-v-los-occasion-format-portrait-8741.jpg"},"1200x900":{"url":"https:\/\/www.saint-brevin.com\/medias\/images\/prestataires\/multitailles\/1200x900_vente-v-los-occasion-format-portrait-8741.jpg"},"800x600":{"url":"https:\/\/www.saint-brevin.com\/medias\/images\/prestataires\/multitailles\/800x600_vente-v-los-occasion-format-portrait-8741.jpg"},"640x480":{"url":"https:\/\/www.saint-brevin.com\/medias\/images\/prestataires\/multitailles\/640x480_vente-v-los-occasion-format-portrait-8741.jpg"},"320x240":{"url":"https:\/\/www.saint-brevin.com\/medias\/images\/prestataires\/multitailles\/320x240_vente-v-los-occasion-format-portrait-8741.jpg"},"160x120":{"url":"https:\/\/www.saint-brevin.com\/medias\/images\/prestataires\/multitailles\/160x120_vente-v-los-occasion-format-portrait-8741.jpg"},"origine":{"url":"https:\/\/www.saint-brevin.com\/medias\/images\/prestataires\/vente-v-los-occasion-format-portrait-8741.jpg"}},"urlLien":"","typeLien":"","nofollow":"N","copyright":""},{"url":"https:\/\/www.saint-brevin.com\/medias\/images\/prestataires\/atelier-brico-velo-reparation-4362.jpg","chemin":"..\/medias\/images\/prestataires\/atelier-brico-velo-reparation-4362.jpg","libelle":"atelier-brico-velo-reparation-4362","extension":"jpg","categorie":"","largeur":4032,"theme":"","hauteur":3024,"type":"Image","origine":"","liaisonPave":"","langue":"","id":"4362","urlVignette":"https:\/\/www.saint-brevin.com\/medias\/images\/prestataires\/v-atelier-brico-velo-reparation-4362.jpg","alt":"atelier-brico-velo-reparation-4362","title":"atelier-brico-velo-reparation-4362","MultiTaille":{"1920x1440":{"url":"https:\/\/www.saint-brevin.com\/medias\/images\/prestataires\/multitailles\/1920x1440_atelier-brico-velo-reparation-4362.jpg"},"1200x900":{"url":"https:\/\/www.saint-brevin.com\/medias\/images\/prestataires\/multitailles\/1200x900_atelier-brico-velo-reparation-4362.jpg"},"800x600":{"url":"https:\/\/www.saint-brevin.com\/medias\/images\/prestataires\/multitailles\/800x600_atelier-brico-velo-reparation-4362.jpg"},"640x480":{"url":"https:\/\/www.saint-brevin.com\/medias\/images\/prestataires\/multitailles\/640x480_atelier-brico-velo-reparation-4362.jpg"},"320x240":{"url":"https:\/\/www.saint-brevin.com\/medias\/images\/prestataires\/multitailles\/320x240_atelier-brico-velo-reparation-4362.jpg"},"160x120":{"url":"https:\/\/www.saint-brevin.com\/medias\/images\/prestataires\/multitailles\/160x120_atelier-brico-velo-reparation-4362.jpg"},"origine":{"url":"https:\/\/www.saint-brevin.com\/medias\/images\/prestataires\/atelier-brico-velo-reparation-4362.jpg"}},"urlLien":"","typeLien":"","nofollow":"N","copyright":""},{"url":"https:\/\/www.saint-brevin.com\/medias\/images\/prestataires\/logo-def-olivier-1-8736.png","chemin":"..\/medias\/images\/prestataires\/logo-def-olivier-1-8736.png","libelle":"logo-def-olivier-1-8736","extension":"png","categorie":"","largeur":851,"theme":"","hauteur":954,"type":"Image","origine":"","liaisonPave":"","langue":"","id":"8736","urlVignette":"https:\/\/www.saint-brevin.com\/medias\/images\/prestataires\/v-logo-def-olivier-1-8736.png","alt":"logo-def-olivier-1-8736","title":"logo-def-olivier-1-8736","MultiTaille":{"1920x1440":{"url":"https:\/\/www.saint-brevin.com\/medias\/images\/prestataires\/multitailles\/1920x1440_logo-def-olivier-1-8736.png"},"1200x900":{"url":"https:\/\/www.saint-brevin.com\/medias\/images\/prestataires\/multitailles\/1200x900_logo-def-olivier-1-8736.png"},"800x600":{"url":"https:\/\/www.saint-brevin.com\/medias\/images\/prestataires\/multitailles\/800x600_logo-def-olivier-1-8736.png"},"640x480":{"url":"https:\/\/www.saint-brevin.com\/medias\/images\/prestataires\/multitailles\/640x480_logo-def-olivier-1-8736.png"},"320x240":{"url":"https:\/\/www.saint-brevin.com\/medias\/images\/prestataires\/multitailles\/320x240_logo-def-olivier-1-8736.png"},"160x120":{"url":"https:\/\/www.saint-brevin.com\/medias\/images\/prestataires\/multitailles\/160x120_logo-def-olivier-1-8736.png"},"origine":{"url":"https:\/\/www.saint-brevin.com\/medias\/images\/prestataires\/logo-def-olivier-1-8736.png"}},"urlLien":"","typeLien":"","nofollow":"N","copyright":""}]},"Document":[{"url":"https:\/\/www.saint-brevin.com\/medias\/images\/prestataires\/ambition-ecologique-vpt-8743.pdf","chemin":"..\/medias\/images\/prestataires\/ambition-ecologique-vpt-8743.pdf","libelle":"ambition-ecologique-vpt-8743","extension":"pdf","categorie":"","largeur":"","theme":"","hauteur":"","type":"Document","origine":"","liaisonPave":"","langue":"","id":"8743","poids":"258.49 Ko","alt":"ambition-ecologique-vpt-8743","title":"ambition-ecologique-vpt-8743"},{"url":"https:\/\/www.saint-brevin.com\/medias\/images\/prestataires\/atelier-solidaire-vpt-8744.pdf","chemin":"..\/medias\/images\/prestataires\/atelier-solidaire-vpt-8744.pdf","libelle":"atelier-solidaire-vpt-8744","extension":"pdf","categorie":"","largeur":"","theme":"","hauteur":"","type":"Document","origine":"","liaisonPave":"","langue":"","id":"8744","poids":"356.33 Ko","alt":"atelier-solidaire-vpt-8744","title":"atelier-solidaire-vpt-8744"}]},"Url":"velo-pour-tous-atelier-solidaire.html","Localisation":{"GoogleMap":{"Latitude":"47.29043","Longitude":"-2.04007"}},"ZoneGeo":"","Criteres":{"NIVPARTENAIRE[COMPLET":"","ACATEG[ACOMSE":"","ACATEG[ASEPUP":"","LIEU[PAIBOEUFPORTQUAIS":"","COMMUNES[PAIMBOEUF":"","ADETYC[ASPOT":"","ADETAM[AREPCY":"","AQDEQL[AADJ":"","AQDEQL[AIPN":"","AQDEQL[PARGRA":"","AQDEQL[RESTO":"","AQDEQL[TOIL":"","DSPRA[RESSOURCERIE":"","INSPUBMAJ[GRATUITPRECISER":"ASSO","MAJINGENIE[DATEDERNIEREMAJ":"20231218","MISEAJOUR[FABIENNE":"","CATCOSGENERALE[GARAGEAUTO":"","CATCOSGENERALE[AIRESPICVIRT":"","CATCOSGENERALE[SERVICEPRATIQUES":"","CATCOSGENERALE[SPORTVIRT":""},"DateFinPublication":"","PrixAPartirDe":"","PrixPour":"","FicheListeEnCours":"fiche_liste_commerces_services_v2017","ParametresModele":{"AfficherPhotos":"1","NbPhotosMax":6,"AfficherReserver":0,"AfficherContact":0,"AfficherSalle":1,"AfficherZoneGeo":0,"AfficherEnSavoirPlus":"1","AfficherUneSeuleOuverture":0,"AfficherContactCarte":1,"AfficherTarifsChaudAPartirDe":0,"AfficherTarifChaudSansRecherche":0,"AfficherLiensCarnetVoyage":"1","BlocCritereInfo":{"critere1":{"libelle":""},"critere2":{"libelle":""},"critere3":{"libelle":""},"critere4":{"libelle":""},"critere5":{"libelle":""},"critere6":{"libelle":""},"critere7":{"libelle":"","liste_critere":["COMMUNES|COS"]},"critere8":{"libelle":""},"afficherpictoetpaslibelle":"1"},"Criteres":"NIVPARTENAIRE[COMPLET","PositionBloc":"NOM|GALLERIE|CARNET_VOYAGE|URL","TypePrestataire":"COS","ComportementResa":false,"ComportementDispo":false},"AffichageCoordonnees":[],"Coordonnees":{"Ville":"PAIMBOEUF"},"ContexteId":"PRESTATAIRE|COS|ATELIERSOLIDAIREVELOPBF","ContexteIdHtml":"PRESTATAIRE-COS-ATELIERSOLIDAIREVELOPBF","cleContexte":"COS|ATELIERSOLIDAIREVELOPBF","Bloc":{"texte1":"","texte3":"","critere1":{"libelle":"","contenu":[]},"critere2":{"libelle":"","contenu":[]},"critere3":{"libelle":"","contenu":[]},"critere4":{"libelle":"","contenu":[]},"critere5":{"libelle":"","contenu":[]},"critere6":{"libelle":"","contenu":[]},"critere7":{"libelle":"","contenu":{"COMMUNES":{"libelle":"Geographical zone","contenu":{"2":"Paimboeuf"},"codesValeurs":{"2":"COMMUNES|PAIMBOEUF|COS"},"criteres_datas":{"valeurs":{"2":{"PAIMBOEUF":{"descriptif":""}}}}}}},"critere8":{"libelle":"","contenu":[]},"critere9":{"libelle":"","contenu":[]}},"LocalisationGps":{"Latitude":"47.29043","Longitude":"-2.04007"},"libelleDuPrestataire":"","listeCriteres":{"NIVPARTENAIRE":{"COMPLET":""},"ACATEG":{"ACOMSE":"","ASEPUP":""},"LIEU":{"PAIBOEUFPORTQUAIS":""},"COMMUNES":{"PAIMBOEUF":""},"ADETYC":{"ASPOT":""},"ADETAM":{"AREPCY":""},"AQDEQL":{"AADJ":"","AIPN":"","PARGRA":"","RESTO":"","TOIL":""},"DSPRA":{"RESSOURCERIE":""},"INSPUBMAJ":{"GRATUITPRECISER":"ASSO"},"MAJINGENIE":{"DATEDERNIEREMAJ":"20231218"},"MISEAJOUR":{"FABIENNE":""},"CATCOSGENERALE":{"GARAGEAUTO":"","AIRESPICVIRT":"","SERVICEPRATIQUES":"","SPORTVIRT":""}},"dansCarnetVoyage":true,"Ouverture":""},"html":" \n \u003Cdiv id=\"CV-PRESTATAIRE-COS-ATELIERSOLIDAIREVELOPBF\" data-contexte-id=\"PRESTATAIRE|COS|ATELIERSOLIDAIREVELOPBF\" data-cle=\"COS|ATELIERSOLIDAIREVELOPBF\" class=\"fiche-liste\"\u003E\n    \n\n    \u003C!-- partie photo --\u003E\n    \u003Cdiv class=\"photo\"\u003E\t\t\t\t\t\t\t\t\t\t\t\t\t\t\t\t\t\t\t\t\t\n        \u003Cdiv class=\"cadre_photo_principale\"\u003E\t\t\n        \n            \t\t\t\t\t\n                    \u003Ca href=\"velo-pour-tous-atelier-solidaire.html?origine=carnet#media\"\u003E\n                        \u003Cimg class=\"photo_principale\" alt=\"velo-pour-tous-8737\" src=\"https:\/\/www.saint-brevin.com\/medias\/images\/prestataires\/multitailles\/320x240_velo-pour-tous-8737.jpg\" itemprop=\"image\"\u003E\n                    \u003C\/a\u003E\t\t\t\t\t\t\n                \n                    \u003C\/div\u003E\t\t\t\t\t\t\t\t\t\t\t\t\t\t\t\t\t\t\t \t\t\n    \u003C\/div\u003E\n    \n    \u003C!-- partie nom prest --\u003E\n    \u003Cdiv class=\"nom\"\u003E\n        \u003Ch2\u003EV\u00e9lo Pour Tous, Atelier Solidaire\u003C\/h2\u003E\n        \n            \u003C\/div\u003E\n\n         \n    \u003C!-- partie adresse --\u003E\n    \u003Cdiv class=\"adresse\"\u003E\n    \n          \n    \u003C\/div\u003E\n    \n    \u003C!-- partie liens --\u003E\n    \u003Cdiv class=\"liens\"\u003E\n            \u003Ca class=\"btn-icon btn-view \" title=\"Read more \" href=\"velo-pour-tous-atelier-solidaire.html?origine=carnet\"\u003E\u003C\/a\u003E\u003C!--\u003Ca class=\"btn-icon btn-view \" title=\"\" href=\"?origine=carnet#thaut\"\u003E\u003C\/a\u003E--\u003E\n      \u003Ca class=\"btn-icon btn-trash carnet_voyage_supprimer\" title=\"Remove to travel notes \" href=\"carnet-voyage?action=remove&fiche=COS|ATELIERSOLIDAIREVELOPBF\"\u003E\u003C\/a\u003E\n    \u003C\/div\u003E\n\n\u003C\/div\u003E\n\n","icon":"https:\/\/static.ingenie.fr\/images\/carnetVoyageV3\/COS.png"},"fiche":"COS|ATELIERSOLIDAIREVELOPBF","popup":"\u003Cdiv id=\"bloc_popup_ajout_fiche_carnet\"\u003E\n    \u003Cdiv class=\"info_popup_ajout_fiche_carnet\"\u003E\n        You have added this item to your travel notes :    \u003C\/div\u003E\n    \u003Cdiv class=\"prest_popup_ajout_fiche_carnet\"\u003E\n        V&eacute;lo Pour Tous, Atelier Solidaire     \u003C\/div\u003E\n    \u003Cdiv class=\"bloc_btn_ajout_fiche_carnet form_submit_div\"\u003E\n        \u003Cinput type=\"button\" value=\"Continue \" title=\"Continue \" name=\"btn_close\" class=\"btn_close_popup_carnet form_submit\" onclick=\"$.colorbox.close()\" \/\u003E\n        \u003Cinput type=\"button\" value=\"View my travel notes \" title=\"View my travel notes \" name=\"btn_panier\" class=\"btn_panier_popup_carnet form_submit\" onclick=\"if(typeof CarnetVoyage != 'undefined') {CarnetVoyage.voirCarnet();}\" \/\u003E\n    \u003C\/div\u003E\n    \u003Cdiv class=\"bloc_btn_ajout_fiche_carnet\"\u003E\n        \u003Cinput type=\"checkbox\" value=\"1\" name=\"desactiver_popup\" id=\"desactiver_popup\" \/\u003E\n        \u003Clabel for=\"desactiver_popup\"\u003EDo not show this message again \u003C\/label\u003E\n    \u003C\/div\u003E\n\u003C\/div\u003E","success":1}