{"nbFiches":1,"dataPrest":{"infoPrest":{"pave1":{"libelle":"","contenu":""},"pave2":{"libelle":"","contenu":""},"pave3":{"libelle":"","contenu":""},"pave4":{"libelle":"","contenu":""},"pave5":{"libelle":"","contenu":""},"pave6":{"libelle":"","contenu":""},"pave7":{"libelle":"","contenu":""},"pave8":{"libelle":"","contenu":""},"pave9":{"libelle":"","contenu":""},"pave10":{"libelle":"","contenu":""},"pave11":{"libelle":"","contenu":""},"pave12":{"libelle":"","contenu":""},"pave13":{"libelle":"","contenu":""},"pave14":{"libelle":"","contenu":""},"pave15":{"libelle":"","contenu":""},"pave16":{"libelle":"","contenu":""},"pave17":{"libelle":"","contenu":""},"pave18":{"libelle":"","contenu":""},"pave19":{"libelle":"","contenu":""},"pave20":{"libelle":"","contenu":""},"pave21":{"libelle":"","contenu":""},"pave22":{"libelle":"","contenu":""},"pave23":{"libelle":"","contenu":""},"pave24":{"libelle":"","contenu":""},"pave25":{"libelle":"","contenu":""},"Libelle":"Les Bus Al\u00e9op","Nom":"Les Bus Al\u00e9op","Prenom":"","NomPrenom":"Les Bus Al\u00e9op ","CiviliteNomPrenom":"Les Bus Al\u00e9op ","Cle":"COS|LESBUSLILA","PrestataireParent":"","ContexteStat":"PRESTATAIRE-COS-LESBUSLILA","DateModificationIso":"2026-02-27T11:25:00+01:00","Type":"PRESTATAIRE","TypePrestataire":"COS","Adresse":{"LigneAdresse1":"1 Rue de la Loire","LigneAdresse2":"","LigneAdresse3":"","CodePostal":"44966","Ville":"NANTES CEDEX 9","Cedex":"","Etat":"","Pays":"FRA"},"Email":"","Telephone":"09 69 39 14 14","TelephoneBureau":"","Portable":"","SiteWeb":"https:\/\/aleop.paysdelaloire.fr\/loire-atlantique","Fax":"","Id":"cos-lesbuslila","Code":"COS|LESBUSLILA","Fichier":{"Document":[{"url":"https:\/\/www.saint-brevin.com\/medias\/images\/prestataires\/horaires-aleop-301-du-5-1-2026-au-3-7-2026-11268.pdf","chemin":"..\/medias\/images\/prestataires\/horaires-aleop-301-du-5-1-2026-au-3-7-2026-11268.pdf","libelle":"horaires-aleop-301-du-5-1-2026-au-3-7-2026-11268","extension":"pdf","categorie":"","largeur":"","theme":"","hauteur":"","type":"Document","origine":"","liaisonPave":"","langue":"","id":"11268","poids":"279.17 Ko","alt":"horaires-aleop-301-du-5-1-2026-au-3-7-2026-11268","title":"horaires-aleop-301-du-5-1-2026-au-3-7-2026-11268"},{"url":"https:\/\/www.saint-brevin.com\/medias\/images\/prestataires\/horaires-aleop-315-du-5-1-2026-au-3-7-2026-11269.pdf","chemin":"..\/medias\/images\/prestataires\/horaires-aleop-315-du-5-1-2026-au-3-7-2026-11269.pdf","libelle":"horaires-aleop-315-du-5-1-2026-au-3-7-2026-11269","extension":"pdf","categorie":"","largeur":"","theme":"","hauteur":"","type":"Document","origine":"","liaisonPave":"","langue":"","id":"11269","poids":"294.4 Ko","alt":"horaires-aleop-315-du-5-1-2026-au-3-7-2026-11269","title":"horaires-aleop-315-du-5-1-2026-au-3-7-2026-11269"},{"url":"https:\/\/www.saint-brevin.com\/medias\/images\/prestataires\/horaires-aleop-e315-du-5-1-2026-au-3-7-2026-11270.pdf","chemin":"..\/medias\/images\/prestataires\/horaires-aleop-e315-du-5-1-2026-au-3-7-2026-11270.pdf","libelle":"horaires-aleop-e315-du-5-1-2026-au-3-7-2026-11270","extension":"pdf","categorie":"","largeur":"","theme":"","hauteur":"","type":"Document","origine":"","liaisonPave":"","langue":"","id":"11270","poids":"235.71 Ko","alt":"horaires-aleop-e315-du-5-1-2026-au-3-7-2026-11270","title":"horaires-aleop-e315-du-5-1-2026-au-3-7-2026-11270"},{"url":"https:\/\/www.saint-brevin.com\/medias\/images\/prestataires\/horaires-aleop-303-du-2-2-2026-au-3-7-2026-11271.pdf","chemin":"..\/medias\/images\/prestataires\/horaires-aleop-303-du-2-2-2026-au-3-7-2026-11271.pdf","libelle":"horaires-aleop-303-du-2-2-2026-au-3-7-2026-11271","extension":"pdf","categorie":"","largeur":"","theme":"","hauteur":"","type":"Document","origine":"","liaisonPave":"","langue":"","id":"11271","poids":"361.24 Ko","alt":"horaires-aleop-303-du-2-2-2026-au-3-7-2026-11271","title":"horaires-aleop-303-du-2-2-2026-au-3-7-2026-11271"},{"url":"https:\/\/www.saint-brevin.com\/medias\/images\/prestataires\/horaires-aleop-316-du-23-2-2026-au-3-7-2026-11272.pdf","chemin":"..\/medias\/images\/prestataires\/horaires-aleop-316-du-23-2-2026-au-3-7-2026-11272.pdf","libelle":"horaires-aleop-316-du-23-2-2026-au-3-7-2026-11272","extension":"pdf","categorie":"","largeur":"","theme":"","hauteur":"","type":"Document","origine":"","liaisonPave":"","langue":"","id":"11272","poids":"297.44 Ko","alt":"horaires-aleop-316-du-23-2-2026-au-3-7-2026-11272","title":"horaires-aleop-316-du-23-2-2026-au-3-7-2026-11272"},{"url":"https:\/\/www.saint-brevin.com\/medias\/images\/prestataires\/horaires-aleop-317-du-23-2-2026-au-3-7-2026-11273.pdf","chemin":"..\/medias\/images\/prestataires\/horaires-aleop-317-du-23-2-2026-au-3-7-2026-11273.pdf","libelle":"horaires-aleop-317-du-23-2-2026-au-3-7-2026-11273","extension":"pdf","categorie":"","largeur":"","theme":"","hauteur":"","type":"Document","origine":"","liaisonPave":"","langue":"","id":"11273","poids":"295.44 Ko","alt":"horaires-aleop-317-du-23-2-2026-au-3-7-2026-11273","title":"horaires-aleop-317-du-23-2-2026-au-3-7-2026-11273"}],"ByCategorie":{"":[{"url":"https:\/\/www.saint-brevin.com\/medias\/images\/prestataires\/horaires-aleop-301-du-5-1-2026-au-3-7-2026-11268.pdf","chemin":"..\/medias\/images\/prestataires\/horaires-aleop-301-du-5-1-2026-au-3-7-2026-11268.pdf","libelle":"horaires-aleop-301-du-5-1-2026-au-3-7-2026-11268","extension":"pdf","categorie":"","largeur":"","theme":"","hauteur":"","type":"Document","origine":"","liaisonPave":"","langue":"","id":"11268","poids":"279.17 Ko","alt":"horaires-aleop-301-du-5-1-2026-au-3-7-2026-11268","title":"horaires-aleop-301-du-5-1-2026-au-3-7-2026-11268"},{"url":"https:\/\/www.saint-brevin.com\/medias\/images\/prestataires\/aleop-ligne-reguliere-bus-3918.jpg","chemin":"..\/medias\/images\/prestataires\/aleop-ligne-reguliere-bus-3918.jpg","libelle":"aleop-ligne-reguliere-bus-3918","extension":"jpg","categorie":"","largeur":960,"theme":"","hauteur":641,"type":"Image","origine":"","liaisonPave":"","langue":"","id":"3918","urlVignette":"https:\/\/www.saint-brevin.com\/medias\/images\/prestataires\/v-aleop-ligne-reguliere-bus-3918.jpg","alt":"aleop-ligne-reguliere-bus-3918","title":"aleop-ligne-reguliere-bus-3918","MultiTaille":{"1920x1440":{"url":"https:\/\/www.saint-brevin.com\/medias\/images\/prestataires\/multitailles\/1920x1440_aleop-ligne-reguliere-bus-3918.jpg"},"1200x900":{"url":"https:\/\/www.saint-brevin.com\/medias\/images\/prestataires\/multitailles\/1200x900_aleop-ligne-reguliere-bus-3918.jpg"},"800x600":{"url":"https:\/\/www.saint-brevin.com\/medias\/images\/prestataires\/multitailles\/800x600_aleop-ligne-reguliere-bus-3918.jpg"},"640x480":{"url":"https:\/\/www.saint-brevin.com\/medias\/images\/prestataires\/multitailles\/640x480_aleop-ligne-reguliere-bus-3918.jpg"},"320x240":{"url":"https:\/\/www.saint-brevin.com\/medias\/images\/prestataires\/multitailles\/320x240_aleop-ligne-reguliere-bus-3918.jpg"},"160x120":{"url":"https:\/\/www.saint-brevin.com\/medias\/images\/prestataires\/multitailles\/160x120_aleop-ligne-reguliere-bus-3918.jpg"},"origine":{"url":"https:\/\/www.saint-brevin.com\/medias\/images\/prestataires\/aleop-ligne-reguliere-bus-3918.jpg"}},"urlLien":"","typeLien":"","nofollow":"N","copyright":""},{"url":"https:\/\/www.saint-brevin.com\/medias\/images\/prestataires\/horaires-aleop-315-du-5-1-2026-au-3-7-2026-11269.pdf","chemin":"..\/medias\/images\/prestataires\/horaires-aleop-315-du-5-1-2026-au-3-7-2026-11269.pdf","libelle":"horaires-aleop-315-du-5-1-2026-au-3-7-2026-11269","extension":"pdf","categorie":"","largeur":"","theme":"","hauteur":"","type":"Document","origine":"","liaisonPave":"","langue":"","id":"11269","poids":"294.4 Ko","alt":"horaires-aleop-315-du-5-1-2026-au-3-7-2026-11269","title":"horaires-aleop-315-du-5-1-2026-au-3-7-2026-11269"},{"url":"https:\/\/www.saint-brevin.com\/medias\/images\/prestataires\/aleop-bus-st-brevin-tourisme-3919.jpg","chemin":"..\/medias\/images\/prestataires\/aleop-bus-st-brevin-tourisme-3919.jpg","libelle":"aleop-bus-st-brevin-tourisme-3919","extension":"jpg","categorie":"","largeur":334,"theme":"","hauteur":464,"type":"Image","origine":"","liaisonPave":"","langue":"","id":"3919","urlVignette":"https:\/\/www.saint-brevin.com\/medias\/images\/prestataires\/v-aleop-bus-st-brevin-tourisme-3919.jpg","alt":"aleop-bus-st-brevin-tourisme-3919","title":"aleop-bus-st-brevin-tourisme-3919","MultiTaille":{"1920x1440":{"url":"https:\/\/www.saint-brevin.com\/medias\/images\/prestataires\/multitailles\/1920x1440_aleop-bus-st-brevin-tourisme-3919.jpg"},"1200x900":{"url":"https:\/\/www.saint-brevin.com\/medias\/images\/prestataires\/multitailles\/1200x900_aleop-bus-st-brevin-tourisme-3919.jpg"},"800x600":{"url":"https:\/\/www.saint-brevin.com\/medias\/images\/prestataires\/multitailles\/800x600_aleop-bus-st-brevin-tourisme-3919.jpg"},"640x480":{"url":"https:\/\/www.saint-brevin.com\/medias\/images\/prestataires\/multitailles\/640x480_aleop-bus-st-brevin-tourisme-3919.jpg"},"320x240":{"url":"https:\/\/www.saint-brevin.com\/medias\/images\/prestataires\/multitailles\/320x240_aleop-bus-st-brevin-tourisme-3919.jpg"},"160x120":{"url":"https:\/\/www.saint-brevin.com\/medias\/images\/prestataires\/multitailles\/160x120_aleop-bus-st-brevin-tourisme-3919.jpg"},"origine":{"url":"https:\/\/www.saint-brevin.com\/medias\/images\/prestataires\/aleop-bus-st-brevin-tourisme-3919.jpg"}},"urlLien":"","typeLien":"","nofollow":"N","copyright":""},{"url":"https:\/\/www.saint-brevin.com\/medias\/images\/prestataires\/horaires-aleop-e315-du-5-1-2026-au-3-7-2026-11270.pdf","chemin":"..\/medias\/images\/prestataires\/horaires-aleop-e315-du-5-1-2026-au-3-7-2026-11270.pdf","libelle":"horaires-aleop-e315-du-5-1-2026-au-3-7-2026-11270","extension":"pdf","categorie":"","largeur":"","theme":"","hauteur":"","type":"Document","origine":"","liaisonPave":"","langue":"","id":"11270","poids":"235.71 Ko","alt":"horaires-aleop-e315-du-5-1-2026-au-3-7-2026-11270","title":"horaires-aleop-e315-du-5-1-2026-au-3-7-2026-11270"},{"url":"https:\/\/www.saint-brevin.com\/medias\/images\/prestataires\/horaires-aleop-303-du-2-2-2026-au-3-7-2026-11271.pdf","chemin":"..\/medias\/images\/prestataires\/horaires-aleop-303-du-2-2-2026-au-3-7-2026-11271.pdf","libelle":"horaires-aleop-303-du-2-2-2026-au-3-7-2026-11271","extension":"pdf","categorie":"","largeur":"","theme":"","hauteur":"","type":"Document","origine":"","liaisonPave":"","langue":"","id":"11271","poids":"361.24 Ko","alt":"horaires-aleop-303-du-2-2-2026-au-3-7-2026-11271","title":"horaires-aleop-303-du-2-2-2026-au-3-7-2026-11271"},{"url":"https:\/\/www.saint-brevin.com\/medias\/images\/prestataires\/horaires-aleop-316-du-23-2-2026-au-3-7-2026-11272.pdf","chemin":"..\/medias\/images\/prestataires\/horaires-aleop-316-du-23-2-2026-au-3-7-2026-11272.pdf","libelle":"horaires-aleop-316-du-23-2-2026-au-3-7-2026-11272","extension":"pdf","categorie":"","largeur":"","theme":"","hauteur":"","type":"Document","origine":"","liaisonPave":"","langue":"","id":"11272","poids":"297.44 Ko","alt":"horaires-aleop-316-du-23-2-2026-au-3-7-2026-11272","title":"horaires-aleop-316-du-23-2-2026-au-3-7-2026-11272"},{"url":"https:\/\/www.saint-brevin.com\/medias\/images\/prestataires\/horaires-aleop-317-du-23-2-2026-au-3-7-2026-11273.pdf","chemin":"..\/medias\/images\/prestataires\/horaires-aleop-317-du-23-2-2026-au-3-7-2026-11273.pdf","libelle":"horaires-aleop-317-du-23-2-2026-au-3-7-2026-11273","extension":"pdf","categorie":"","largeur":"","theme":"","hauteur":"","type":"Document","origine":"","liaisonPave":"","langue":"","id":"11273","poids":"295.44 Ko","alt":"horaires-aleop-317-du-23-2-2026-au-3-7-2026-11273","title":"horaires-aleop-317-du-23-2-2026-au-3-7-2026-11273"}]},"Image":[{"url":"https:\/\/www.saint-brevin.com\/medias\/images\/prestataires\/aleop-ligne-reguliere-bus-3918.jpg","chemin":"..\/medias\/images\/prestataires\/aleop-ligne-reguliere-bus-3918.jpg","libelle":"aleop-ligne-reguliere-bus-3918","extension":"jpg","categorie":"","largeur":960,"theme":"","hauteur":641,"type":"Image","origine":"","liaisonPave":"","langue":"","id":"3918","urlVignette":"https:\/\/www.saint-brevin.com\/medias\/images\/prestataires\/v-aleop-ligne-reguliere-bus-3918.jpg","alt":"aleop-ligne-reguliere-bus-3918","title":"aleop-ligne-reguliere-bus-3918","MultiTaille":{"1920x1440":{"url":"https:\/\/www.saint-brevin.com\/medias\/images\/prestataires\/multitailles\/1920x1440_aleop-ligne-reguliere-bus-3918.jpg"},"1200x900":{"url":"https:\/\/www.saint-brevin.com\/medias\/images\/prestataires\/multitailles\/1200x900_aleop-ligne-reguliere-bus-3918.jpg"},"800x600":{"url":"https:\/\/www.saint-brevin.com\/medias\/images\/prestataires\/multitailles\/800x600_aleop-ligne-reguliere-bus-3918.jpg"},"640x480":{"url":"https:\/\/www.saint-brevin.com\/medias\/images\/prestataires\/multitailles\/640x480_aleop-ligne-reguliere-bus-3918.jpg"},"320x240":{"url":"https:\/\/www.saint-brevin.com\/medias\/images\/prestataires\/multitailles\/320x240_aleop-ligne-reguliere-bus-3918.jpg"},"160x120":{"url":"https:\/\/www.saint-brevin.com\/medias\/images\/prestataires\/multitailles\/160x120_aleop-ligne-reguliere-bus-3918.jpg"},"origine":{"url":"https:\/\/www.saint-brevin.com\/medias\/images\/prestataires\/aleop-ligne-reguliere-bus-3918.jpg"}},"urlLien":"","typeLien":"","nofollow":"N","copyright":""},{"url":"https:\/\/www.saint-brevin.com\/medias\/images\/prestataires\/aleop-bus-st-brevin-tourisme-3919.jpg","chemin":"..\/medias\/images\/prestataires\/aleop-bus-st-brevin-tourisme-3919.jpg","libelle":"aleop-bus-st-brevin-tourisme-3919","extension":"jpg","categorie":"","largeur":334,"theme":"","hauteur":464,"type":"Image","origine":"","liaisonPave":"","langue":"","id":"3919","urlVignette":"https:\/\/www.saint-brevin.com\/medias\/images\/prestataires\/v-aleop-bus-st-brevin-tourisme-3919.jpg","alt":"aleop-bus-st-brevin-tourisme-3919","title":"aleop-bus-st-brevin-tourisme-3919","MultiTaille":{"1920x1440":{"url":"https:\/\/www.saint-brevin.com\/medias\/images\/prestataires\/multitailles\/1920x1440_aleop-bus-st-brevin-tourisme-3919.jpg"},"1200x900":{"url":"https:\/\/www.saint-brevin.com\/medias\/images\/prestataires\/multitailles\/1200x900_aleop-bus-st-brevin-tourisme-3919.jpg"},"800x600":{"url":"https:\/\/www.saint-brevin.com\/medias\/images\/prestataires\/multitailles\/800x600_aleop-bus-st-brevin-tourisme-3919.jpg"},"640x480":{"url":"https:\/\/www.saint-brevin.com\/medias\/images\/prestataires\/multitailles\/640x480_aleop-bus-st-brevin-tourisme-3919.jpg"},"320x240":{"url":"https:\/\/www.saint-brevin.com\/medias\/images\/prestataires\/multitailles\/320x240_aleop-bus-st-brevin-tourisme-3919.jpg"},"160x120":{"url":"https:\/\/www.saint-brevin.com\/medias\/images\/prestataires\/multitailles\/160x120_aleop-bus-st-brevin-tourisme-3919.jpg"},"origine":{"url":"https:\/\/www.saint-brevin.com\/medias\/images\/prestataires\/aleop-bus-st-brevin-tourisme-3919.jpg"}},"urlLien":"","typeLien":"","nofollow":"N","copyright":""}]},"Url":"les-bus-aleop.html","Localisation":{"GoogleMap":{"Latitude":"","Longitude":""}},"ZoneGeo":"","Criteres":{"NIVPARTENAIRE[COMPLET":"","ACATEG[ATRANS":"","ACATEG[BILLETTERIEOFFICETOURISME":"","COMMUNES[SAINTBREVIN":"","COMMUNES[PAIMBOEUF":"","COMMUNES[CORSEPT":"","COMMUNES[FROSSAY":"","COMMUNES[SAINTPEREENRETZ":"","COMMUNES[SAINTVIAUD":"","ADETAM[BUSATOCARS":"","DSPRA[TRANS":"","INSPUBMAJ[GRATUITPRECISER":"","MAJINGENIE[DATEDERNIEREMAJ":"20220902","MISEAJOUR[FABIENNE":"","CATCOSGENERALE[GARAGEAUTO":"","CATCOSGENERALE[SERVICEPRATIQUES":""},"DateFinPublication":"","PrixAPartirDe":"","PrixPour":"","FicheListeEnCours":"fiche_liste_commerces_services_v2017","ParametresModele":{"AfficherPhotos":"1","NbPhotosMax":6,"AfficherReserver":0,"AfficherContact":0,"AfficherSalle":1,"AfficherZoneGeo":0,"AfficherEnSavoirPlus":"1","AfficherUneSeuleOuverture":0,"AfficherContactCarte":0,"AfficherTarifsChaudAPartirDe":0,"AfficherTarifChaudSansRecherche":0,"AfficherLiensCarnetVoyage":"1","BlocCritereInfo":{"critere1":{"libelle":""},"critere2":{"libelle":""},"critere3":{"libelle":""},"critere4":{"libelle":""},"critere5":{"libelle":""},"critere6":{"libelle":""},"critere7":{"libelle":"","liste_critere":["COMMUNES|COS"]},"critere8":{"libelle":""},"afficherpictoetpaslibelle":"1"},"Criteres":"NIVPARTENAIRE[COMPLET","PositionBloc":"NOM|GALLERIE|CARNET_VOYAGE|URL","TypePrestataire":"COS","ComportementResa":false,"ComportementDispo":false},"AffichageCoordonnees":[],"Coordonnees":{"Ville":"NANTES CEDEX 9"},"ContexteId":"PRESTATAIRE|COS|LESBUSLILA","ContexteIdHtml":"PRESTATAIRE-COS-LESBUSLILA","cleContexte":"COS|LESBUSLILA","Bloc":{"texte1":"","texte3":"","critere1":{"libelle":"","contenu":[]},"critere2":{"libelle":"","contenu":[]},"critere3":{"libelle":"","contenu":[]},"critere4":{"libelle":"","contenu":[]},"critere5":{"libelle":"","contenu":[]},"critere6":{"libelle":"","contenu":[]},"critere7":{"libelle":"","contenu":{"COMMUNES":{"libelle":"Geographical zone","contenu":{"1":"Saint-Brevin","2":"Paimboeuf","3":"Corsept","4":"Frossay","5":"Saint-P\u00e8re en Retz","6":"Saint-Viaud"},"codesValeurs":{"1":"COMMUNES|SAINTBREVIN|COS","2":"COMMUNES|PAIMBOEUF|COS","3":"COMMUNES|CORSEPT|COS","4":"COMMUNES|FROSSAY|COS","5":"COMMUNES|SAINTPEREENRETZ|COS","6":"COMMUNES|SAINTVIAUD|COS"},"criteres_datas":{"valeurs":{"1":{"SAINTBREVIN":{"descriptif":""}},"2":{"PAIMBOEUF":{"descriptif":""}},"3":{"CORSEPT":{"descriptif":""}},"4":{"FROSSAY":{"descriptif":""}},"5":{"SAINTPEREENRETZ":{"descriptif":""}},"6":{"SAINTVIAUD":{"descriptif":""}}}}}}},"critere8":{"libelle":"","contenu":[]},"critere9":{"libelle":"","contenu":[]}},"libelleDuPrestataire":"","listeCriteres":{"NIVPARTENAIRE":{"COMPLET":""},"ACATEG":{"ATRANS":"","BILLETTERIEOFFICETOURISME":""},"COMMUNES":{"SAINTBREVIN":"","PAIMBOEUF":"","CORSEPT":"","FROSSAY":"","SAINTPEREENRETZ":"","SAINTVIAUD":""},"ADETAM":{"BUSATOCARS":""},"DSPRA":{"TRANS":""},"INSPUBMAJ":{"GRATUITPRECISER":""},"MAJINGENIE":{"DATEDERNIEREMAJ":"20220902"},"MISEAJOUR":{"FABIENNE":""},"CATCOSGENERALE":{"GARAGEAUTO":"","SERVICEPRATIQUES":""}},"dansCarnetVoyage":true,"Ouverture":""},"html":" \n \u003Cdiv id=\"CV-PRESTATAIRE-COS-LESBUSLILA\" data-contexte-id=\"PRESTATAIRE|COS|LESBUSLILA\" data-cle=\"COS|LESBUSLILA\" class=\"fiche-liste\"\u003E\n    \n\n    \u003C!-- partie photo --\u003E\n    \u003Cdiv class=\"photo\"\u003E\t\t\t\t\t\t\t\t\t\t\t\t\t\t\t\t\t\t\t\t\t\n        \u003Cdiv class=\"cadre_photo_principale\"\u003E\t\t\n        \n            \t\t\t\t\t\n                    \u003Ca href=\"les-bus-aleop.html?origine=carnet#media\"\u003E\n                        \u003Cimg class=\"photo_principale\" alt=\"aleop-ligne-reguliere-bus-3918\" src=\"https:\/\/www.saint-brevin.com\/medias\/images\/prestataires\/multitailles\/320x240_aleop-ligne-reguliere-bus-3918.jpg\" itemprop=\"image\"\u003E\n                    \u003C\/a\u003E\t\t\t\t\t\t\n                \n                    \u003C\/div\u003E\t\t\t\t\t\t\t\t\t\t\t\t\t\t\t\t\t\t\t \t\t\n    \u003C\/div\u003E\n    \n    \u003C!-- partie nom prest --\u003E\n    \u003Cdiv class=\"nom\"\u003E\n        \u003Ch2\u003ELes Bus Al\u00e9op\u003C\/h2\u003E\n        \n            \u003C\/div\u003E\n\n         \n    \u003C!-- partie adresse --\u003E\n    \u003Cdiv class=\"adresse\"\u003E\n    \n          \n    \u003C\/div\u003E\n    \n    \u003C!-- partie liens --\u003E\n    \u003Cdiv class=\"liens\"\u003E\n            \u003Ca class=\"btn-icon btn-view \" title=\"Read more \" href=\"les-bus-aleop.html?origine=carnet\"\u003E\u003C\/a\u003E\u003C!--\u003Ca class=\"btn-icon btn-view \" title=\"\" href=\"?origine=carnet#thaut\"\u003E\u003C\/a\u003E--\u003E\n      \u003Ca class=\"btn-icon btn-trash carnet_voyage_supprimer\" title=\"Remove to travel notes \" href=\"carnet-voyage?action=remove&fiche=COS|LESBUSLILA\"\u003E\u003C\/a\u003E\n    \u003C\/div\u003E\n\n\u003C\/div\u003E\n\n","icon":"https:\/\/static.ingenie.fr\/images\/carnetVoyageV3\/COS.png"},"fiche":"COS|LESBUSLILA","popup":"\u003Cdiv id=\"bloc_popup_ajout_fiche_carnet\"\u003E\n    \u003Cdiv class=\"info_popup_ajout_fiche_carnet\"\u003E\n        You have added this item to your travel notes :    \u003C\/div\u003E\n    \u003Cdiv class=\"prest_popup_ajout_fiche_carnet\"\u003E\n        Les Bus Al&eacute;op     \u003C\/div\u003E\n    \u003Cdiv class=\"bloc_btn_ajout_fiche_carnet form_submit_div\"\u003E\n        \u003Cinput type=\"button\" value=\"Continue \" title=\"Continue \" name=\"btn_close\" class=\"btn_close_popup_carnet form_submit\" onclick=\"$.colorbox.close()\" \/\u003E\n        \u003Cinput type=\"button\" value=\"View my travel notes \" title=\"View my travel notes \" name=\"btn_panier\" class=\"btn_panier_popup_carnet form_submit\" onclick=\"if(typeof CarnetVoyage != 'undefined') {CarnetVoyage.voirCarnet();}\" \/\u003E\n    \u003C\/div\u003E\n    \u003Cdiv class=\"bloc_btn_ajout_fiche_carnet\"\u003E\n        \u003Cinput type=\"checkbox\" value=\"1\" name=\"desactiver_popup\" id=\"desactiver_popup\" \/\u003E\n        \u003Clabel for=\"desactiver_popup\"\u003EDo not show this message again \u003C\/label\u003E\n    \u003C\/div\u003E\n\u003C\/div\u003E","success":1}