{"nbFiches":1,"dataPrest":{"infoPrest":{"pave1":{"libelle":"Slogan","contenu":""},"pave2":{"libelle":"Descriptif","contenu":"\u003Cdiv class=\"pave2\"\u003E\u003Cspan class=\"contenu_descriptif\"\u003E\u003Cu\u003ECorsept :\u003C\/u\u003E\u003Cbr \/\u003E\r\n8 parking spots : 2&nbsp; parking &nbsp;Anciens Combattants, 2&nbsp; parking de la salle polyvalente Joseph Clavier, 1&nbsp; Place de l&#39;Eglise, 1&nbsp; parking&nbsp;Camille Corot school, 1 &nbsp;parking in front of Bar des Amis et 1&nbsp;parking de la salle du Pasquiaud.\u003Cbr \/\u003E\r\n\u003Cbr \/\u003E\r\n\u003Cu\u003EFrossay :\u003C\/u\u003E\u003Cbr \/\u003E\r\n11 parking spots&nbsp;: 1 in front of the town hall&nbsp;(rue de Capitaine R. Martin), 3 in\u003C\/span\u003E&nbsp;Rue de la Mairie, 1 dinfront of the school Place du Calvaire, 1 in Rue du Calvaire, 1 in Place de l&rsquo;Eglise, 1 in Place du Centre, 1 in front og the school Rue de la Paix, 1 in Place du G&eacute;n&eacute;ral de Gaulle, 1 in&nbsp;Migron in front of Quai Vert.\u003Cbr \/\u003E\r\n&nbsp;\u003C\/div\u003E\r\n\r\n\u003Cdiv class=\"pave2\"\u003E\u003Cspan class=\"contenu_descriptif\"\u003E\u003Cu\u003EPaimboeuf :\u003C\/u\u003E\u003Cbr \/\u003E\r\n18 parking spots&nbsp;: 1 in Quai Gautreau (near the town hall), 2 in Place de l&rsquo;Escale, 1 in Quai Sadi Carnot, 1 in front of the cultural centre (Bd Dumesnildot), 5 in parking du centre de loisirs (Rue Pierre Chevry), 1 in front of the middle school&nbsp;Louise Michel, 7 in parking Super U (Rue Ferr&eacute;ol Pr&eacute;zelin).\u003Cbr \/\u003E\r\n\u003Cbr \/\u003E\r\n\u003Cu\u003ESaint-Brevin :\u003C\/u\u003E\u003Cbr \/\u003E\r\n74 parking spots : 2 in Place Bougainville, 1 between Avenue Poincar&eacute; and Avenue de la Bresse, 1 in Avenue Fran&ccedil;ois Mercier, 1 in&nbsp;Bd Padioleau, 2 in Place de l&rsquo;H&ocirc;tel de Ville, 1 in Avenue Jules Ferry, 6 in Avenue Jules Verne, 1 in parking Espace Boby Lapointe, 1 in parking of the music school, 2 in Place Ruello Kermelin, 2 in Place de la Victoire, 2 in Place Hamel, 9 in Place Basl&eacute;, 9 in P&ocirc;le de Bresse, 2 in Avenue des Sableaux, 4 in Avenue des Sports, 2 in Avenue de la Guerche, 16 in Bd de l&rsquo;Oc&eacute;an, 1 in All&eacute;e de la Tour Carr&eacute;e, 1 at Carrefour City, 2 in Avenue Pr&eacute;sident Roosevelt, 1 in front of the school&nbsp;Paul Fort (chemin de la Nicolerie), 1 in parking de la Pierre Attel&eacute;e.\u003Cbr \/\u003E\r\n\u003Cbr \/\u003E\r\n\u003Cu\u003ESaint-P&egrave;re-en-Retz :\u003C\/u\u003E\u003Cbr \/\u003E\r\n28 parking spots : 1 at the cultural centre (behind the townhall), 2 in parking du Groupe scolaire J. Brel, 3 at the lake parking, 1 in place de l&#39;Eglise, 2 in place de La Motte, 3 in place du March&eacute;, 5 at the commercial centre L&rsquo;Iliade, 1 at the Lavoir, 2 at the gym&nbsp;du Grand Fay, 1 behind the cemetery, 7 at La Bergerie.\u003Cbr \/\u003E\r\n\u003Cbr \/\u003E\r\n\u003Cu\u003ESaint-Viaud :\u003C\/u\u003E\u003Cbr \/\u003E\r\n5 parking spots: 1 in Place de la Mairie, 4 in&nbsp; Base de Loisirs&nbsp;\u003C\/span\u003E\u003C\/div\u003E\r\n"},"pave3":{"libelle":"","contenu":""},"pave4":{"libelle":"","contenu":""},"pave5":{"libelle":"","contenu":""},"pave6":{"libelle":"","contenu":""},"pave7":{"libelle":"","contenu":""},"pave8":{"libelle":"","contenu":""},"pave9":{"libelle":"","contenu":""},"pave10":{"libelle":"","contenu":""},"pave11":{"libelle":"","contenu":""},"pave12":{"libelle":"","contenu":""},"pave13":{"libelle":"","contenu":""},"pave14":{"libelle":"","contenu":""},"pave15":{"libelle":"","contenu":""},"pave16":{"libelle":"","contenu":""},"pave17":{"libelle":"","contenu":""},"pave18":{"libelle":"","contenu":""},"pave19":{"libelle":"","contenu":""},"pave20":{"libelle":"","contenu":""},"pave21":{"libelle":"","contenu":""},"pave22":{"libelle":"","contenu":""},"pave23":{"libelle":"","contenu":""},"pave24":{"libelle":"","contenu":""},"pave25":{"libelle":"","contenu":""},"Libelle":"Parking lot for disabled people","Nom":"Stationnement pour personnes handicap\u00e9es","Prenom":"","NomPrenom":"Stationnement pour personnes handicap\u00e9es ","CiviliteNomPrenom":"Stationnement pour personnes handicap\u00e9es ","Cle":"COS|STATIONNEMENTPMRCCSE","PrestataireParent":"","ContexteStat":"PRESTATAIRE-COS-STATIONNEMENTPMRCCSE","DateModificationIso":"2020-11-17T21:47:00+01:00","Type":"PRESTATAIRE","TypePrestataire":"COS","Adresse":{"LigneAdresse1":"","LigneAdresse2":"","LigneAdresse3":"","CodePostal":"","Ville":"","Cedex":"","Etat":"","Pays":"FRA"},"Email":"ot@tourisme-saint-brevin.fr","Telephone":"02 40 27 24 32","TelephoneBureau":"","Portable":"","SiteWeb":"","Fax":"","Id":"cos-stationnementpmrccse","Code":"COS|STATIONNEMENTPMRCCSE","Fichier":{"Image":[{"url":"https:\/\/www.saint-brevin.com\/medias\/images\/prestataires\/handicap-parking-2328893-1280-5341.jpg","chemin":"..\/medias\/images\/prestataires\/handicap-parking-2328893-1280-5341.jpg","libelle":"handicap-parking-2328893-1280-5341","extension":"jpg","categorie":"","largeur":1280,"theme":"","hauteur":1043,"type":"Image","origine":"","liaisonPave":"","langue":"","id":"5341","urlVignette":"https:\/\/www.saint-brevin.com\/medias\/images\/prestataires\/v-handicap-parking-2328893-1280-5341.jpg","alt":"handicap-parking-2328893-1280-5341","title":"handicap-parking-2328893-1280-5341","MultiTaille":{"1920x1440":{"url":"https:\/\/www.saint-brevin.com\/medias\/images\/prestataires\/multitailles\/1920x1440_handicap-parking-2328893-1280-5341.jpg"},"1200x900":{"url":"https:\/\/www.saint-brevin.com\/medias\/images\/prestataires\/multitailles\/1200x900_handicap-parking-2328893-1280-5341.jpg"},"800x600":{"url":"https:\/\/www.saint-brevin.com\/medias\/images\/prestataires\/multitailles\/800x600_handicap-parking-2328893-1280-5341.jpg"},"640x480":{"url":"https:\/\/www.saint-brevin.com\/medias\/images\/prestataires\/multitailles\/640x480_handicap-parking-2328893-1280-5341.jpg"},"320x240":{"url":"https:\/\/www.saint-brevin.com\/medias\/images\/prestataires\/multitailles\/320x240_handicap-parking-2328893-1280-5341.jpg"},"160x120":{"url":"https:\/\/www.saint-brevin.com\/medias\/images\/prestataires\/multitailles\/160x120_handicap-parking-2328893-1280-5341.jpg"},"origine":{"url":"https:\/\/www.saint-brevin.com\/medias\/images\/prestataires\/handicap-parking-2328893-1280-5341.jpg"}},"urlLien":"","typeLien":"","nofollow":"N","copyright":""}],"ByCategorie":{"":[{"url":"https:\/\/www.saint-brevin.com\/medias\/images\/prestataires\/handicap-parking-2328893-1280-5341.jpg","chemin":"..\/medias\/images\/prestataires\/handicap-parking-2328893-1280-5341.jpg","libelle":"handicap-parking-2328893-1280-5341","extension":"jpg","categorie":"","largeur":1280,"theme":"","hauteur":1043,"type":"Image","origine":"","liaisonPave":"","langue":"","id":"5341","urlVignette":"https:\/\/www.saint-brevin.com\/medias\/images\/prestataires\/v-handicap-parking-2328893-1280-5341.jpg","alt":"handicap-parking-2328893-1280-5341","title":"handicap-parking-2328893-1280-5341","MultiTaille":{"1920x1440":{"url":"https:\/\/www.saint-brevin.com\/medias\/images\/prestataires\/multitailles\/1920x1440_handicap-parking-2328893-1280-5341.jpg"},"1200x900":{"url":"https:\/\/www.saint-brevin.com\/medias\/images\/prestataires\/multitailles\/1200x900_handicap-parking-2328893-1280-5341.jpg"},"800x600":{"url":"https:\/\/www.saint-brevin.com\/medias\/images\/prestataires\/multitailles\/800x600_handicap-parking-2328893-1280-5341.jpg"},"640x480":{"url":"https:\/\/www.saint-brevin.com\/medias\/images\/prestataires\/multitailles\/640x480_handicap-parking-2328893-1280-5341.jpg"},"320x240":{"url":"https:\/\/www.saint-brevin.com\/medias\/images\/prestataires\/multitailles\/320x240_handicap-parking-2328893-1280-5341.jpg"},"160x120":{"url":"https:\/\/www.saint-brevin.com\/medias\/images\/prestataires\/multitailles\/160x120_handicap-parking-2328893-1280-5341.jpg"},"origine":{"url":"https:\/\/www.saint-brevin.com\/medias\/images\/prestataires\/handicap-parking-2328893-1280-5341.jpg"}},"urlLien":"","typeLien":"","nofollow":"N","copyright":""}]}},"Url":"parking-lot-for-disabled-people.html","Localisation":{"GoogleMap":{"Latitude":"","Longitude":""}},"ZoneGeo":"","Criteres":{"NIVPARTENAIRE[COMPLET":"","ACATEG[ATRANS":"","COMMUNES[SAINTBREVIN":"","COMMUNES[PAIMBOEUF":"","COMMUNES[CORSEPT":"","COMMUNES[FROSSAY":"","COMMUNES[SAINTPEREENRETZ":"","COMMUNES[SAINTVIAUD":"","ADETAM[PARKINGZONEBLEUE":"","AQDEQL[PARGRA":"pour les porteurs d'1 carte de stationnement pour handicap\u00e9","ACCCOM[DHAACO":"","MAJINGENIE[DATEDERNIEREMAJ":"20171130","MISEAJOUR[FABIENNE":"","CATCOSGENERALE[GARAGEAUTO":""},"DateFinPublication":"","PrixAPartirDe":"","PrixPour":"","FicheListeEnCours":"fiche_liste_commerces_services_v2017","ParametresModele":{"AfficherPhotos":"1","NbPhotosMax":6,"AfficherReserver":0,"AfficherContact":0,"AfficherSalle":1,"AfficherZoneGeo":0,"AfficherEnSavoirPlus":"1","AfficherUneSeuleOuverture":0,"AfficherContactCarte":0,"AfficherTarifsChaudAPartirDe":0,"AfficherTarifChaudSansRecherche":0,"AfficherLiensCarnetVoyage":"1","BlocCritereInfo":{"critere1":{"libelle":""},"critere2":{"libelle":""},"critere3":{"libelle":""},"critere4":{"libelle":""},"critere5":{"libelle":""},"critere6":{"libelle":""},"critere7":{"libelle":"","liste_critere":["COMMUNES|COS"]},"critere8":{"libelle":""},"afficherpictoetpaslibelle":"1"},"Criteres":"NIVPARTENAIRE[COMPLET","PositionBloc":"NOM|GALLERIE|CARNET_VOYAGE|URL","TypePrestataire":"COS","ComportementResa":false,"ComportementDispo":false},"AffichageCoordonnees":[],"Coordonnees":{"Ville":""},"ContexteId":"PRESTATAIRE|COS|STATIONNEMENTPMRCCSE","ContexteIdHtml":"PRESTATAIRE-COS-STATIONNEMENTPMRCCSE","cleContexte":"COS|STATIONNEMENTPMRCCSE","Bloc":{"texte1":"","texte3":"","critere1":{"libelle":"","contenu":[]},"critere2":{"libelle":"","contenu":[]},"critere3":{"libelle":"","contenu":[]},"critere4":{"libelle":"","contenu":[]},"critere5":{"libelle":"","contenu":[]},"critere6":{"libelle":"","contenu":[]},"critere7":{"libelle":"","contenu":{"COMMUNES":{"libelle":"Geographical zone","contenu":{"1":"Saint-Brevin","2":"Paimboeuf","3":"Corsept","4":"Frossay","5":"Saint-P\u00e8re en Retz","6":"Saint-Viaud"},"codesValeurs":{"1":"COMMUNES|SAINTBREVIN|COS","2":"COMMUNES|PAIMBOEUF|COS","3":"COMMUNES|CORSEPT|COS","4":"COMMUNES|FROSSAY|COS","5":"COMMUNES|SAINTPEREENRETZ|COS","6":"COMMUNES|SAINTVIAUD|COS"},"criteres_datas":{"valeurs":{"1":{"SAINTBREVIN":{"descriptif":""}},"2":{"PAIMBOEUF":{"descriptif":""}},"3":{"CORSEPT":{"descriptif":""}},"4":{"FROSSAY":{"descriptif":""}},"5":{"SAINTPEREENRETZ":{"descriptif":""}},"6":{"SAINTVIAUD":{"descriptif":""}}}}}}},"critere8":{"libelle":"","contenu":[]},"critere9":{"libelle":"","contenu":[]}},"libelleDuPrestataire":"","listeCriteres":{"NIVPARTENAIRE":{"COMPLET":""},"ACATEG":{"ATRANS":""},"COMMUNES":{"SAINTBREVIN":"","PAIMBOEUF":"","CORSEPT":"","FROSSAY":"","SAINTPEREENRETZ":"","SAINTVIAUD":""},"ADETAM":{"PARKINGZONEBLEUE":""},"AQDEQL":{"PARGRA":"pour les porteurs d'1 carte de stationnement pour handicap\u00e9"},"ACCCOM":{"DHAACO":""},"MAJINGENIE":{"DATEDERNIEREMAJ":"20171130"},"MISEAJOUR":{"FABIENNE":""},"CATCOSGENERALE":{"GARAGEAUTO":""}},"dansCarnetVoyage":true,"Ouverture":""},"html":" \n \u003Cdiv id=\"CV-PRESTATAIRE-COS-STATIONNEMENTPMRCCSE\" data-contexte-id=\"PRESTATAIRE|COS|STATIONNEMENTPMRCCSE\" data-cle=\"COS|STATIONNEMENTPMRCCSE\" class=\"fiche-liste\"\u003E\n    \n\n    \u003C!-- partie photo --\u003E\n    \u003Cdiv class=\"photo\"\u003E\t\t\t\t\t\t\t\t\t\t\t\t\t\t\t\t\t\t\t\t\t\n        \u003Cdiv class=\"cadre_photo_principale\"\u003E\t\t\n        \n            \t\t\t\t\t\n                    \u003Ca href=\"parking-lot-for-disabled-people.html?origine=carnet#media\"\u003E\n                        \u003Cimg class=\"photo_principale\" alt=\"handicap-parking-2328893-1280-5341\" src=\"https:\/\/www.saint-brevin.com\/medias\/images\/prestataires\/multitailles\/320x240_handicap-parking-2328893-1280-5341.jpg\" itemprop=\"image\"\u003E\n                    \u003C\/a\u003E\t\t\t\t\t\t\n                \n                    \u003C\/div\u003E\t\t\t\t\t\t\t\t\t\t\t\t\t\t\t\t\t\t\t \t\t\n    \u003C\/div\u003E\n    \n    \u003C!-- partie nom prest --\u003E\n    \u003Cdiv class=\"nom\"\u003E\n        \u003Ch2\u003EParking lot for disabled people\u003C\/h2\u003E\n        \n            \u003C\/div\u003E\n\n         \n    \u003C!-- partie adresse --\u003E\n    \u003Cdiv class=\"adresse\"\u003E\n    \n          \n    \u003C\/div\u003E\n    \n    \u003C!-- partie liens --\u003E\n    \u003Cdiv class=\"liens\"\u003E\n            \u003Ca class=\"btn-icon btn-view \" title=\"Read more \" href=\"parking-lot-for-disabled-people.html?origine=carnet\"\u003E\u003C\/a\u003E\u003C!--\u003Ca class=\"btn-icon btn-view \" title=\"\" href=\"?origine=carnet#thaut\"\u003E\u003C\/a\u003E--\u003E\n      \u003Ca class=\"btn-icon btn-trash carnet_voyage_supprimer\" title=\"Remove to travel notes \" href=\"carnet-voyage?action=remove&fiche=COS|STATIONNEMENTPMRCCSE\"\u003E\u003C\/a\u003E\n    \u003C\/div\u003E\n\n\u003C\/div\u003E\n\n","icon":"https:\/\/static.ingenie.fr\/images\/carnetVoyageV3\/COS.png"},"fiche":"COS|STATIONNEMENTPMRCCSE","popup":"\u003Cdiv id=\"bloc_popup_ajout_fiche_carnet\"\u003E\n    \u003Cdiv class=\"info_popup_ajout_fiche_carnet\"\u003E\n        You have added this item to your travel notes :    \u003C\/div\u003E\n    \u003Cdiv class=\"prest_popup_ajout_fiche_carnet\"\u003E\n        Parking lot for disabled people    \u003C\/div\u003E\n    \u003Cdiv class=\"bloc_btn_ajout_fiche_carnet form_submit_div\"\u003E\n        \u003Cinput type=\"button\" value=\"Continue \" title=\"Continue \" name=\"btn_close\" class=\"btn_close_popup_carnet form_submit\" onclick=\"$.colorbox.close()\" \/\u003E\n        \u003Cinput type=\"button\" value=\"View my travel notes \" title=\"View my travel notes \" name=\"btn_panier\" class=\"btn_panier_popup_carnet form_submit\" onclick=\"if(typeof CarnetVoyage != 'undefined') {CarnetVoyage.voirCarnet();}\" \/\u003E\n    \u003C\/div\u003E\n    \u003Cdiv class=\"bloc_btn_ajout_fiche_carnet\"\u003E\n        \u003Cinput type=\"checkbox\" value=\"1\" name=\"desactiver_popup\" id=\"desactiver_popup\" \/\u003E\n        \u003Clabel for=\"desactiver_popup\"\u003EDo not show this message again \u003C\/label\u003E\n    \u003C\/div\u003E\n\u003C\/div\u003E","success":1}