{"nbFiches":1,"dataPrest":{"infoPrest":{"pave1":{"libelle":"Slogan","contenu":""},"pave2":{"libelle":"Descriptif","contenu":"The &ldquo;Du canal &agrave; Saint-Vital&rdquo; trail is a 41km (medium-difficulty) Gravel route that winds its way through the paths and villages of Frossay, past the banks of the canal, Legendia Parc, the Saint-Vital chapel and the former islands of the Loire. It&#39;s a great way to discover the region and its landscapes!\u003Cbr \/\u003E\r\n\u003Cspan background-color:=\"\" font-size:=\"\" style=\"color: rgb(51, 51, 51); font-family: sans-serif, Arial, Verdana, \" trebuchet=\"\"\u003ETo guide you, you can download the gpx track of the circuit from our website on your favourite gps application!\u003C\/span\u003E"},"pave3":{"libelle":"","contenu":""},"pave4":{"libelle":"","contenu":""},"pave5":{"libelle":"","contenu":""},"pave6":{"libelle":"","contenu":""},"pave7":{"libelle":"","contenu":""},"pave8":{"libelle":"","contenu":""},"pave9":{"libelle":"","contenu":""},"pave10":{"libelle":"","contenu":""},"pave11":{"libelle":"","contenu":""},"pave12":{"libelle":"","contenu":""},"pave13":{"libelle":"","contenu":""},"pave14":{"libelle":"","contenu":""},"pave15":{"libelle":"","contenu":""},"pave16":{"libelle":"","contenu":""},"pave17":{"libelle":"","contenu":""},"pave18":{"libelle":"","contenu":""},"pave19":{"libelle":"","contenu":""},"pave20":{"libelle":"","contenu":""},"pave21":{"libelle":"","contenu":""},"pave22":{"libelle":"","contenu":""},"pave23":{"libelle":"","contenu":""},"pave24":{"libelle":"","contenu":""},"pave25":{"libelle":"","contenu":""},"Libelle":"Cycling route from the canal to the Saint-Vital Chapel","Nom":"Circuit v\u00e9lo Du canal \u00e0 Saint-Vital","Prenom":"","NomPrenom":"Circuit v\u00e9lo Du canal \u00e0 Saint-Vital ","CiviliteNomPrenom":"Circuit v\u00e9lo Du canal \u00e0 Saint-Vital ","Cle":"I|DUCANALASAINTVITAL","PrestataireParent":"","ContexteStat":"PRESTATAIRE-I-DUCANALASAINTVITAL","DateModificationIso":"2025-11-19T15:39:00+01:00","Type":"PRESTATAIRE","TypePrestataire":"I","Adresse":{"LigneAdresse1":"Le Migron","LigneAdresse2":"","LigneAdresse3":"","CodePostal":"44320","Ville":"FROSSAY","Cedex":"","Etat":"","Pays":"FRA"},"Email":"ot@tourisme-saint-brevin.fr","Telephone":"02 40 27 53 82","TelephoneBureau":"02 40 27 24 32","Portable":"","SiteWeb":"","Fax":"","Id":"i-ducanalasaintvital","Code":"I|DUCANALASAINTVITAL","Fichier":{"Document":[{"url":"https:\/\/www.saint-brevin.com\/medias\/images\/prestataires\/circuit-du-canal-a-saint-vital-10814.gpx","chemin":"..\/medias\/images\/prestataires\/circuit-du-canal-a-saint-vital-10814.gpx","libelle":"circuit-du-canal-a-saint-vital-10814","extension":"gpx","categorie":"","largeur":"","theme":"","hauteur":"","type":"Document","origine":"","liaisonPave":"","langue":"","id":"10814","poids":"265.93 Ko","alt":"circuit-du-canal-a-saint-vital-10814","title":"circuit-du-canal-a-saint-vital-10814"}],"ByCategorie":{"":[{"url":"https:\/\/www.saint-brevin.com\/medias\/images\/prestataires\/circuit-du-canal-a-saint-vital-10814.gpx","chemin":"..\/medias\/images\/prestataires\/circuit-du-canal-a-saint-vital-10814.gpx","libelle":"circuit-du-canal-a-saint-vital-10814","extension":"gpx","categorie":"","largeur":"","theme":"","hauteur":"","type":"Document","origine":"","liaisonPave":"","langue":"","id":"10814","poids":"265.93 Ko","alt":"circuit-du-canal-a-saint-vital-10814","title":"circuit-du-canal-a-saint-vital-10814"},{"url":"https:\/\/www.saint-brevin.com\/medias\/images\/prestataires\/frossay-ileadet-vuechemindrone-bd-ddufour-2021-9929-10168-10176.jpg","chemin":"..\/medias\/images\/prestataires\/frossay-ileadet-vuechemindrone-bd-ddufour-2021-9929-10168-10176.jpg","libelle":"frossay-ileadet-vuechemindrone","extension":"jpg","categorie":"","largeur":607,"theme":"","hauteur":1080,"type":"Image","origine":"","liaisonPave":"","langue":"","id":"10176","urlVignette":"https:\/\/www.saint-brevin.com\/medias\/images\/prestataires\/v-frossay-ileadet-vuechemindrone-bd-ddufour-2021-9929-10168-10176.jpg","alt":"frossay-ileadet-vuechemindrone","title":"frossay-ileadet-vuechemindrone","MultiTaille":{"1920x1440":{"url":"https:\/\/www.saint-brevin.com\/medias\/images\/prestataires\/multitailles\/1920x1440_frossay-ileadet-vuechemindrone-bd-ddufour-2021-9929-10168-10176.jpg"},"1200x900":{"url":"https:\/\/www.saint-brevin.com\/medias\/images\/prestataires\/multitailles\/1200x900_frossay-ileadet-vuechemindrone-bd-ddufour-2021-9929-10168-10176.jpg"},"800x600":{"url":"https:\/\/www.saint-brevin.com\/medias\/images\/prestataires\/multitailles\/800x600_frossay-ileadet-vuechemindrone-bd-ddufour-2021-9929-10168-10176.jpg"},"640x480":{"url":"https:\/\/www.saint-brevin.com\/medias\/images\/prestataires\/multitailles\/640x480_frossay-ileadet-vuechemindrone-bd-ddufour-2021-9929-10168-10176.jpg"},"320x240":{"url":"https:\/\/www.saint-brevin.com\/medias\/images\/prestataires\/multitailles\/320x240_frossay-ileadet-vuechemindrone-bd-ddufour-2021-9929-10168-10176.jpg"},"160x120":{"url":"https:\/\/www.saint-brevin.com\/medias\/images\/prestataires\/multitailles\/160x120_frossay-ileadet-vuechemindrone-bd-ddufour-2021-9929-10168-10176.jpg"},"origine":{"url":"https:\/\/www.saint-brevin.com\/medias\/images\/prestataires\/frossay-ileadet-vuechemindrone-bd-ddufour-2021-9929-10168-10176.jpg"}},"urlLien":"","typeLien":"|","nofollow":"N","copyright":"Damien Dufour"},{"url":"https:\/\/www.saint-brevin.com\/medias\/images\/prestataires\/frossay-chemincarris-velo-bd-ddufour-2021-9930-10169-10177.jpg","chemin":"..\/medias\/images\/prestataires\/frossay-chemincarris-velo-bd-ddufour-2021-9930-10169-10177.jpg","libelle":"frossay-chemincarris-velo","extension":"jpg","categorie":"","largeur":720,"theme":"","hauteur":1080,"type":"Image","origine":"","liaisonPave":"","langue":"","id":"10177","urlVignette":"https:\/\/www.saint-brevin.com\/medias\/images\/prestataires\/v-frossay-chemincarris-velo-bd-ddufour-2021-9930-10169-10177.jpg","alt":"frossay-chemincarris-velo","title":"frossay-chemincarris-velo","MultiTaille":{"1920x1440":{"url":"https:\/\/www.saint-brevin.com\/medias\/images\/prestataires\/multitailles\/1920x1440_frossay-chemincarris-velo-bd-ddufour-2021-9930-10169-10177.jpg"},"1200x900":{"url":"https:\/\/www.saint-brevin.com\/medias\/images\/prestataires\/multitailles\/1200x900_frossay-chemincarris-velo-bd-ddufour-2021-9930-10169-10177.jpg"},"800x600":{"url":"https:\/\/www.saint-brevin.com\/medias\/images\/prestataires\/multitailles\/800x600_frossay-chemincarris-velo-bd-ddufour-2021-9930-10169-10177.jpg"},"640x480":{"url":"https:\/\/www.saint-brevin.com\/medias\/images\/prestataires\/multitailles\/640x480_frossay-chemincarris-velo-bd-ddufour-2021-9930-10169-10177.jpg"},"320x240":{"url":"https:\/\/www.saint-brevin.com\/medias\/images\/prestataires\/multitailles\/320x240_frossay-chemincarris-velo-bd-ddufour-2021-9930-10169-10177.jpg"},"160x120":{"url":"https:\/\/www.saint-brevin.com\/medias\/images\/prestataires\/multitailles\/160x120_frossay-chemincarris-velo-bd-ddufour-2021-9930-10169-10177.jpg"},"origine":{"url":"https:\/\/www.saint-brevin.com\/medias\/images\/prestataires\/frossay-chemincarris-velo-bd-ddufour-2021-9930-10169-10177.jpg"}},"urlLien":"","typeLien":"|","nofollow":"N","copyright":"Damien Dufour"},{"url":"https:\/\/www.saint-brevin.com\/medias\/images\/prestataires\/canal-frossay-la-roche-ot-st-brevin-10189.jpg","chemin":"..\/medias\/images\/prestataires\/canal-frossay-la-roche-ot-st-brevin-10189.jpg","libelle":"canal-frossay-la-roche","extension":"jpg","categorie":"","largeur":4000,"theme":"","hauteur":3000,"type":"Image","origine":"","liaisonPave":"","langue":"","id":"10189","urlVignette":"https:\/\/www.saint-brevin.com\/medias\/images\/prestataires\/v-canal-frossay-la-roche-ot-st-brevin-10189.jpg","alt":"canal-frossay-la-roche","title":"canal-frossay-la-roche","MultiTaille":{"1920x1440":{"url":"https:\/\/www.saint-brevin.com\/medias\/images\/prestataires\/multitailles\/1920x1440_canal-frossay-la-roche-ot-st-brevin-10189.jpg"},"1200x900":{"url":"https:\/\/www.saint-brevin.com\/medias\/images\/prestataires\/multitailles\/1200x900_canal-frossay-la-roche-ot-st-brevin-10189.jpg"},"800x600":{"url":"https:\/\/www.saint-brevin.com\/medias\/images\/prestataires\/multitailles\/800x600_canal-frossay-la-roche-ot-st-brevin-10189.jpg"},"640x480":{"url":"https:\/\/www.saint-brevin.com\/medias\/images\/prestataires\/multitailles\/640x480_canal-frossay-la-roche-ot-st-brevin-10189.jpg"},"320x240":{"url":"https:\/\/www.saint-brevin.com\/medias\/images\/prestataires\/multitailles\/320x240_canal-frossay-la-roche-ot-st-brevin-10189.jpg"},"160x120":{"url":"https:\/\/www.saint-brevin.com\/medias\/images\/prestataires\/multitailles\/160x120_canal-frossay-la-roche-ot-st-brevin-10189.jpg"},"origine":{"url":"https:\/\/www.saint-brevin.com\/medias\/images\/prestataires\/canal-frossay-la-roche-ot-st-brevin-10189.jpg"}},"urlLien":"","typeLien":"|","nofollow":"N","copyright":"OT St-Brevin"},{"url":"https:\/\/www.saint-brevin.com\/medias\/images\/prestataires\/legendia-parc-ypov-agency-10196.jpg","chemin":"..\/medias\/images\/prestataires\/legendia-parc-ypov-agency-10196.jpg","libelle":"legendia-parc-frossay","extension":"jpg","categorie":"","largeur":1500,"theme":"","hauteur":1000,"type":"Image","origine":"","liaisonPave":"","langue":"","id":"10196","urlVignette":"https:\/\/www.saint-brevin.com\/medias\/images\/prestataires\/v-legendia-parc-ypov-agency-10196.jpg","alt":"legendia-parc-frossay","title":"legendia-parc-frossay","MultiTaille":{"1920x1440":{"url":"https:\/\/www.saint-brevin.com\/medias\/images\/prestataires\/multitailles\/1920x1440_legendia-parc-ypov-agency-10196.jpg"},"1200x900":{"url":"https:\/\/www.saint-brevin.com\/medias\/images\/prestataires\/multitailles\/1200x900_legendia-parc-ypov-agency-10196.jpg"},"800x600":{"url":"https:\/\/www.saint-brevin.com\/medias\/images\/prestataires\/multitailles\/800x600_legendia-parc-ypov-agency-10196.jpg"},"640x480":{"url":"https:\/\/www.saint-brevin.com\/medias\/images\/prestataires\/multitailles\/640x480_legendia-parc-ypov-agency-10196.jpg"},"320x240":{"url":"https:\/\/www.saint-brevin.com\/medias\/images\/prestataires\/multitailles\/320x240_legendia-parc-ypov-agency-10196.jpg"},"160x120":{"url":"https:\/\/www.saint-brevin.com\/medias\/images\/prestataires\/multitailles\/160x120_legendia-parc-ypov-agency-10196.jpg"},"origine":{"url":"https:\/\/www.saint-brevin.com\/medias\/images\/prestataires\/legendia-parc-ypov-agency-10196.jpg"}},"urlLien":"","typeLien":"|","nofollow":"N","copyright":"Ypov agency"},{"url":"https:\/\/www.saint-brevin.com\/medias\/images\/prestataires\/saintviaud-chapellesaintvital-bd-ddufour-2021-10194.jpg","chemin":"..\/medias\/images\/prestataires\/saintviaud-chapellesaintvital-bd-ddufour-2021-10194.jpg","libelle":"saintviaud-chapellesaintvital","extension":"jpg","categorie":"","largeur":1609,"theme":"","hauteur":1080,"type":"Image","origine":"","liaisonPave":"","langue":"","id":"10194","urlVignette":"https:\/\/www.saint-brevin.com\/medias\/images\/prestataires\/v-saintviaud-chapellesaintvital-bd-ddufour-2021-10194.jpg","alt":"saintviaud-chapellesaintvital","title":"saintviaud-chapellesaintvital","MultiTaille":{"1920x1440":{"url":"https:\/\/www.saint-brevin.com\/medias\/images\/prestataires\/multitailles\/1920x1440_saintviaud-chapellesaintvital-bd-ddufour-2021-10194.jpg"},"1200x900":{"url":"https:\/\/www.saint-brevin.com\/medias\/images\/prestataires\/multitailles\/1200x900_saintviaud-chapellesaintvital-bd-ddufour-2021-10194.jpg"},"800x600":{"url":"https:\/\/www.saint-brevin.com\/medias\/images\/prestataires\/multitailles\/800x600_saintviaud-chapellesaintvital-bd-ddufour-2021-10194.jpg"},"640x480":{"url":"https:\/\/www.saint-brevin.com\/medias\/images\/prestataires\/multitailles\/640x480_saintviaud-chapellesaintvital-bd-ddufour-2021-10194.jpg"},"320x240":{"url":"https:\/\/www.saint-brevin.com\/medias\/images\/prestataires\/multitailles\/320x240_saintviaud-chapellesaintvital-bd-ddufour-2021-10194.jpg"},"160x120":{"url":"https:\/\/www.saint-brevin.com\/medias\/images\/prestataires\/multitailles\/160x120_saintviaud-chapellesaintvital-bd-ddufour-2021-10194.jpg"},"origine":{"url":"https:\/\/www.saint-brevin.com\/medias\/images\/prestataires\/saintviaud-chapellesaintvital-bd-ddufour-2021-10194.jpg"}},"urlLien":"","typeLien":"|","nofollow":"N","copyright":"Damien Dufour"},{"url":"https:\/\/www.saint-brevin.com\/medias\/images\/prestataires\/l-ile-adet1-ccse-10192.jpg","chemin":"..\/medias\/images\/prestataires\/l-ile-adet1-ccse-10192.jpg","libelle":"l-ile-adet1-ccse-frossay","extension":"jpg","categorie":"","largeur":3264,"theme":"","hauteur":2448,"type":"Image","origine":"","liaisonPave":"","langue":"","id":"10192","urlVignette":"https:\/\/www.saint-brevin.com\/medias\/images\/prestataires\/v-l-ile-adet1-ccse-10192.jpg","alt":"l-ile-adet1-ccse-frossay","title":"l-ile-adet1-ccse-frossay","MultiTaille":{"1920x1440":{"url":"https:\/\/www.saint-brevin.com\/medias\/images\/prestataires\/multitailles\/1920x1440_l-ile-adet1-ccse-10192.jpg"},"1200x900":{"url":"https:\/\/www.saint-brevin.com\/medias\/images\/prestataires\/multitailles\/1200x900_l-ile-adet1-ccse-10192.jpg"},"800x600":{"url":"https:\/\/www.saint-brevin.com\/medias\/images\/prestataires\/multitailles\/800x600_l-ile-adet1-ccse-10192.jpg"},"640x480":{"url":"https:\/\/www.saint-brevin.com\/medias\/images\/prestataires\/multitailles\/640x480_l-ile-adet1-ccse-10192.jpg"},"320x240":{"url":"https:\/\/www.saint-brevin.com\/medias\/images\/prestataires\/multitailles\/320x240_l-ile-adet1-ccse-10192.jpg"},"160x120":{"url":"https:\/\/www.saint-brevin.com\/medias\/images\/prestataires\/multitailles\/160x120_l-ile-adet1-ccse-10192.jpg"},"origine":{"url":"https:\/\/www.saint-brevin.com\/medias\/images\/prestataires\/l-ile-adet1-ccse-10192.jpg"}},"urlLien":"","typeLien":"|","nofollow":"N","copyright":"CCSE"},{"url":"https:\/\/www.saint-brevin.com\/medias\/images\/prestataires\/l-ile-adet2-douaud-10191.jpg","chemin":"..\/medias\/images\/prestataires\/l-ile-adet2-douaud-10191.jpg","libelle":"l-ile-adet2-frossay","extension":"jpg","categorie":"","largeur":1476,"theme":"","hauteur":984,"type":"Image","origine":"","liaisonPave":"","langue":"","id":"10191","urlVignette":"https:\/\/www.saint-brevin.com\/medias\/images\/prestataires\/v-l-ile-adet2-douaud-10191.jpg","alt":"l-ile-adet2-frossay","title":"l-ile-adet2-frossay","MultiTaille":{"1920x1440":{"url":"https:\/\/www.saint-brevin.com\/medias\/images\/prestataires\/multitailles\/1920x1440_l-ile-adet2-douaud-10191.jpg"},"1200x900":{"url":"https:\/\/www.saint-brevin.com\/medias\/images\/prestataires\/multitailles\/1200x900_l-ile-adet2-douaud-10191.jpg"},"800x600":{"url":"https:\/\/www.saint-brevin.com\/medias\/images\/prestataires\/multitailles\/800x600_l-ile-adet2-douaud-10191.jpg"},"640x480":{"url":"https:\/\/www.saint-brevin.com\/medias\/images\/prestataires\/multitailles\/640x480_l-ile-adet2-douaud-10191.jpg"},"320x240":{"url":"https:\/\/www.saint-brevin.com\/medias\/images\/prestataires\/multitailles\/320x240_l-ile-adet2-douaud-10191.jpg"},"160x120":{"url":"https:\/\/www.saint-brevin.com\/medias\/images\/prestataires\/multitailles\/160x120_l-ile-adet2-douaud-10191.jpg"},"origine":{"url":"https:\/\/www.saint-brevin.com\/medias\/images\/prestataires\/l-ile-adet2-douaud-10191.jpg"}},"urlLien":"","typeLien":"|","nofollow":"N","copyright":"CCSE-Douaud"},{"url":"https:\/\/www.saint-brevin.com\/medias\/images\/prestataires\/l-ile-adet-ccse-10193.jpg","chemin":"..\/medias\/images\/prestataires\/l-ile-adet-ccse-10193.jpg","libelle":"l-ile-adet-ccse-frossay-chemin-rando","extension":"jpg","categorie":"","largeur":2448,"theme":"","hauteur":3264,"type":"Image","origine":"","liaisonPave":"","langue":"","id":"10193","urlVignette":"https:\/\/www.saint-brevin.com\/medias\/images\/prestataires\/v-l-ile-adet-ccse-10193.jpg","alt":"l-ile-adet-ccse-frossay-chemin-rando","title":"l-ile-adet-ccse-frossay-chemin-rando","MultiTaille":{"1920x1440":{"url":"https:\/\/www.saint-brevin.com\/medias\/images\/prestataires\/multitailles\/1920x1440_l-ile-adet-ccse-10193.jpg"},"1200x900":{"url":"https:\/\/www.saint-brevin.com\/medias\/images\/prestataires\/multitailles\/1200x900_l-ile-adet-ccse-10193.jpg"},"800x600":{"url":"https:\/\/www.saint-brevin.com\/medias\/images\/prestataires\/multitailles\/800x600_l-ile-adet-ccse-10193.jpg"},"640x480":{"url":"https:\/\/www.saint-brevin.com\/medias\/images\/prestataires\/multitailles\/640x480_l-ile-adet-ccse-10193.jpg"},"320x240":{"url":"https:\/\/www.saint-brevin.com\/medias\/images\/prestataires\/multitailles\/320x240_l-ile-adet-ccse-10193.jpg"},"160x120":{"url":"https:\/\/www.saint-brevin.com\/medias\/images\/prestataires\/multitailles\/160x120_l-ile-adet-ccse-10193.jpg"},"origine":{"url":"https:\/\/www.saint-brevin.com\/medias\/images\/prestataires\/l-ile-adet-ccse-10193.jpg"}},"urlLien":"","typeLien":"|","nofollow":"N","copyright":"CCSE"},{"url":"https:\/\/www.saint-brevin.com\/medias\/images\/prestataires\/visuel-carte-d-part-base-v-lo-10821.png","chemin":"..\/medias\/images\/prestataires\/visuel-carte-d-part-base-v-lo-10821.png","libelle":"visuel-carte-d-part-base-v-lo-10821","extension":"png","categorie":"","largeur":1277,"theme":"","hauteur":905,"type":"Image","origine":"","liaisonPave":"","langue":"","id":"10821","urlVignette":"https:\/\/www.saint-brevin.com\/medias\/images\/prestataires\/v-visuel-carte-d-part-base-v-lo-10821.png","alt":"visuel-carte-d-part-base-v-lo-10821","title":"visuel-carte-d-part-base-v-lo-10821","MultiTaille":{"1920x1440":{"url":"https:\/\/www.saint-brevin.com\/medias\/images\/prestataires\/multitailles\/1920x1440_visuel-carte-d-part-base-v-lo-10821.png"},"1200x900":{"url":"https:\/\/www.saint-brevin.com\/medias\/images\/prestataires\/multitailles\/1200x900_visuel-carte-d-part-base-v-lo-10821.png"},"800x600":{"url":"https:\/\/www.saint-brevin.com\/medias\/images\/prestataires\/multitailles\/800x600_visuel-carte-d-part-base-v-lo-10821.png"},"640x480":{"url":"https:\/\/www.saint-brevin.com\/medias\/images\/prestataires\/multitailles\/640x480_visuel-carte-d-part-base-v-lo-10821.png"},"320x240":{"url":"https:\/\/www.saint-brevin.com\/medias\/images\/prestataires\/multitailles\/320x240_visuel-carte-d-part-base-v-lo-10821.png"},"160x120":{"url":"https:\/\/www.saint-brevin.com\/medias\/images\/prestataires\/multitailles\/160x120_visuel-carte-d-part-base-v-lo-10821.png"},"origine":{"url":"https:\/\/www.saint-brevin.com\/medias\/images\/prestataires\/visuel-carte-d-part-base-v-lo-10821.png"}},"urlLien":"","typeLien":"|","nofollow":"N","copyright":"Nathan Morel"}]},"Image":[{"url":"https:\/\/www.saint-brevin.com\/medias\/images\/prestataires\/frossay-ileadet-vuechemindrone-bd-ddufour-2021-9929-10168-10176.jpg","chemin":"..\/medias\/images\/prestataires\/frossay-ileadet-vuechemindrone-bd-ddufour-2021-9929-10168-10176.jpg","libelle":"frossay-ileadet-vuechemindrone","extension":"jpg","categorie":"","largeur":607,"theme":"","hauteur":1080,"type":"Image","origine":"","liaisonPave":"","langue":"","id":"10176","urlVignette":"https:\/\/www.saint-brevin.com\/medias\/images\/prestataires\/v-frossay-ileadet-vuechemindrone-bd-ddufour-2021-9929-10168-10176.jpg","alt":"frossay-ileadet-vuechemindrone","title":"frossay-ileadet-vuechemindrone","MultiTaille":{"1920x1440":{"url":"https:\/\/www.saint-brevin.com\/medias\/images\/prestataires\/multitailles\/1920x1440_frossay-ileadet-vuechemindrone-bd-ddufour-2021-9929-10168-10176.jpg"},"1200x900":{"url":"https:\/\/www.saint-brevin.com\/medias\/images\/prestataires\/multitailles\/1200x900_frossay-ileadet-vuechemindrone-bd-ddufour-2021-9929-10168-10176.jpg"},"800x600":{"url":"https:\/\/www.saint-brevin.com\/medias\/images\/prestataires\/multitailles\/800x600_frossay-ileadet-vuechemindrone-bd-ddufour-2021-9929-10168-10176.jpg"},"640x480":{"url":"https:\/\/www.saint-brevin.com\/medias\/images\/prestataires\/multitailles\/640x480_frossay-ileadet-vuechemindrone-bd-ddufour-2021-9929-10168-10176.jpg"},"320x240":{"url":"https:\/\/www.saint-brevin.com\/medias\/images\/prestataires\/multitailles\/320x240_frossay-ileadet-vuechemindrone-bd-ddufour-2021-9929-10168-10176.jpg"},"160x120":{"url":"https:\/\/www.saint-brevin.com\/medias\/images\/prestataires\/multitailles\/160x120_frossay-ileadet-vuechemindrone-bd-ddufour-2021-9929-10168-10176.jpg"},"origine":{"url":"https:\/\/www.saint-brevin.com\/medias\/images\/prestataires\/frossay-ileadet-vuechemindrone-bd-ddufour-2021-9929-10168-10176.jpg"}},"urlLien":"","typeLien":"|","nofollow":"N","copyright":"Damien Dufour"},{"url":"https:\/\/www.saint-brevin.com\/medias\/images\/prestataires\/frossay-chemincarris-velo-bd-ddufour-2021-9930-10169-10177.jpg","chemin":"..\/medias\/images\/prestataires\/frossay-chemincarris-velo-bd-ddufour-2021-9930-10169-10177.jpg","libelle":"frossay-chemincarris-velo","extension":"jpg","categorie":"","largeur":720,"theme":"","hauteur":1080,"type":"Image","origine":"","liaisonPave":"","langue":"","id":"10177","urlVignette":"https:\/\/www.saint-brevin.com\/medias\/images\/prestataires\/v-frossay-chemincarris-velo-bd-ddufour-2021-9930-10169-10177.jpg","alt":"frossay-chemincarris-velo","title":"frossay-chemincarris-velo","MultiTaille":{"1920x1440":{"url":"https:\/\/www.saint-brevin.com\/medias\/images\/prestataires\/multitailles\/1920x1440_frossay-chemincarris-velo-bd-ddufour-2021-9930-10169-10177.jpg"},"1200x900":{"url":"https:\/\/www.saint-brevin.com\/medias\/images\/prestataires\/multitailles\/1200x900_frossay-chemincarris-velo-bd-ddufour-2021-9930-10169-10177.jpg"},"800x600":{"url":"https:\/\/www.saint-brevin.com\/medias\/images\/prestataires\/multitailles\/800x600_frossay-chemincarris-velo-bd-ddufour-2021-9930-10169-10177.jpg"},"640x480":{"url":"https:\/\/www.saint-brevin.com\/medias\/images\/prestataires\/multitailles\/640x480_frossay-chemincarris-velo-bd-ddufour-2021-9930-10169-10177.jpg"},"320x240":{"url":"https:\/\/www.saint-brevin.com\/medias\/images\/prestataires\/multitailles\/320x240_frossay-chemincarris-velo-bd-ddufour-2021-9930-10169-10177.jpg"},"160x120":{"url":"https:\/\/www.saint-brevin.com\/medias\/images\/prestataires\/multitailles\/160x120_frossay-chemincarris-velo-bd-ddufour-2021-9930-10169-10177.jpg"},"origine":{"url":"https:\/\/www.saint-brevin.com\/medias\/images\/prestataires\/frossay-chemincarris-velo-bd-ddufour-2021-9930-10169-10177.jpg"}},"urlLien":"","typeLien":"|","nofollow":"N","copyright":"Damien Dufour"},{"url":"https:\/\/www.saint-brevin.com\/medias\/images\/prestataires\/canal-frossay-la-roche-ot-st-brevin-10189.jpg","chemin":"..\/medias\/images\/prestataires\/canal-frossay-la-roche-ot-st-brevin-10189.jpg","libelle":"canal-frossay-la-roche","extension":"jpg","categorie":"","largeur":4000,"theme":"","hauteur":3000,"type":"Image","origine":"","liaisonPave":"","langue":"","id":"10189","urlVignette":"https:\/\/www.saint-brevin.com\/medias\/images\/prestataires\/v-canal-frossay-la-roche-ot-st-brevin-10189.jpg","alt":"canal-frossay-la-roche","title":"canal-frossay-la-roche","MultiTaille":{"1920x1440":{"url":"https:\/\/www.saint-brevin.com\/medias\/images\/prestataires\/multitailles\/1920x1440_canal-frossay-la-roche-ot-st-brevin-10189.jpg"},"1200x900":{"url":"https:\/\/www.saint-brevin.com\/medias\/images\/prestataires\/multitailles\/1200x900_canal-frossay-la-roche-ot-st-brevin-10189.jpg"},"800x600":{"url":"https:\/\/www.saint-brevin.com\/medias\/images\/prestataires\/multitailles\/800x600_canal-frossay-la-roche-ot-st-brevin-10189.jpg"},"640x480":{"url":"https:\/\/www.saint-brevin.com\/medias\/images\/prestataires\/multitailles\/640x480_canal-frossay-la-roche-ot-st-brevin-10189.jpg"},"320x240":{"url":"https:\/\/www.saint-brevin.com\/medias\/images\/prestataires\/multitailles\/320x240_canal-frossay-la-roche-ot-st-brevin-10189.jpg"},"160x120":{"url":"https:\/\/www.saint-brevin.com\/medias\/images\/prestataires\/multitailles\/160x120_canal-frossay-la-roche-ot-st-brevin-10189.jpg"},"origine":{"url":"https:\/\/www.saint-brevin.com\/medias\/images\/prestataires\/canal-frossay-la-roche-ot-st-brevin-10189.jpg"}},"urlLien":"","typeLien":"|","nofollow":"N","copyright":"OT St-Brevin"},{"url":"https:\/\/www.saint-brevin.com\/medias\/images\/prestataires\/legendia-parc-ypov-agency-10196.jpg","chemin":"..\/medias\/images\/prestataires\/legendia-parc-ypov-agency-10196.jpg","libelle":"legendia-parc-frossay","extension":"jpg","categorie":"","largeur":1500,"theme":"","hauteur":1000,"type":"Image","origine":"","liaisonPave":"","langue":"","id":"10196","urlVignette":"https:\/\/www.saint-brevin.com\/medias\/images\/prestataires\/v-legendia-parc-ypov-agency-10196.jpg","alt":"legendia-parc-frossay","title":"legendia-parc-frossay","MultiTaille":{"1920x1440":{"url":"https:\/\/www.saint-brevin.com\/medias\/images\/prestataires\/multitailles\/1920x1440_legendia-parc-ypov-agency-10196.jpg"},"1200x900":{"url":"https:\/\/www.saint-brevin.com\/medias\/images\/prestataires\/multitailles\/1200x900_legendia-parc-ypov-agency-10196.jpg"},"800x600":{"url":"https:\/\/www.saint-brevin.com\/medias\/images\/prestataires\/multitailles\/800x600_legendia-parc-ypov-agency-10196.jpg"},"640x480":{"url":"https:\/\/www.saint-brevin.com\/medias\/images\/prestataires\/multitailles\/640x480_legendia-parc-ypov-agency-10196.jpg"},"320x240":{"url":"https:\/\/www.saint-brevin.com\/medias\/images\/prestataires\/multitailles\/320x240_legendia-parc-ypov-agency-10196.jpg"},"160x120":{"url":"https:\/\/www.saint-brevin.com\/medias\/images\/prestataires\/multitailles\/160x120_legendia-parc-ypov-agency-10196.jpg"},"origine":{"url":"https:\/\/www.saint-brevin.com\/medias\/images\/prestataires\/legendia-parc-ypov-agency-10196.jpg"}},"urlLien":"","typeLien":"|","nofollow":"N","copyright":"Ypov agency"},{"url":"https:\/\/www.saint-brevin.com\/medias\/images\/prestataires\/saintviaud-chapellesaintvital-bd-ddufour-2021-10194.jpg","chemin":"..\/medias\/images\/prestataires\/saintviaud-chapellesaintvital-bd-ddufour-2021-10194.jpg","libelle":"saintviaud-chapellesaintvital","extension":"jpg","categorie":"","largeur":1609,"theme":"","hauteur":1080,"type":"Image","origine":"","liaisonPave":"","langue":"","id":"10194","urlVignette":"https:\/\/www.saint-brevin.com\/medias\/images\/prestataires\/v-saintviaud-chapellesaintvital-bd-ddufour-2021-10194.jpg","alt":"saintviaud-chapellesaintvital","title":"saintviaud-chapellesaintvital","MultiTaille":{"1920x1440":{"url":"https:\/\/www.saint-brevin.com\/medias\/images\/prestataires\/multitailles\/1920x1440_saintviaud-chapellesaintvital-bd-ddufour-2021-10194.jpg"},"1200x900":{"url":"https:\/\/www.saint-brevin.com\/medias\/images\/prestataires\/multitailles\/1200x900_saintviaud-chapellesaintvital-bd-ddufour-2021-10194.jpg"},"800x600":{"url":"https:\/\/www.saint-brevin.com\/medias\/images\/prestataires\/multitailles\/800x600_saintviaud-chapellesaintvital-bd-ddufour-2021-10194.jpg"},"640x480":{"url":"https:\/\/www.saint-brevin.com\/medias\/images\/prestataires\/multitailles\/640x480_saintviaud-chapellesaintvital-bd-ddufour-2021-10194.jpg"},"320x240":{"url":"https:\/\/www.saint-brevin.com\/medias\/images\/prestataires\/multitailles\/320x240_saintviaud-chapellesaintvital-bd-ddufour-2021-10194.jpg"},"160x120":{"url":"https:\/\/www.saint-brevin.com\/medias\/images\/prestataires\/multitailles\/160x120_saintviaud-chapellesaintvital-bd-ddufour-2021-10194.jpg"},"origine":{"url":"https:\/\/www.saint-brevin.com\/medias\/images\/prestataires\/saintviaud-chapellesaintvital-bd-ddufour-2021-10194.jpg"}},"urlLien":"","typeLien":"|","nofollow":"N","copyright":"Damien Dufour"},{"url":"https:\/\/www.saint-brevin.com\/medias\/images\/prestataires\/l-ile-adet1-ccse-10192.jpg","chemin":"..\/medias\/images\/prestataires\/l-ile-adet1-ccse-10192.jpg","libelle":"l-ile-adet1-ccse-frossay","extension":"jpg","categorie":"","largeur":3264,"theme":"","hauteur":2448,"type":"Image","origine":"","liaisonPave":"","langue":"","id":"10192","urlVignette":"https:\/\/www.saint-brevin.com\/medias\/images\/prestataires\/v-l-ile-adet1-ccse-10192.jpg","alt":"l-ile-adet1-ccse-frossay","title":"l-ile-adet1-ccse-frossay","MultiTaille":{"1920x1440":{"url":"https:\/\/www.saint-brevin.com\/medias\/images\/prestataires\/multitailles\/1920x1440_l-ile-adet1-ccse-10192.jpg"},"1200x900":{"url":"https:\/\/www.saint-brevin.com\/medias\/images\/prestataires\/multitailles\/1200x900_l-ile-adet1-ccse-10192.jpg"},"800x600":{"url":"https:\/\/www.saint-brevin.com\/medias\/images\/prestataires\/multitailles\/800x600_l-ile-adet1-ccse-10192.jpg"},"640x480":{"url":"https:\/\/www.saint-brevin.com\/medias\/images\/prestataires\/multitailles\/640x480_l-ile-adet1-ccse-10192.jpg"},"320x240":{"url":"https:\/\/www.saint-brevin.com\/medias\/images\/prestataires\/multitailles\/320x240_l-ile-adet1-ccse-10192.jpg"},"160x120":{"url":"https:\/\/www.saint-brevin.com\/medias\/images\/prestataires\/multitailles\/160x120_l-ile-adet1-ccse-10192.jpg"},"origine":{"url":"https:\/\/www.saint-brevin.com\/medias\/images\/prestataires\/l-ile-adet1-ccse-10192.jpg"}},"urlLien":"","typeLien":"|","nofollow":"N","copyright":"CCSE"},{"url":"https:\/\/www.saint-brevin.com\/medias\/images\/prestataires\/l-ile-adet2-douaud-10191.jpg","chemin":"..\/medias\/images\/prestataires\/l-ile-adet2-douaud-10191.jpg","libelle":"l-ile-adet2-frossay","extension":"jpg","categorie":"","largeur":1476,"theme":"","hauteur":984,"type":"Image","origine":"","liaisonPave":"","langue":"","id":"10191","urlVignette":"https:\/\/www.saint-brevin.com\/medias\/images\/prestataires\/v-l-ile-adet2-douaud-10191.jpg","alt":"l-ile-adet2-frossay","title":"l-ile-adet2-frossay","MultiTaille":{"1920x1440":{"url":"https:\/\/www.saint-brevin.com\/medias\/images\/prestataires\/multitailles\/1920x1440_l-ile-adet2-douaud-10191.jpg"},"1200x900":{"url":"https:\/\/www.saint-brevin.com\/medias\/images\/prestataires\/multitailles\/1200x900_l-ile-adet2-douaud-10191.jpg"},"800x600":{"url":"https:\/\/www.saint-brevin.com\/medias\/images\/prestataires\/multitailles\/800x600_l-ile-adet2-douaud-10191.jpg"},"640x480":{"url":"https:\/\/www.saint-brevin.com\/medias\/images\/prestataires\/multitailles\/640x480_l-ile-adet2-douaud-10191.jpg"},"320x240":{"url":"https:\/\/www.saint-brevin.com\/medias\/images\/prestataires\/multitailles\/320x240_l-ile-adet2-douaud-10191.jpg"},"160x120":{"url":"https:\/\/www.saint-brevin.com\/medias\/images\/prestataires\/multitailles\/160x120_l-ile-adet2-douaud-10191.jpg"},"origine":{"url":"https:\/\/www.saint-brevin.com\/medias\/images\/prestataires\/l-ile-adet2-douaud-10191.jpg"}},"urlLien":"","typeLien":"|","nofollow":"N","copyright":"CCSE-Douaud"},{"url":"https:\/\/www.saint-brevin.com\/medias\/images\/prestataires\/l-ile-adet-ccse-10193.jpg","chemin":"..\/medias\/images\/prestataires\/l-ile-adet-ccse-10193.jpg","libelle":"l-ile-adet-ccse-frossay-chemin-rando","extension":"jpg","categorie":"","largeur":2448,"theme":"","hauteur":3264,"type":"Image","origine":"","liaisonPave":"","langue":"","id":"10193","urlVignette":"https:\/\/www.saint-brevin.com\/medias\/images\/prestataires\/v-l-ile-adet-ccse-10193.jpg","alt":"l-ile-adet-ccse-frossay-chemin-rando","title":"l-ile-adet-ccse-frossay-chemin-rando","MultiTaille":{"1920x1440":{"url":"https:\/\/www.saint-brevin.com\/medias\/images\/prestataires\/multitailles\/1920x1440_l-ile-adet-ccse-10193.jpg"},"1200x900":{"url":"https:\/\/www.saint-brevin.com\/medias\/images\/prestataires\/multitailles\/1200x900_l-ile-adet-ccse-10193.jpg"},"800x600":{"url":"https:\/\/www.saint-brevin.com\/medias\/images\/prestataires\/multitailles\/800x600_l-ile-adet-ccse-10193.jpg"},"640x480":{"url":"https:\/\/www.saint-brevin.com\/medias\/images\/prestataires\/multitailles\/640x480_l-ile-adet-ccse-10193.jpg"},"320x240":{"url":"https:\/\/www.saint-brevin.com\/medias\/images\/prestataires\/multitailles\/320x240_l-ile-adet-ccse-10193.jpg"},"160x120":{"url":"https:\/\/www.saint-brevin.com\/medias\/images\/prestataires\/multitailles\/160x120_l-ile-adet-ccse-10193.jpg"},"origine":{"url":"https:\/\/www.saint-brevin.com\/medias\/images\/prestataires\/l-ile-adet-ccse-10193.jpg"}},"urlLien":"","typeLien":"|","nofollow":"N","copyright":"CCSE"},{"url":"https:\/\/www.saint-brevin.com\/medias\/images\/prestataires\/visuel-carte-d-part-base-v-lo-10821.png","chemin":"..\/medias\/images\/prestataires\/visuel-carte-d-part-base-v-lo-10821.png","libelle":"visuel-carte-d-part-base-v-lo-10821","extension":"png","categorie":"","largeur":1277,"theme":"","hauteur":905,"type":"Image","origine":"","liaisonPave":"","langue":"","id":"10821","urlVignette":"https:\/\/www.saint-brevin.com\/medias\/images\/prestataires\/v-visuel-carte-d-part-base-v-lo-10821.png","alt":"visuel-carte-d-part-base-v-lo-10821","title":"visuel-carte-d-part-base-v-lo-10821","MultiTaille":{"1920x1440":{"url":"https:\/\/www.saint-brevin.com\/medias\/images\/prestataires\/multitailles\/1920x1440_visuel-carte-d-part-base-v-lo-10821.png"},"1200x900":{"url":"https:\/\/www.saint-brevin.com\/medias\/images\/prestataires\/multitailles\/1200x900_visuel-carte-d-part-base-v-lo-10821.png"},"800x600":{"url":"https:\/\/www.saint-brevin.com\/medias\/images\/prestataires\/multitailles\/800x600_visuel-carte-d-part-base-v-lo-10821.png"},"640x480":{"url":"https:\/\/www.saint-brevin.com\/medias\/images\/prestataires\/multitailles\/640x480_visuel-carte-d-part-base-v-lo-10821.png"},"320x240":{"url":"https:\/\/www.saint-brevin.com\/medias\/images\/prestataires\/multitailles\/320x240_visuel-carte-d-part-base-v-lo-10821.png"},"160x120":{"url":"https:\/\/www.saint-brevin.com\/medias\/images\/prestataires\/multitailles\/160x120_visuel-carte-d-part-base-v-lo-10821.png"},"origine":{"url":"https:\/\/www.saint-brevin.com\/medias\/images\/prestataires\/visuel-carte-d-part-base-v-lo-10821.png"}},"urlLien":"","typeLien":"|","nofollow":"N","copyright":"Nathan Morel"}]},"Url":"cycling-route-from-the-canal-to-the-saint-vital-chapel.html","Localisation":{"GoogleMap":{"Latitude":"47.25875","Longitude":"-1.91498"}},"ZoneGeo":"","Criteres":{"ICOMMU[ICD":"Frossay","ICOMMU[ICA":"Frossay","COMMUNES[FROSSAY":"","INAI[ISPR":"","ITYITI[ICYCLO":"","ITHITI[IND":"","TDLTH[DHAACN":"","IDUITIAVELO[IJOURNEE":"","DISTANCEDELAGARE[KMGARESAINTBAZAIRE":"30","DISTANCEDELAGARE[KMGAREPORNIC":"25","IINITI[IDISTANCEKM":"42,3","MAJINGENIE[DATEDERNIEREMAJ":"20251119","MISEAJOUR[FABIENNE":""},"DateFinPublication":"","PrixAPartirDe":"","PrixPour":"","FicheListeEnCours":"fiche_liste_itineraires_touristiques_v2017","ParametresModele":{"AfficherPhotos":"1","NbPhotosMax":6,"AfficherReserver":0,"AfficherContact":0,"AfficherSalle":1,"AfficherZoneGeo":0,"AfficherEnSavoirPlus":"1","AfficherUneSeuleOuverture":0,"AfficherContactCarte":1,"AfficherTarifsChaudAPartirDe":0,"AfficherTarifChaudSansRecherche":0,"AfficherLiensCarnetVoyage":"1","BlocCritereInfo":{"critere1":{"libelle":"","liste_critere":["ITYITI|I"]},"critere2":{"libelle":"","liste_critere":["COMMUNES|I","IDIITI|I","IINITI|IMINUTES|I"]},"critere3":{"libelle":""},"critere4":{"libelle":""},"critere5":{"libelle":""},"critere6":{"libelle":""},"critere7":{"libelle":""},"critere8":{"libelle":""},"afficherpictoetpaslibelle":"1"},"PositionBloc":"NOM|GALLERIE|CARNET_VOYAGE|URL|AFFICHERZONEGEO|ZONEPRINCIPALFICHEPRESTA|PICTOSOUSPHOTOS|DESCRIPTIF","TypePrestataire":"I","ComportementResa":false,"ComportementDispo":false},"AffichageCoordonnees":[],"Coordonnees":{"Ville":"FROSSAY"},"ContexteId":"PRESTATAIRE|I|DUCANALASAINTVITAL","ContexteIdHtml":"PRESTATAIRE-I-DUCANALASAINTVITAL","cleContexte":"I|DUCANALASAINTVITAL","Bloc":{"texte1":"","texte3":"","critere1":{"libelle":"","contenu":{"ITYITI":{"libelle":"TYPE OF ITINERARY","contenu":{"2":"\u003Cimg src=\"https:\/\/www.saint-brevin.com\/medias\/images\/picto\/ITYITI-ICYCLO-I.png\"  alt=\"Cycle touring\" title=\"Cycle touring\" \/\u003E"},"codesValeurs":{"2":"ITYITI|ICYCLO|I"},"criteres_datas":{"valeurs":{"2":{"ICYCLO":{"descriptif":""}}}}}}},"critere2":{"libelle":"","contenu":{"COMMUNES":{"libelle":"Geographical zone","contenu":{"4":"Frossay"},"codesValeurs":{"4":"COMMUNES|FROSSAY|I"},"criteres_datas":{"valeurs":{"4":{"FROSSAY":{"descriptif":""}}}}}}},"critere3":{"libelle":"","contenu":[]},"critere4":{"libelle":"","contenu":[]},"critere5":{"libelle":"","contenu":[]},"critere6":{"libelle":"","contenu":[]},"critere7":{"libelle":"","contenu":[]},"critere8":{"libelle":"","contenu":[]},"critere9":{"libelle":"","contenu":[]}},"LocalisationGps":{"Latitude":"47.25875","Longitude":"-1.91498"},"libelleDuPrestataire":"","listeCriteres":{"ICOMMU":{"ICD":"Frossay","ICA":"Frossay"},"COMMUNES":{"FROSSAY":""},"INAI":{"ISPR":""},"ITYITI":{"ICYCLO":""},"ITHITI":{"IND":""},"TDLTH":{"DHAACN":""},"IDUITIAVELO":{"IJOURNEE":""},"DISTANCEDELAGARE":{"KMGARESAINTBAZAIRE":"30","KMGAREPORNIC":"25"},"IINITI":{"IDISTANCEKM":"42,3"},"MAJINGENIE":{"DATEDERNIEREMAJ":"20251119"},"MISEAJOUR":{"FABIENNE":""}},"dansCarnetVoyage":true,"Ouverture":""},"html":" \n \u003Cdiv id=\"CV-PRESTATAIRE-I-DUCANALASAINTVITAL\" data-contexte-id=\"PRESTATAIRE|I|DUCANALASAINTVITAL\" data-cle=\"I|DUCANALASAINTVITAL\" class=\"fiche-liste\"\u003E\n    \n\n    \u003C!-- partie photo --\u003E\n    \u003Cdiv class=\"photo\"\u003E\t\t\t\t\t\t\t\t\t\t\t\t\t\t\t\t\t\t\t\t\t\n        \u003Cdiv class=\"cadre_photo_principale\"\u003E\t\t\n        \n            \t\t\t\t\t\n                    \u003Ca href=\"cycling-route-from-the-canal-to-the-saint-vital-chapel.html?origine=carnet#media\"\u003E\n                        \u003Cimg class=\"photo_principale\" alt=\"frossay-ileadet-vuechemindrone\" src=\"https:\/\/www.saint-brevin.com\/medias\/images\/prestataires\/multitailles\/320x240_frossay-ileadet-vuechemindrone-bd-ddufour-2021-9929-10168-10176.jpg\" itemprop=\"image\"\u003E\n                    \u003C\/a\u003E\t\t\t\t\t\t\n                \n                    \u003C\/div\u003E\t\t\t\t\t\t\t\t\t\t\t\t\t\t\t\t\t\t\t \t\t\n    \u003C\/div\u003E\n    \n    \u003C!-- partie nom prest --\u003E\n    \u003Cdiv class=\"nom\"\u003E\n        \u003Ch2\u003ECycling route from the canal to the Saint-Vital Chapel\u003C\/h2\u003E\n        \n            \u003C\/div\u003E\n\n         \n    \u003C!-- partie adresse --\u003E\n    \u003Cdiv class=\"adresse\"\u003E\n    \n          \n    \u003C\/div\u003E\n    \n    \u003C!-- partie liens --\u003E\n    \u003Cdiv class=\"liens\"\u003E\n            \u003Ca class=\"btn-icon btn-view \" title=\"Read more \" href=\"cycling-route-from-the-canal-to-the-saint-vital-chapel.html?origine=carnet\"\u003E\u003C\/a\u003E\u003C!--\u003Ca class=\"btn-icon btn-view \" title=\"\" href=\"?origine=carnet#thaut\"\u003E\u003C\/a\u003E--\u003E\n      \u003Ca class=\"btn-icon btn-trash carnet_voyage_supprimer\" title=\"Remove to travel notes \" href=\"carnet-voyage?action=remove&fiche=I|DUCANALASAINTVITAL\"\u003E\u003C\/a\u003E\n    \u003C\/div\u003E\n\n\u003C\/div\u003E\n\n","icon":"https:\/\/static.ingenie.fr\/images\/carnetVoyageV3\/I.png"},"fiche":"I|DUCANALASAINTVITAL","popup":"\u003Cdiv id=\"bloc_popup_ajout_fiche_carnet\"\u003E\n    \u003Cdiv class=\"info_popup_ajout_fiche_carnet\"\u003E\n        You have added this item to your travel notes :    \u003C\/div\u003E\n    \u003Cdiv class=\"prest_popup_ajout_fiche_carnet\"\u003E\n        Cycling route from the canal to the Saint-Vital Chapel    \u003C\/div\u003E\n    \u003Cdiv class=\"bloc_btn_ajout_fiche_carnet form_submit_div\"\u003E\n        \u003Cinput type=\"button\" value=\"Continue \" title=\"Continue \" name=\"btn_close\" class=\"btn_close_popup_carnet form_submit\" onclick=\"$.colorbox.close()\" \/\u003E\n        \u003Cinput type=\"button\" value=\"View my travel notes \" title=\"View my travel notes \" name=\"btn_panier\" class=\"btn_panier_popup_carnet form_submit\" onclick=\"if(typeof CarnetVoyage != 'undefined') {CarnetVoyage.voirCarnet();}\" \/\u003E\n    \u003C\/div\u003E\n    \u003Cdiv class=\"bloc_btn_ajout_fiche_carnet\"\u003E\n        \u003Cinput type=\"checkbox\" value=\"1\" name=\"desactiver_popup\" id=\"desactiver_popup\" \/\u003E\n        \u003Clabel for=\"desactiver_popup\"\u003EDo not show this message again \u003C\/label\u003E\n    \u003C\/div\u003E\n\u003C\/div\u003E","success":1}