{"nbFiches":1,"dataPrest":{"infoPrest":{"pave1":{"libelle":"Slogan","contenu":""},"pave2":{"libelle":"Descriptif","contenu":""},"pave3":{"libelle":"","contenu":""},"pave4":{"libelle":"","contenu":""},"pave5":{"libelle":"","contenu":""},"pave6":{"libelle":"","contenu":""},"pave7":{"libelle":"","contenu":""},"pave8":{"libelle":"","contenu":""},"pave9":{"libelle":"","contenu":""},"pave10":{"libelle":"","contenu":""},"pave11":{"libelle":"","contenu":""},"pave12":{"libelle":"","contenu":""},"pave13":{"libelle":"","contenu":""},"pave14":{"libelle":"","contenu":""},"pave15":{"libelle":"","contenu":""},"pave16":{"libelle":"","contenu":""},"pave17":{"libelle":"","contenu":""},"pave18":{"libelle":"","contenu":""},"pave19":{"libelle":"","contenu":""},"pave20":{"libelle":"","contenu":""},"pave21":{"libelle":"","contenu":""},"pave22":{"libelle":"","contenu":""},"pave23":{"libelle":"","contenu":""},"pave24":{"libelle":"","contenu":""},"pave25":{"libelle":"","contenu":""},"ContactsParType":{"OT":{"129":{"id_contact":"129","type_contact":"OT","categorie_contact":"PRESTATAIRE","societe_contact":"","fonction_contact":"","civilite_nom_prenom_contact":"","adresse1_contact":"","adresse2_contact":"","adresse3_contact":"","cpostal_contact":"","ville_contact":"","teldom_contact":"02 40 27 24 32","telbur_contact":"","fax_contact":"","portable_contact":"","email_contact":"","siteweb_contact":"","commentaire_contact":"","langue_contact":"","autre_moyen_com":[]}}},"Libelle":"The Ocean Beach","Nom":"Plage de l'Oc\u00e9an","Prenom":"","NomPrenom":"Plage de l'Oc\u00e9an ","CiviliteNomPrenom":"Plage de l'Oc\u00e9an ","Cle":"N|LOIPDL044000039","PrestataireParent":"","ContexteStat":"PRESTATAIRE-N-LOIPDL044000039","DateModificationIso":"2025-11-24T14:28:00+01:00","Type":"PRESTATAIRE","TypePrestataire":"N","Adresse":{"LigneAdresse1":"Boulevard de l'Oc\u00e9an","LigneAdresse2":"","LigneAdresse3":"","CodePostal":"44250","Ville":"ST BREVIN LES PINS","Cedex":"","Etat":"","Pays":"FRA"},"Email":"","Telephone":"02 40 64 44 44","TelephoneBureau":"","Portable":"","SiteWeb":"","Fax":"","Id":"n-loipdl044000039","Code":"N|LOIPDL044000039","Fichier":{"Image":[{"url":"https:\/\/www.saint-brevin.com\/medias\/images\/prestataires\/lad-stbrevinlespinsbd-j-r-myj-hanin-73-8891.jpg","chemin":"..\/medias\/images\/prestataires\/lad-stbrevinlespinsbd-j-r-myj-hanin-73-8891.jpg","libelle":"lad-stbrevinlespinsbd-j-r-myj-hanin-73-8891","extension":"jpg","categorie":"","largeur":7008,"theme":"","hauteur":4672,"type":"Image","origine":"","liaisonPave":"","langue":"","id":"8891","urlVignette":"https:\/\/www.saint-brevin.com\/medias\/images\/prestataires\/v-lad-stbrevinlespinsbd-j-r-myj-hanin-73-8891.jpg","alt":"lad-stbrevinlespinsbd-j-r-myj-hanin-73-8891","title":"lad-stbrevinlespinsbd-j-r-myj-hanin-73-8891","MultiTaille":{"1920x1440":{"url":"https:\/\/www.saint-brevin.com\/medias\/images\/prestataires\/multitailles\/1920x1440_lad-stbrevinlespinsbd-j-r-myj-hanin-73-8891.jpg"},"1200x900":{"url":"https:\/\/www.saint-brevin.com\/medias\/images\/prestataires\/multitailles\/1200x900_lad-stbrevinlespinsbd-j-r-myj-hanin-73-8891.jpg"},"800x600":{"url":"https:\/\/www.saint-brevin.com\/medias\/images\/prestataires\/multitailles\/800x600_lad-stbrevinlespinsbd-j-r-myj-hanin-73-8891.jpg"},"640x480":{"url":"https:\/\/www.saint-brevin.com\/medias\/images\/prestataires\/multitailles\/640x480_lad-stbrevinlespinsbd-j-r-myj-hanin-73-8891.jpg"},"320x240":{"url":"https:\/\/www.saint-brevin.com\/medias\/images\/prestataires\/multitailles\/320x240_lad-stbrevinlespinsbd-j-r-myj-hanin-73-8891.jpg"},"160x120":{"url":"https:\/\/www.saint-brevin.com\/medias\/images\/prestataires\/multitailles\/160x120_lad-stbrevinlespinsbd-j-r-myj-hanin-73-8891.jpg"},"origine":{"url":"https:\/\/www.saint-brevin.com\/medias\/images\/prestataires\/lad-stbrevinlespinsbd-j-r-myj-hanin-73-8891.jpg"}},"urlLien":"","typeLien":"|","nofollow":"N","copyright":"J\u00e9remy Hanin"},{"url":"https:\/\/www.saint-brevin.com\/medias\/images\/prestataires\/dsc04071-web-8907.jpg","chemin":"..\/medias\/images\/prestataires\/dsc04071-web-8907.jpg","libelle":"dsc04071-web-8907","extension":"jpg","categorie":"","largeur":1000,"theme":"","hauteur":1500,"type":"Image","origine":"","liaisonPave":"","langue":"","id":"8907","urlVignette":"https:\/\/www.saint-brevin.com\/medias\/images\/prestataires\/v-dsc04071-web-8907.jpg","alt":"dsc04071-web-8907","title":"dsc04071-web-8907","MultiTaille":{"1920x1440":{"url":"https:\/\/www.saint-brevin.com\/medias\/images\/prestataires\/multitailles\/1920x1440_dsc04071-web-8907.jpg"},"1200x900":{"url":"https:\/\/www.saint-brevin.com\/medias\/images\/prestataires\/multitailles\/1200x900_dsc04071-web-8907.jpg"},"800x600":{"url":"https:\/\/www.saint-brevin.com\/medias\/images\/prestataires\/multitailles\/800x600_dsc04071-web-8907.jpg"},"640x480":{"url":"https:\/\/www.saint-brevin.com\/medias\/images\/prestataires\/multitailles\/640x480_dsc04071-web-8907.jpg"},"320x240":{"url":"https:\/\/www.saint-brevin.com\/medias\/images\/prestataires\/multitailles\/320x240_dsc04071-web-8907.jpg"},"160x120":{"url":"https:\/\/www.saint-brevin.com\/medias\/images\/prestataires\/multitailles\/160x120_dsc04071-web-8907.jpg"},"origine":{"url":"https:\/\/www.saint-brevin.com\/medias\/images\/prestataires\/dsc04071-web-8907.jpg"}},"urlLien":"","typeLien":"|","nofollow":"N","copyright":"YPOV AGENCY"},{"url":"https:\/\/www.saint-brevin.com\/medias\/images\/prestataires\/img-8027-8888.jpg","chemin":"..\/medias\/images\/prestataires\/img-8027-8888.jpg","libelle":"img-8027-8888","extension":"jpg","categorie":"","largeur":5466,"theme":"","hauteur":3644,"type":"Image","origine":"","liaisonPave":"","langue":"","id":"8888","urlVignette":"https:\/\/www.saint-brevin.com\/medias\/images\/prestataires\/v-img-8027-8888.jpg","alt":"img-8027-8888","title":"img-8027-8888","MultiTaille":{"1920x1440":{"url":"https:\/\/www.saint-brevin.com\/medias\/images\/prestataires\/multitailles\/1920x1440_img-8027-8888.jpg"},"1200x900":{"url":"https:\/\/www.saint-brevin.com\/medias\/images\/prestataires\/multitailles\/1200x900_img-8027-8888.jpg"},"800x600":{"url":"https:\/\/www.saint-brevin.com\/medias\/images\/prestataires\/multitailles\/800x600_img-8027-8888.jpg"},"640x480":{"url":"https:\/\/www.saint-brevin.com\/medias\/images\/prestataires\/multitailles\/640x480_img-8027-8888.jpg"},"320x240":{"url":"https:\/\/www.saint-brevin.com\/medias\/images\/prestataires\/multitailles\/320x240_img-8027-8888.jpg"},"160x120":{"url":"https:\/\/www.saint-brevin.com\/medias\/images\/prestataires\/multitailles\/160x120_img-8027-8888.jpg"},"origine":{"url":"https:\/\/www.saint-brevin.com\/medias\/images\/prestataires\/img-8027-8888.jpg"}},"urlLien":"","typeLien":"|","nofollow":"N","copyright":"Vincent Frasiak"},{"url":"https:\/\/www.saint-brevin.com\/medias\/images\/prestataires\/lad-stbrevinlespinsbd-j-r-myj-hanin-58-8892.jpg","chemin":"..\/medias\/images\/prestataires\/lad-stbrevinlespinsbd-j-r-myj-hanin-58-8892.jpg","libelle":"lad-stbrevinlespinsbd-j-r-myj-hanin-58-8892","extension":"jpg","categorie":"","largeur":4644,"theme":"","hauteur":6966,"type":"Image","origine":"","liaisonPave":"","langue":"","id":"8892","urlVignette":"https:\/\/www.saint-brevin.com\/medias\/images\/prestataires\/v-lad-stbrevinlespinsbd-j-r-myj-hanin-58-8892.jpg","alt":"lad-stbrevinlespinsbd-j-r-myj-hanin-58-8892","title":"lad-stbrevinlespinsbd-j-r-myj-hanin-58-8892","MultiTaille":{"1920x1440":{"url":"https:\/\/www.saint-brevin.com\/medias\/images\/prestataires\/multitailles\/1920x1440_lad-stbrevinlespinsbd-j-r-myj-hanin-58-8892.jpg"},"1200x900":{"url":"https:\/\/www.saint-brevin.com\/medias\/images\/prestataires\/multitailles\/1200x900_lad-stbrevinlespinsbd-j-r-myj-hanin-58-8892.jpg"},"800x600":{"url":"https:\/\/www.saint-brevin.com\/medias\/images\/prestataires\/multitailles\/800x600_lad-stbrevinlespinsbd-j-r-myj-hanin-58-8892.jpg"},"640x480":{"url":"https:\/\/www.saint-brevin.com\/medias\/images\/prestataires\/multitailles\/640x480_lad-stbrevinlespinsbd-j-r-myj-hanin-58-8892.jpg"},"320x240":{"url":"https:\/\/www.saint-brevin.com\/medias\/images\/prestataires\/multitailles\/320x240_lad-stbrevinlespinsbd-j-r-myj-hanin-58-8892.jpg"},"160x120":{"url":"https:\/\/www.saint-brevin.com\/medias\/images\/prestataires\/multitailles\/160x120_lad-stbrevinlespinsbd-j-r-myj-hanin-58-8892.jpg"},"origine":{"url":"https:\/\/www.saint-brevin.com\/medias\/images\/prestataires\/lad-stbrevinlespinsbd-j-r-myj-hanin-58-8892.jpg"}},"urlLien":"","typeLien":"|","nofollow":"N","copyright":"J\u00e9remy Hanin"},{"url":"https:\/\/www.saint-brevin.com\/medias\/images\/prestataires\/30-mai-2019-img-7741-8889.jpg","chemin":"..\/medias\/images\/prestataires\/30-mai-2019-img-7741-8889.jpg","libelle":"30-mai-2019-img-7741-8889","extension":"jpg","categorie":"","largeur":3597,"theme":"","hauteur":5395,"type":"Image","origine":"","liaisonPave":"","langue":"","id":"8889","urlVignette":"https:\/\/www.saint-brevin.com\/medias\/images\/prestataires\/v-30-mai-2019-img-7741-8889.jpg","alt":"30-mai-2019-img-7741-8889","title":"30-mai-2019-img-7741-8889","MultiTaille":{"1920x1440":{"url":"https:\/\/www.saint-brevin.com\/medias\/images\/prestataires\/multitailles\/1920x1440_30-mai-2019-img-7741-8889.jpg"},"1200x900":{"url":"https:\/\/www.saint-brevin.com\/medias\/images\/prestataires\/multitailles\/1200x900_30-mai-2019-img-7741-8889.jpg"},"800x600":{"url":"https:\/\/www.saint-brevin.com\/medias\/images\/prestataires\/multitailles\/800x600_30-mai-2019-img-7741-8889.jpg"},"640x480":{"url":"https:\/\/www.saint-brevin.com\/medias\/images\/prestataires\/multitailles\/640x480_30-mai-2019-img-7741-8889.jpg"},"320x240":{"url":"https:\/\/www.saint-brevin.com\/medias\/images\/prestataires\/multitailles\/320x240_30-mai-2019-img-7741-8889.jpg"},"160x120":{"url":"https:\/\/www.saint-brevin.com\/medias\/images\/prestataires\/multitailles\/160x120_30-mai-2019-img-7741-8889.jpg"},"origine":{"url":"https:\/\/www.saint-brevin.com\/medias\/images\/prestataires\/30-mai-2019-img-7741-8889.jpg"}},"urlLien":"","typeLien":"|","nofollow":"N","copyright":"Vincent Frasiak"},{"url":"https:\/\/www.saint-brevin.com\/medias\/images\/prestataires\/dsc04057-web-8905.jpg","chemin":"..\/medias\/images\/prestataires\/dsc04057-web-8905.jpg","libelle":"dsc04057-web-8905","extension":"jpg","categorie":"","largeur":1500,"theme":"","hauteur":1000,"type":"Image","origine":"","liaisonPave":"","langue":"","id":"8905","urlVignette":"https:\/\/www.saint-brevin.com\/medias\/images\/prestataires\/v-dsc04057-web-8905.jpg","alt":"dsc04057-web-8905","title":"dsc04057-web-8905","MultiTaille":{"1920x1440":{"url":"https:\/\/www.saint-brevin.com\/medias\/images\/prestataires\/multitailles\/1920x1440_dsc04057-web-8905.jpg"},"1200x900":{"url":"https:\/\/www.saint-brevin.com\/medias\/images\/prestataires\/multitailles\/1200x900_dsc04057-web-8905.jpg"},"800x600":{"url":"https:\/\/www.saint-brevin.com\/medias\/images\/prestataires\/multitailles\/800x600_dsc04057-web-8905.jpg"},"640x480":{"url":"https:\/\/www.saint-brevin.com\/medias\/images\/prestataires\/multitailles\/640x480_dsc04057-web-8905.jpg"},"320x240":{"url":"https:\/\/www.saint-brevin.com\/medias\/images\/prestataires\/multitailles\/320x240_dsc04057-web-8905.jpg"},"160x120":{"url":"https:\/\/www.saint-brevin.com\/medias\/images\/prestataires\/multitailles\/160x120_dsc04057-web-8905.jpg"},"origine":{"url":"https:\/\/www.saint-brevin.com\/medias\/images\/prestataires\/dsc04057-web-8905.jpg"}},"urlLien":"","typeLien":"|","nofollow":"N","copyright":"YPOV AGENCY"},{"url":"https:\/\/www.saint-brevin.com\/medias\/images\/prestataires\/lad-stbrevinlespinsbd-j-r-myj-hanin-59-8890.jpg","chemin":"..\/medias\/images\/prestataires\/lad-stbrevinlespinsbd-j-r-myj-hanin-59-8890.jpg","libelle":"lad-stbrevinlespinsbd-j-r-myj-hanin-59-8890","extension":"jpg","categorie":"","largeur":4643,"theme":"","hauteur":6964,"type":"Image","origine":"","liaisonPave":"","langue":"","id":"8890","urlVignette":"https:\/\/www.saint-brevin.com\/medias\/images\/prestataires\/v-lad-stbrevinlespinsbd-j-r-myj-hanin-59-8890.jpg","alt":"lad-stbrevinlespinsbd-j-r-myj-hanin-59-8890","title":"lad-stbrevinlespinsbd-j-r-myj-hanin-59-8890","MultiTaille":{"1920x1440":{"url":"https:\/\/www.saint-brevin.com\/medias\/images\/prestataires\/multitailles\/1920x1440_lad-stbrevinlespinsbd-j-r-myj-hanin-59-8890.jpg"},"1200x900":{"url":"https:\/\/www.saint-brevin.com\/medias\/images\/prestataires\/multitailles\/1200x900_lad-stbrevinlespinsbd-j-r-myj-hanin-59-8890.jpg"},"800x600":{"url":"https:\/\/www.saint-brevin.com\/medias\/images\/prestataires\/multitailles\/800x600_lad-stbrevinlespinsbd-j-r-myj-hanin-59-8890.jpg"},"640x480":{"url":"https:\/\/www.saint-brevin.com\/medias\/images\/prestataires\/multitailles\/640x480_lad-stbrevinlespinsbd-j-r-myj-hanin-59-8890.jpg"},"320x240":{"url":"https:\/\/www.saint-brevin.com\/medias\/images\/prestataires\/multitailles\/320x240_lad-stbrevinlespinsbd-j-r-myj-hanin-59-8890.jpg"},"160x120":{"url":"https:\/\/www.saint-brevin.com\/medias\/images\/prestataires\/multitailles\/160x120_lad-stbrevinlespinsbd-j-r-myj-hanin-59-8890.jpg"},"origine":{"url":"https:\/\/www.saint-brevin.com\/medias\/images\/prestataires\/lad-stbrevinlespinsbd-j-r-myj-hanin-59-8890.jpg"}},"urlLien":"","typeLien":"|","nofollow":"N","copyright":"J\u00e9r\u00e9my Hanin"},{"url":"https:\/\/www.saint-brevin.com\/medias\/images\/prestataires\/dsc04163-web-8908.jpg","chemin":"..\/medias\/images\/prestataires\/dsc04163-web-8908.jpg","libelle":"dsc04163-web-8908","extension":"jpg","categorie":"","largeur":1001,"theme":"","hauteur":1500,"type":"Image","origine":"","liaisonPave":"","langue":"","id":"8908","urlVignette":"https:\/\/www.saint-brevin.com\/medias\/images\/prestataires\/v-dsc04163-web-8908.jpg","alt":"dsc04163-web-8908","title":"dsc04163-web-8908","MultiTaille":{"1920x1440":{"url":"https:\/\/www.saint-brevin.com\/medias\/images\/prestataires\/multitailles\/1920x1440_dsc04163-web-8908.jpg"},"1200x900":{"url":"https:\/\/www.saint-brevin.com\/medias\/images\/prestataires\/multitailles\/1200x900_dsc04163-web-8908.jpg"},"800x600":{"url":"https:\/\/www.saint-brevin.com\/medias\/images\/prestataires\/multitailles\/800x600_dsc04163-web-8908.jpg"},"640x480":{"url":"https:\/\/www.saint-brevin.com\/medias\/images\/prestataires\/multitailles\/640x480_dsc04163-web-8908.jpg"},"320x240":{"url":"https:\/\/www.saint-brevin.com\/medias\/images\/prestataires\/multitailles\/320x240_dsc04163-web-8908.jpg"},"160x120":{"url":"https:\/\/www.saint-brevin.com\/medias\/images\/prestataires\/multitailles\/160x120_dsc04163-web-8908.jpg"},"origine":{"url":"https:\/\/www.saint-brevin.com\/medias\/images\/prestataires\/dsc04163-web-8908.jpg"}},"urlLien":"","typeLien":"|","nofollow":"N","copyright":"YPOV AGENCY"},{"url":"https:\/\/www.saint-brevin.com\/medias\/images\/prestataires\/dsc04209-web-8909.jpg","chemin":"..\/medias\/images\/prestataires\/dsc04209-web-8909.jpg","libelle":"dsc04209-web-8909","extension":"jpg","categorie":"","largeur":1500,"theme":"","hauteur":1000,"type":"Image","origine":"","liaisonPave":"","langue":"","id":"8909","urlVignette":"https:\/\/www.saint-brevin.com\/medias\/images\/prestataires\/v-dsc04209-web-8909.jpg","alt":"dsc04209-web-8909","title":"dsc04209-web-8909","MultiTaille":{"1920x1440":{"url":"https:\/\/www.saint-brevin.com\/medias\/images\/prestataires\/multitailles\/1920x1440_dsc04209-web-8909.jpg"},"1200x900":{"url":"https:\/\/www.saint-brevin.com\/medias\/images\/prestataires\/multitailles\/1200x900_dsc04209-web-8909.jpg"},"800x600":{"url":"https:\/\/www.saint-brevin.com\/medias\/images\/prestataires\/multitailles\/800x600_dsc04209-web-8909.jpg"},"640x480":{"url":"https:\/\/www.saint-brevin.com\/medias\/images\/prestataires\/multitailles\/640x480_dsc04209-web-8909.jpg"},"320x240":{"url":"https:\/\/www.saint-brevin.com\/medias\/images\/prestataires\/multitailles\/320x240_dsc04209-web-8909.jpg"},"160x120":{"url":"https:\/\/www.saint-brevin.com\/medias\/images\/prestataires\/multitailles\/160x120_dsc04209-web-8909.jpg"},"origine":{"url":"https:\/\/www.saint-brevin.com\/medias\/images\/prestataires\/dsc04209-web-8909.jpg"}},"urlLien":"","typeLien":"|","nofollow":"N","copyright":"YPOV AGENCY"},{"url":"https:\/\/www.saint-brevin.com\/medias\/images\/prestataires\/dsc04042-web-8906.jpg","chemin":"..\/medias\/images\/prestataires\/dsc04042-web-8906.jpg","libelle":"dsc04042-web-8906","extension":"jpg","categorie":"","largeur":1500,"theme":"","hauteur":1000,"type":"Image","origine":"","liaisonPave":"","langue":"","id":"8906","urlVignette":"https:\/\/www.saint-brevin.com\/medias\/images\/prestataires\/v-dsc04042-web-8906.jpg","alt":"dsc04042-web-8906","title":"dsc04042-web-8906","MultiTaille":{"1920x1440":{"url":"https:\/\/www.saint-brevin.com\/medias\/images\/prestataires\/multitailles\/1920x1440_dsc04042-web-8906.jpg"},"1200x900":{"url":"https:\/\/www.saint-brevin.com\/medias\/images\/prestataires\/multitailles\/1200x900_dsc04042-web-8906.jpg"},"800x600":{"url":"https:\/\/www.saint-brevin.com\/medias\/images\/prestataires\/multitailles\/800x600_dsc04042-web-8906.jpg"},"640x480":{"url":"https:\/\/www.saint-brevin.com\/medias\/images\/prestataires\/multitailles\/640x480_dsc04042-web-8906.jpg"},"320x240":{"url":"https:\/\/www.saint-brevin.com\/medias\/images\/prestataires\/multitailles\/320x240_dsc04042-web-8906.jpg"},"160x120":{"url":"https:\/\/www.saint-brevin.com\/medias\/images\/prestataires\/multitailles\/160x120_dsc04042-web-8906.jpg"},"origine":{"url":"https:\/\/www.saint-brevin.com\/medias\/images\/prestataires\/dsc04042-web-8906.jpg"}},"urlLien":"","typeLien":"|","nofollow":"N","copyright":"YPOV AGENCY"},{"url":"https:\/\/www.saint-brevin.com\/medias\/images\/prestataires\/plage-ocean-st-brevin-5-160.jpg","chemin":"..\/medias\/images\/prestataires\/plage-ocean-st-brevin-5-160.jpg","libelle":"plage-ocean-st-brevin-5-160","extension":"jpg","categorie":"","largeur":5676,"theme":"","hauteur":3784,"type":"Image","origine":"","liaisonPave":"","langue":"","id":"160","urlVignette":"https:\/\/www.saint-brevin.com\/medias\/images\/prestataires\/v-plage-ocean-st-brevin-5-160.jpg","alt":"plage-ocean-st-brevin-5-160","title":"plage-ocean-st-brevin-5-160","MultiTaille":{"1920x1440":{"url":"https:\/\/www.saint-brevin.com\/medias\/images\/prestataires\/multitailles\/1920x1440_plage-ocean-st-brevin-5-160.jpg"},"1200x900":{"url":"https:\/\/www.saint-brevin.com\/medias\/images\/prestataires\/multitailles\/1200x900_plage-ocean-st-brevin-5-160.jpg"},"800x600":{"url":"https:\/\/www.saint-brevin.com\/medias\/images\/prestataires\/multitailles\/800x600_plage-ocean-st-brevin-5-160.jpg"},"640x480":{"url":"https:\/\/www.saint-brevin.com\/medias\/images\/prestataires\/multitailles\/640x480_plage-ocean-st-brevin-5-160.jpg"},"320x240":{"url":"https:\/\/www.saint-brevin.com\/medias\/images\/prestataires\/multitailles\/320x240_plage-ocean-st-brevin-5-160.jpg"},"160x120":{"url":"https:\/\/www.saint-brevin.com\/medias\/images\/prestataires\/multitailles\/160x120_plage-ocean-st-brevin-5-160.jpg"},"origine":{"url":"https:\/\/www.saint-brevin.com\/medias\/images\/prestataires\/plage-ocean-st-brevin-5-160.jpg"}},"urlLien":"","typeLien":"|","nofollow":"N","copyright":"Ot-St-Brevin"},{"url":"https:\/\/www.saint-brevin.com\/medias\/images\/prestataires\/plage-ocean-st-brevin-7-162.jpg","chemin":"..\/medias\/images\/prestataires\/plage-ocean-st-brevin-7-162.jpg","libelle":"plage-ocean-st-brevin-7-162","extension":"jpg","categorie":"","largeur":5184,"theme":"","hauteur":3456,"type":"Image","origine":"","liaisonPave":"","langue":"","id":"162","urlVignette":"https:\/\/www.saint-brevin.com\/medias\/images\/prestataires\/v-plage-ocean-st-brevin-7-162.jpg","alt":"plage-ocean-st-brevin-7-162","title":"plage-ocean-st-brevin-7-162","MultiTaille":{"1920x1440":{"url":"https:\/\/www.saint-brevin.com\/medias\/images\/prestataires\/multitailles\/1920x1440_plage-ocean-st-brevin-7-162.jpg"},"1200x900":{"url":"https:\/\/www.saint-brevin.com\/medias\/images\/prestataires\/multitailles\/1200x900_plage-ocean-st-brevin-7-162.jpg"},"800x600":{"url":"https:\/\/www.saint-brevin.com\/medias\/images\/prestataires\/multitailles\/800x600_plage-ocean-st-brevin-7-162.jpg"},"640x480":{"url":"https:\/\/www.saint-brevin.com\/medias\/images\/prestataires\/multitailles\/640x480_plage-ocean-st-brevin-7-162.jpg"},"320x240":{"url":"https:\/\/www.saint-brevin.com\/medias\/images\/prestataires\/multitailles\/320x240_plage-ocean-st-brevin-7-162.jpg"},"160x120":{"url":"https:\/\/www.saint-brevin.com\/medias\/images\/prestataires\/multitailles\/160x120_plage-ocean-st-brevin-7-162.jpg"},"origine":{"url":"https:\/\/www.saint-brevin.com\/medias\/images\/prestataires\/plage-ocean-st-brevin-7-162.jpg"}},"urlLien":"","typeLien":"|","nofollow":"N","copyright":"Ot-St-Brevin"},{"url":"https:\/\/www.saint-brevin.com\/medias\/images\/prestataires\/plage-ocean-st-brevin-9-163.jpg","chemin":"..\/medias\/images\/prestataires\/plage-ocean-st-brevin-9-163.jpg","libelle":"plage-ocean-st-brevin-9-163","extension":"jpg","categorie":"","largeur":3504,"theme":"","hauteur":2336,"type":"Image","origine":"","liaisonPave":"","langue":"","id":"163","urlVignette":"https:\/\/www.saint-brevin.com\/medias\/images\/prestataires\/v-plage-ocean-st-brevin-9-163.jpg","alt":"plage-ocean-st-brevin-9-163","title":"plage-ocean-st-brevin-9-163","MultiTaille":{"1920x1440":{"url":"https:\/\/www.saint-brevin.com\/medias\/images\/prestataires\/multitailles\/1920x1440_plage-ocean-st-brevin-9-163.jpg"},"1200x900":{"url":"https:\/\/www.saint-brevin.com\/medias\/images\/prestataires\/multitailles\/1200x900_plage-ocean-st-brevin-9-163.jpg"},"800x600":{"url":"https:\/\/www.saint-brevin.com\/medias\/images\/prestataires\/multitailles\/800x600_plage-ocean-st-brevin-9-163.jpg"},"640x480":{"url":"https:\/\/www.saint-brevin.com\/medias\/images\/prestataires\/multitailles\/640x480_plage-ocean-st-brevin-9-163.jpg"},"320x240":{"url":"https:\/\/www.saint-brevin.com\/medias\/images\/prestataires\/multitailles\/320x240_plage-ocean-st-brevin-9-163.jpg"},"160x120":{"url":"https:\/\/www.saint-brevin.com\/medias\/images\/prestataires\/multitailles\/160x120_plage-ocean-st-brevin-9-163.jpg"},"origine":{"url":"https:\/\/www.saint-brevin.com\/medias\/images\/prestataires\/plage-ocean-st-brevin-9-163.jpg"}},"urlLien":"","typeLien":"|","nofollow":"N","copyright":"Ot-St-Brevin"},{"url":"https:\/\/www.saint-brevin.com\/medias\/images\/prestataires\/plage-ocean-st-brevin-6-164.jpg","chemin":"..\/medias\/images\/prestataires\/plage-ocean-st-brevin-6-164.jpg","libelle":"plage-ocean-st-brevin-6-164","extension":"jpg","categorie":"","largeur":5589,"theme":"","hauteur":3726,"type":"Image","origine":"","liaisonPave":"","langue":"","id":"164","urlVignette":"https:\/\/www.saint-brevin.com\/medias\/images\/prestataires\/v-plage-ocean-st-brevin-6-164.jpg","alt":"plage-ocean-st-brevin-6-164","title":"plage-ocean-st-brevin-6-164","MultiTaille":{"1920x1440":{"url":"https:\/\/www.saint-brevin.com\/medias\/images\/prestataires\/multitailles\/1920x1440_plage-ocean-st-brevin-6-164.jpg"},"1200x900":{"url":"https:\/\/www.saint-brevin.com\/medias\/images\/prestataires\/multitailles\/1200x900_plage-ocean-st-brevin-6-164.jpg"},"800x600":{"url":"https:\/\/www.saint-brevin.com\/medias\/images\/prestataires\/multitailles\/800x600_plage-ocean-st-brevin-6-164.jpg"},"640x480":{"url":"https:\/\/www.saint-brevin.com\/medias\/images\/prestataires\/multitailles\/640x480_plage-ocean-st-brevin-6-164.jpg"},"320x240":{"url":"https:\/\/www.saint-brevin.com\/medias\/images\/prestataires\/multitailles\/320x240_plage-ocean-st-brevin-6-164.jpg"},"160x120":{"url":"https:\/\/www.saint-brevin.com\/medias\/images\/prestataires\/multitailles\/160x120_plage-ocean-st-brevin-6-164.jpg"},"origine":{"url":"https:\/\/www.saint-brevin.com\/medias\/images\/prestataires\/plage-ocean-st-brevin-6-164.jpg"}},"urlLien":"","typeLien":"|","nofollow":"N","copyright":"Ot-St-Brevin"},{"url":"https:\/\/www.saint-brevin.com\/medias\/images\/prestataires\/plage-ocean-st-brevin-2-159.jpg","chemin":"..\/medias\/images\/prestataires\/plage-ocean-st-brevin-2-159.jpg","libelle":"plage-ocean-st-brevin-2-159","extension":"jpg","categorie":"","largeur":5493,"theme":"","hauteur":3662,"type":"Image","origine":"","liaisonPave":"","langue":"","id":"159","urlVignette":"https:\/\/www.saint-brevin.com\/medias\/images\/prestataires\/v-plage-ocean-st-brevin-2-159.jpg","alt":"plage-ocean-st-brevin-2-159","title":"plage-ocean-st-brevin-2-159","MultiTaille":{"1920x1440":{"url":"https:\/\/www.saint-brevin.com\/medias\/images\/prestataires\/multitailles\/1920x1440_plage-ocean-st-brevin-2-159.jpg"},"1200x900":{"url":"https:\/\/www.saint-brevin.com\/medias\/images\/prestataires\/multitailles\/1200x900_plage-ocean-st-brevin-2-159.jpg"},"800x600":{"url":"https:\/\/www.saint-brevin.com\/medias\/images\/prestataires\/multitailles\/800x600_plage-ocean-st-brevin-2-159.jpg"},"640x480":{"url":"https:\/\/www.saint-brevin.com\/medias\/images\/prestataires\/multitailles\/640x480_plage-ocean-st-brevin-2-159.jpg"},"320x240":{"url":"https:\/\/www.saint-brevin.com\/medias\/images\/prestataires\/multitailles\/320x240_plage-ocean-st-brevin-2-159.jpg"},"160x120":{"url":"https:\/\/www.saint-brevin.com\/medias\/images\/prestataires\/multitailles\/160x120_plage-ocean-st-brevin-2-159.jpg"},"origine":{"url":"https:\/\/www.saint-brevin.com\/medias\/images\/prestataires\/plage-ocean-st-brevin-2-159.jpg"}},"urlLien":"","typeLien":"|","nofollow":"N","copyright":"Ot-St-Brevin"},{"url":"https:\/\/www.saint-brevin.com\/medias\/images\/prestataires\/plage-ocean-st-brevin-11-166.jpg","chemin":"..\/medias\/images\/prestataires\/plage-ocean-st-brevin-11-166.jpg","libelle":"plage-ocean-st-brevin-11-166","extension":"jpg","categorie":"","largeur":4368,"theme":"","hauteur":2912,"type":"Image","origine":"","liaisonPave":"","langue":"","id":"166","urlVignette":"https:\/\/www.saint-brevin.com\/medias\/images\/prestataires\/v-plage-ocean-st-brevin-11-166.jpg","alt":"plage-ocean-st-brevin-11-166","title":"plage-ocean-st-brevin-11-166","MultiTaille":{"1920x1440":{"url":"https:\/\/www.saint-brevin.com\/medias\/images\/prestataires\/multitailles\/1920x1440_plage-ocean-st-brevin-11-166.jpg"},"1200x900":{"url":"https:\/\/www.saint-brevin.com\/medias\/images\/prestataires\/multitailles\/1200x900_plage-ocean-st-brevin-11-166.jpg"},"800x600":{"url":"https:\/\/www.saint-brevin.com\/medias\/images\/prestataires\/multitailles\/800x600_plage-ocean-st-brevin-11-166.jpg"},"640x480":{"url":"https:\/\/www.saint-brevin.com\/medias\/images\/prestataires\/multitailles\/640x480_plage-ocean-st-brevin-11-166.jpg"},"320x240":{"url":"https:\/\/www.saint-brevin.com\/medias\/images\/prestataires\/multitailles\/320x240_plage-ocean-st-brevin-11-166.jpg"},"160x120":{"url":"https:\/\/www.saint-brevin.com\/medias\/images\/prestataires\/multitailles\/160x120_plage-ocean-st-brevin-11-166.jpg"},"origine":{"url":"https:\/\/www.saint-brevin.com\/medias\/images\/prestataires\/plage-ocean-st-brevin-11-166.jpg"}},"urlLien":"","typeLien":"|","nofollow":"N","copyright":"Ot-St-Brevin"},{"url":"https:\/\/www.saint-brevin.com\/medias\/images\/prestataires\/plage-ocean-st-brevin-1-157.jpg","chemin":"..\/medias\/images\/prestataires\/plage-ocean-st-brevin-1-157.jpg","libelle":"plage-ocean-st-brevin-1-157","extension":"jpg","categorie":"","largeur":2762,"theme":"","hauteur":1841,"type":"Image","origine":"","liaisonPave":"","langue":"","id":"157","urlVignette":"https:\/\/www.saint-brevin.com\/medias\/images\/prestataires\/v-plage-ocean-st-brevin-1-157.jpg","alt":"plage-ocean-st-brevin-1-157","title":"plage-ocean-st-brevin-1-157","MultiTaille":{"1920x1440":{"url":"https:\/\/www.saint-brevin.com\/medias\/images\/prestataires\/multitailles\/1920x1440_plage-ocean-st-brevin-1-157.jpg"},"1200x900":{"url":"https:\/\/www.saint-brevin.com\/medias\/images\/prestataires\/multitailles\/1200x900_plage-ocean-st-brevin-1-157.jpg"},"800x600":{"url":"https:\/\/www.saint-brevin.com\/medias\/images\/prestataires\/multitailles\/800x600_plage-ocean-st-brevin-1-157.jpg"},"640x480":{"url":"https:\/\/www.saint-brevin.com\/medias\/images\/prestataires\/multitailles\/640x480_plage-ocean-st-brevin-1-157.jpg"},"320x240":{"url":"https:\/\/www.saint-brevin.com\/medias\/images\/prestataires\/multitailles\/320x240_plage-ocean-st-brevin-1-157.jpg"},"160x120":{"url":"https:\/\/www.saint-brevin.com\/medias\/images\/prestataires\/multitailles\/160x120_plage-ocean-st-brevin-1-157.jpg"},"origine":{"url":"https:\/\/www.saint-brevin.com\/medias\/images\/prestataires\/plage-ocean-st-brevin-1-157.jpg"}},"urlLien":"","typeLien":"|","nofollow":"N","copyright":"Ot-St-Brevin"},{"url":"https:\/\/www.saint-brevin.com\/medias\/images\/prestataires\/plage-st-brevin-1448.jpg","chemin":"..\/medias\/images\/prestataires\/plage-st-brevin-1448.jpg","libelle":"plage-st-brevin-1448","extension":"jpg","categorie":"","largeur":5184,"theme":"","hauteur":3456,"type":"Image","origine":"","liaisonPave":"","langue":"","id":"1448","urlVignette":"https:\/\/www.saint-brevin.com\/medias\/images\/prestataires\/v-plage-st-brevin-1448.jpg","alt":"plage-st-brevin-1448","title":"plage-st-brevin-1448","MultiTaille":{"1920x1440":{"url":"https:\/\/www.saint-brevin.com\/medias\/images\/prestataires\/multitailles\/1920x1440_plage-st-brevin-1448.jpg"},"1200x900":{"url":"https:\/\/www.saint-brevin.com\/medias\/images\/prestataires\/multitailles\/1200x900_plage-st-brevin-1448.jpg"},"800x600":{"url":"https:\/\/www.saint-brevin.com\/medias\/images\/prestataires\/multitailles\/800x600_plage-st-brevin-1448.jpg"},"640x480":{"url":"https:\/\/www.saint-brevin.com\/medias\/images\/prestataires\/multitailles\/640x480_plage-st-brevin-1448.jpg"},"320x240":{"url":"https:\/\/www.saint-brevin.com\/medias\/images\/prestataires\/multitailles\/320x240_plage-st-brevin-1448.jpg"},"160x120":{"url":"https:\/\/www.saint-brevin.com\/medias\/images\/prestataires\/multitailles\/160x120_plage-st-brevin-1448.jpg"},"origine":{"url":"https:\/\/www.saint-brevin.com\/medias\/images\/prestataires\/plage-st-brevin-1448.jpg"}},"urlLien":"","typeLien":"","nofollow":"N","copyright":""},{"url":"https:\/\/www.saint-brevin.com\/medias\/images\/prestataires\/plage-st-brevin-ocean-sable-mer-3-1449.jpg","chemin":"..\/medias\/images\/prestataires\/plage-st-brevin-ocean-sable-mer-3-1449.jpg","libelle":"plage-st-brevin-ocean-sable-mer-3-1449","extension":"jpg","categorie":"","largeur":5184,"theme":"","hauteur":3456,"type":"Image","origine":"","liaisonPave":"","langue":"","id":"1449","urlVignette":"https:\/\/www.saint-brevin.com\/medias\/images\/prestataires\/v-plage-st-brevin-ocean-sable-mer-3-1449.jpg","alt":"plage-st-brevin-ocean-sable-mer-3-1449","title":"plage-st-brevin-ocean-sable-mer-3-1449","MultiTaille":{"1920x1440":{"url":"https:\/\/www.saint-brevin.com\/medias\/images\/prestataires\/multitailles\/1920x1440_plage-st-brevin-ocean-sable-mer-3-1449.jpg"},"1200x900":{"url":"https:\/\/www.saint-brevin.com\/medias\/images\/prestataires\/multitailles\/1200x900_plage-st-brevin-ocean-sable-mer-3-1449.jpg"},"800x600":{"url":"https:\/\/www.saint-brevin.com\/medias\/images\/prestataires\/multitailles\/800x600_plage-st-brevin-ocean-sable-mer-3-1449.jpg"},"640x480":{"url":"https:\/\/www.saint-brevin.com\/medias\/images\/prestataires\/multitailles\/640x480_plage-st-brevin-ocean-sable-mer-3-1449.jpg"},"320x240":{"url":"https:\/\/www.saint-brevin.com\/medias\/images\/prestataires\/multitailles\/320x240_plage-st-brevin-ocean-sable-mer-3-1449.jpg"},"160x120":{"url":"https:\/\/www.saint-brevin.com\/medias\/images\/prestataires\/multitailles\/160x120_plage-st-brevin-ocean-sable-mer-3-1449.jpg"},"origine":{"url":"https:\/\/www.saint-brevin.com\/medias\/images\/prestataires\/plage-st-brevin-ocean-sable-mer-3-1449.jpg"}},"urlLien":"","typeLien":"","nofollow":"N","copyright":""},{"url":"https:\/\/www.saint-brevin.com\/medias\/images\/prestataires\/plage-st-brevin-ocean-sable-mer-4-1451.jpg","chemin":"..\/medias\/images\/prestataires\/plage-st-brevin-ocean-sable-mer-4-1451.jpg","libelle":"plage-st-brevin-ocean-sable-mer-4-1451","extension":"jpg","categorie":"","largeur":5184,"theme":"","hauteur":3456,"type":"Image","origine":"","liaisonPave":"","langue":"","id":"1451","urlVignette":"https:\/\/www.saint-brevin.com\/medias\/images\/prestataires\/v-plage-st-brevin-ocean-sable-mer-4-1451.jpg","alt":"plage-st-brevin-ocean-sable-mer-4-1451","title":"plage-st-brevin-ocean-sable-mer-4-1451","MultiTaille":{"1920x1440":{"url":"https:\/\/www.saint-brevin.com\/medias\/images\/prestataires\/multitailles\/1920x1440_plage-st-brevin-ocean-sable-mer-4-1451.jpg"},"1200x900":{"url":"https:\/\/www.saint-brevin.com\/medias\/images\/prestataires\/multitailles\/1200x900_plage-st-brevin-ocean-sable-mer-4-1451.jpg"},"800x600":{"url":"https:\/\/www.saint-brevin.com\/medias\/images\/prestataires\/multitailles\/800x600_plage-st-brevin-ocean-sable-mer-4-1451.jpg"},"640x480":{"url":"https:\/\/www.saint-brevin.com\/medias\/images\/prestataires\/multitailles\/640x480_plage-st-brevin-ocean-sable-mer-4-1451.jpg"},"320x240":{"url":"https:\/\/www.saint-brevin.com\/medias\/images\/prestataires\/multitailles\/320x240_plage-st-brevin-ocean-sable-mer-4-1451.jpg"},"160x120":{"url":"https:\/\/www.saint-brevin.com\/medias\/images\/prestataires\/multitailles\/160x120_plage-st-brevin-ocean-sable-mer-4-1451.jpg"},"origine":{"url":"https:\/\/www.saint-brevin.com\/medias\/images\/prestataires\/plage-st-brevin-ocean-sable-mer-4-1451.jpg"}},"urlLien":"","typeLien":"","nofollow":"N","copyright":""},{"url":"https:\/\/www.saint-brevin.com\/medias\/images\/prestataires\/plage-st-brevin-ocean-sable-mer-5-1452.jpg","chemin":"..\/medias\/images\/prestataires\/plage-st-brevin-ocean-sable-mer-5-1452.jpg","libelle":"plage-st-brevin-ocean-sable-mer-5-1452","extension":"jpg","categorie":"","largeur":5184,"theme":"","hauteur":3456,"type":"Image","origine":"","liaisonPave":"","langue":"","id":"1452","urlVignette":"https:\/\/www.saint-brevin.com\/medias\/images\/prestataires\/v-plage-st-brevin-ocean-sable-mer-5-1452.jpg","alt":"plage-st-brevin-ocean-sable-mer-5-1452","title":"plage-st-brevin-ocean-sable-mer-5-1452","MultiTaille":{"1920x1440":{"url":"https:\/\/www.saint-brevin.com\/medias\/images\/prestataires\/multitailles\/1920x1440_plage-st-brevin-ocean-sable-mer-5-1452.jpg"},"1200x900":{"url":"https:\/\/www.saint-brevin.com\/medias\/images\/prestataires\/multitailles\/1200x900_plage-st-brevin-ocean-sable-mer-5-1452.jpg"},"800x600":{"url":"https:\/\/www.saint-brevin.com\/medias\/images\/prestataires\/multitailles\/800x600_plage-st-brevin-ocean-sable-mer-5-1452.jpg"},"640x480":{"url":"https:\/\/www.saint-brevin.com\/medias\/images\/prestataires\/multitailles\/640x480_plage-st-brevin-ocean-sable-mer-5-1452.jpg"},"320x240":{"url":"https:\/\/www.saint-brevin.com\/medias\/images\/prestataires\/multitailles\/320x240_plage-st-brevin-ocean-sable-mer-5-1452.jpg"},"160x120":{"url":"https:\/\/www.saint-brevin.com\/medias\/images\/prestataires\/multitailles\/160x120_plage-st-brevin-ocean-sable-mer-5-1452.jpg"},"origine":{"url":"https:\/\/www.saint-brevin.com\/medias\/images\/prestataires\/plage-st-brevin-ocean-sable-mer-5-1452.jpg"}},"urlLien":"","typeLien":"","nofollow":"N","copyright":""},{"url":"https:\/\/www.saint-brevin.com\/medias\/images\/prestataires\/plage-st-brevin-ocean-sable-mer-6-1453.jpg","chemin":"..\/medias\/images\/prestataires\/plage-st-brevin-ocean-sable-mer-6-1453.jpg","libelle":"plage-st-brevin-ocean-sable-mer-6-1453","extension":"jpg","categorie":"","largeur":5184,"theme":"","hauteur":3456,"type":"Image","origine":"","liaisonPave":"","langue":"","id":"1453","urlVignette":"https:\/\/www.saint-brevin.com\/medias\/images\/prestataires\/v-plage-st-brevin-ocean-sable-mer-6-1453.jpg","alt":"plage-st-brevin-ocean-sable-mer-6-1453","title":"plage-st-brevin-ocean-sable-mer-6-1453","MultiTaille":{"1920x1440":{"url":"https:\/\/www.saint-brevin.com\/medias\/images\/prestataires\/multitailles\/1920x1440_plage-st-brevin-ocean-sable-mer-6-1453.jpg"},"1200x900":{"url":"https:\/\/www.saint-brevin.com\/medias\/images\/prestataires\/multitailles\/1200x900_plage-st-brevin-ocean-sable-mer-6-1453.jpg"},"800x600":{"url":"https:\/\/www.saint-brevin.com\/medias\/images\/prestataires\/multitailles\/800x600_plage-st-brevin-ocean-sable-mer-6-1453.jpg"},"640x480":{"url":"https:\/\/www.saint-brevin.com\/medias\/images\/prestataires\/multitailles\/640x480_plage-st-brevin-ocean-sable-mer-6-1453.jpg"},"320x240":{"url":"https:\/\/www.saint-brevin.com\/medias\/images\/prestataires\/multitailles\/320x240_plage-st-brevin-ocean-sable-mer-6-1453.jpg"},"160x120":{"url":"https:\/\/www.saint-brevin.com\/medias\/images\/prestataires\/multitailles\/160x120_plage-st-brevin-ocean-sable-mer-6-1453.jpg"},"origine":{"url":"https:\/\/www.saint-brevin.com\/medias\/images\/prestataires\/plage-st-brevin-ocean-sable-mer-6-1453.jpg"}},"urlLien":"","typeLien":"","nofollow":"N","copyright":""},{"url":"https:\/\/www.saint-brevin.com\/medias\/images\/prestataires\/plage-st-brevin-ocean-sable-mer-7-1454.jpg","chemin":"..\/medias\/images\/prestataires\/plage-st-brevin-ocean-sable-mer-7-1454.jpg","libelle":"plage-st-brevin-ocean-sable-mer-7-1454","extension":"jpg","categorie":"","largeur":5184,"theme":"","hauteur":3456,"type":"Image","origine":"","liaisonPave":"","langue":"","id":"1454","urlVignette":"https:\/\/www.saint-brevin.com\/medias\/images\/prestataires\/v-plage-st-brevin-ocean-sable-mer-7-1454.jpg","alt":"plage-st-brevin-ocean-sable-mer-7-1454","title":"plage-st-brevin-ocean-sable-mer-7-1454","MultiTaille":{"1920x1440":{"url":"https:\/\/www.saint-brevin.com\/medias\/images\/prestataires\/multitailles\/1920x1440_plage-st-brevin-ocean-sable-mer-7-1454.jpg"},"1200x900":{"url":"https:\/\/www.saint-brevin.com\/medias\/images\/prestataires\/multitailles\/1200x900_plage-st-brevin-ocean-sable-mer-7-1454.jpg"},"800x600":{"url":"https:\/\/www.saint-brevin.com\/medias\/images\/prestataires\/multitailles\/800x600_plage-st-brevin-ocean-sable-mer-7-1454.jpg"},"640x480":{"url":"https:\/\/www.saint-brevin.com\/medias\/images\/prestataires\/multitailles\/640x480_plage-st-brevin-ocean-sable-mer-7-1454.jpg"},"320x240":{"url":"https:\/\/www.saint-brevin.com\/medias\/images\/prestataires\/multitailles\/320x240_plage-st-brevin-ocean-sable-mer-7-1454.jpg"},"160x120":{"url":"https:\/\/www.saint-brevin.com\/medias\/images\/prestataires\/multitailles\/160x120_plage-st-brevin-ocean-sable-mer-7-1454.jpg"},"origine":{"url":"https:\/\/www.saint-brevin.com\/medias\/images\/prestataires\/plage-st-brevin-ocean-sable-mer-7-1454.jpg"}},"urlLien":"","typeLien":"","nofollow":"N","copyright":""},{"url":"https:\/\/www.saint-brevin.com\/medias\/images\/prestataires\/tiralo-3680.jpg","chemin":"..\/medias\/images\/prestataires\/tiralo-3680.jpg","libelle":"tiralo-3680","extension":"jpg","categorie":"","largeur":1772,"theme":"","hauteur":1329,"type":"Image","origine":"","liaisonPave":"","langue":"","id":"3680","urlVignette":"https:\/\/www.saint-brevin.com\/medias\/images\/prestataires\/v-tiralo-3680.jpg","alt":"tiralo-3680","title":"tiralo-3680","MultiTaille":{"1920x1440":{"url":"https:\/\/www.saint-brevin.com\/medias\/images\/prestataires\/multitailles\/1920x1440_tiralo-3680.jpg"},"1200x900":{"url":"https:\/\/www.saint-brevin.com\/medias\/images\/prestataires\/multitailles\/1200x900_tiralo-3680.jpg"},"800x600":{"url":"https:\/\/www.saint-brevin.com\/medias\/images\/prestataires\/multitailles\/800x600_tiralo-3680.jpg"},"640x480":{"url":"https:\/\/www.saint-brevin.com\/medias\/images\/prestataires\/multitailles\/640x480_tiralo-3680.jpg"},"320x240":{"url":"https:\/\/www.saint-brevin.com\/medias\/images\/prestataires\/multitailles\/320x240_tiralo-3680.jpg"},"160x120":{"url":"https:\/\/www.saint-brevin.com\/medias\/images\/prestataires\/multitailles\/160x120_tiralo-3680.jpg"},"origine":{"url":"https:\/\/www.saint-brevin.com\/medias\/images\/prestataires\/tiralo-3680.jpg"}},"urlLien":"","typeLien":"","nofollow":"N","copyright":""},{"url":"https:\/\/www.saint-brevin.com\/medias\/images\/prestataires\/hippocampe-hippocampe-fauteuil-tout-terrain-3678.jpg","chemin":"..\/medias\/images\/prestataires\/hippocampe-hippocampe-fauteuil-tout-terrain-3678.jpg","libelle":"hippocampe-hippocampe-fauteuil-tout-terrain-3678","extension":"jpg","categorie":"","largeur":855,"theme":"","hauteur":624,"type":"Image","origine":"","liaisonPave":"","langue":"","id":"3678","urlVignette":"https:\/\/www.saint-brevin.com\/medias\/images\/prestataires\/v-hippocampe-hippocampe-fauteuil-tout-terrain-3678.jpg","alt":"hippocampe-hippocampe-fauteuil-tout-terrain-3678","title":"hippocampe-hippocampe-fauteuil-tout-terrain-3678","MultiTaille":{"1920x1440":{"url":"https:\/\/www.saint-brevin.com\/medias\/images\/prestataires\/multitailles\/1920x1440_hippocampe-hippocampe-fauteuil-tout-terrain-3678.jpg"},"1200x900":{"url":"https:\/\/www.saint-brevin.com\/medias\/images\/prestataires\/multitailles\/1200x900_hippocampe-hippocampe-fauteuil-tout-terrain-3678.jpg"},"800x600":{"url":"https:\/\/www.saint-brevin.com\/medias\/images\/prestataires\/multitailles\/800x600_hippocampe-hippocampe-fauteuil-tout-terrain-3678.jpg"},"640x480":{"url":"https:\/\/www.saint-brevin.com\/medias\/images\/prestataires\/multitailles\/640x480_hippocampe-hippocampe-fauteuil-tout-terrain-3678.jpg"},"320x240":{"url":"https:\/\/www.saint-brevin.com\/medias\/images\/prestataires\/multitailles\/320x240_hippocampe-hippocampe-fauteuil-tout-terrain-3678.jpg"},"160x120":{"url":"https:\/\/www.saint-brevin.com\/medias\/images\/prestataires\/multitailles\/160x120_hippocampe-hippocampe-fauteuil-tout-terrain-3678.jpg"},"origine":{"url":"https:\/\/www.saint-brevin.com\/medias\/images\/prestataires\/hippocampe-hippocampe-fauteuil-tout-terrain-3678.jpg"}},"urlLien":"","typeLien":"","nofollow":"N","copyright":""},{"url":"https:\/\/www.saint-brevin.com\/medias\/images\/prestataires\/hippocampe-mer-3681.jpg","chemin":"..\/medias\/images\/prestataires\/hippocampe-mer-3681.jpg","libelle":"hippocampe-mer-3681","extension":"jpg","categorie":"","largeur":200,"theme":"","hauteur":200,"type":"Image","origine":"","liaisonPave":"","langue":"","id":"3681","urlVignette":"https:\/\/www.saint-brevin.com\/medias\/images\/prestataires\/v-hippocampe-mer-3681.jpg","alt":"hippocampe-mer-3681","title":"hippocampe-mer-3681","MultiTaille":{"1920x1440":{"url":"https:\/\/www.saint-brevin.com\/medias\/images\/prestataires\/multitailles\/1920x1440_hippocampe-mer-3681.jpg"},"1200x900":{"url":"https:\/\/www.saint-brevin.com\/medias\/images\/prestataires\/multitailles\/1200x900_hippocampe-mer-3681.jpg"},"800x600":{"url":"https:\/\/www.saint-brevin.com\/medias\/images\/prestataires\/multitailles\/800x600_hippocampe-mer-3681.jpg"},"640x480":{"url":"https:\/\/www.saint-brevin.com\/medias\/images\/prestataires\/multitailles\/640x480_hippocampe-mer-3681.jpg"},"320x240":{"url":"https:\/\/www.saint-brevin.com\/medias\/images\/prestataires\/multitailles\/320x240_hippocampe-mer-3681.jpg"},"160x120":{"url":"https:\/\/www.saint-brevin.com\/medias\/images\/prestataires\/multitailles\/160x120_hippocampe-mer-3681.jpg"},"origine":{"url":"https:\/\/www.saint-brevin.com\/medias\/images\/prestataires\/hippocampe-mer-3681.jpg"}},"urlLien":"","typeLien":"","nofollow":"N","copyright":""}],"ByCategorie":{"":[{"url":"https:\/\/www.saint-brevin.com\/medias\/images\/prestataires\/lad-stbrevinlespinsbd-j-r-myj-hanin-73-8891.jpg","chemin":"..\/medias\/images\/prestataires\/lad-stbrevinlespinsbd-j-r-myj-hanin-73-8891.jpg","libelle":"lad-stbrevinlespinsbd-j-r-myj-hanin-73-8891","extension":"jpg","categorie":"","largeur":7008,"theme":"","hauteur":4672,"type":"Image","origine":"","liaisonPave":"","langue":"","id":"8891","urlVignette":"https:\/\/www.saint-brevin.com\/medias\/images\/prestataires\/v-lad-stbrevinlespinsbd-j-r-myj-hanin-73-8891.jpg","alt":"lad-stbrevinlespinsbd-j-r-myj-hanin-73-8891","title":"lad-stbrevinlespinsbd-j-r-myj-hanin-73-8891","MultiTaille":{"1920x1440":{"url":"https:\/\/www.saint-brevin.com\/medias\/images\/prestataires\/multitailles\/1920x1440_lad-stbrevinlespinsbd-j-r-myj-hanin-73-8891.jpg"},"1200x900":{"url":"https:\/\/www.saint-brevin.com\/medias\/images\/prestataires\/multitailles\/1200x900_lad-stbrevinlespinsbd-j-r-myj-hanin-73-8891.jpg"},"800x600":{"url":"https:\/\/www.saint-brevin.com\/medias\/images\/prestataires\/multitailles\/800x600_lad-stbrevinlespinsbd-j-r-myj-hanin-73-8891.jpg"},"640x480":{"url":"https:\/\/www.saint-brevin.com\/medias\/images\/prestataires\/multitailles\/640x480_lad-stbrevinlespinsbd-j-r-myj-hanin-73-8891.jpg"},"320x240":{"url":"https:\/\/www.saint-brevin.com\/medias\/images\/prestataires\/multitailles\/320x240_lad-stbrevinlespinsbd-j-r-myj-hanin-73-8891.jpg"},"160x120":{"url":"https:\/\/www.saint-brevin.com\/medias\/images\/prestataires\/multitailles\/160x120_lad-stbrevinlespinsbd-j-r-myj-hanin-73-8891.jpg"},"origine":{"url":"https:\/\/www.saint-brevin.com\/medias\/images\/prestataires\/lad-stbrevinlespinsbd-j-r-myj-hanin-73-8891.jpg"}},"urlLien":"","typeLien":"|","nofollow":"N","copyright":"J\u00e9remy Hanin"},{"url":"https:\/\/www.saint-brevin.com\/medias\/images\/prestataires\/arr-t-2025-surveillance-des-plages-10434.pdf","chemin":"..\/medias\/images\/prestataires\/arr-t-2025-surveillance-des-plages-10434.pdf","libelle":"arr-t-2025-surveillance-des-plages-10434","extension":"pdf","categorie":"","largeur":"","theme":"","hauteur":"","type":"Document","origine":"","liaisonPave":"","langue":"","id":"10434","poids":"1.1 Mo","alt":"arr-t-2025-surveillance-des-plages-10434","title":"arr-t-2025-surveillance-des-plages-10434"},{"url":"https:\/\/www.saint-brevin.com\/medias\/images\/prestataires\/st2024-0177-reglementation-de-la-baignade-des-activites-nautiques-et-des-plages-2024-10514.pdf","chemin":"..\/medias\/images\/prestataires\/st2024-0177-reglementation-de-la-baignade-des-activites-nautiques-et-des-plages-2024-10514.pdf","libelle":"st2024-0177-reglementation-de-la-baignade-des-activites-nautiques-et-des-plages-2024-10514","extension":"pdf","categorie":"","largeur":"","theme":"","hauteur":"","type":"Document","origine":"","liaisonPave":"","langue":"","id":"10514","poids":"7.18 Mo","alt":"st2024-0177-reglementation-de-la-baignade-des-activites-nautiques-et-des-plages-2024-10514","title":"st2024-0177-reglementation-de-la-baignade-des-activites-nautiques-et-des-plages-2024-10514"},{"url":"https:\/\/www.saint-brevin.com\/medias\/images\/prestataires\/dsc04071-web-8907.jpg","chemin":"..\/medias\/images\/prestataires\/dsc04071-web-8907.jpg","libelle":"dsc04071-web-8907","extension":"jpg","categorie":"","largeur":1000,"theme":"","hauteur":1500,"type":"Image","origine":"","liaisonPave":"","langue":"","id":"8907","urlVignette":"https:\/\/www.saint-brevin.com\/medias\/images\/prestataires\/v-dsc04071-web-8907.jpg","alt":"dsc04071-web-8907","title":"dsc04071-web-8907","MultiTaille":{"1920x1440":{"url":"https:\/\/www.saint-brevin.com\/medias\/images\/prestataires\/multitailles\/1920x1440_dsc04071-web-8907.jpg"},"1200x900":{"url":"https:\/\/www.saint-brevin.com\/medias\/images\/prestataires\/multitailles\/1200x900_dsc04071-web-8907.jpg"},"800x600":{"url":"https:\/\/www.saint-brevin.com\/medias\/images\/prestataires\/multitailles\/800x600_dsc04071-web-8907.jpg"},"640x480":{"url":"https:\/\/www.saint-brevin.com\/medias\/images\/prestataires\/multitailles\/640x480_dsc04071-web-8907.jpg"},"320x240":{"url":"https:\/\/www.saint-brevin.com\/medias\/images\/prestataires\/multitailles\/320x240_dsc04071-web-8907.jpg"},"160x120":{"url":"https:\/\/www.saint-brevin.com\/medias\/images\/prestataires\/multitailles\/160x120_dsc04071-web-8907.jpg"},"origine":{"url":"https:\/\/www.saint-brevin.com\/medias\/images\/prestataires\/dsc04071-web-8907.jpg"}},"urlLien":"","typeLien":"|","nofollow":"N","copyright":"YPOV AGENCY"},{"url":"https:\/\/www.saint-brevin.com\/medias\/images\/prestataires\/img-8027-8888.jpg","chemin":"..\/medias\/images\/prestataires\/img-8027-8888.jpg","libelle":"img-8027-8888","extension":"jpg","categorie":"","largeur":5466,"theme":"","hauteur":3644,"type":"Image","origine":"","liaisonPave":"","langue":"","id":"8888","urlVignette":"https:\/\/www.saint-brevin.com\/medias\/images\/prestataires\/v-img-8027-8888.jpg","alt":"img-8027-8888","title":"img-8027-8888","MultiTaille":{"1920x1440":{"url":"https:\/\/www.saint-brevin.com\/medias\/images\/prestataires\/multitailles\/1920x1440_img-8027-8888.jpg"},"1200x900":{"url":"https:\/\/www.saint-brevin.com\/medias\/images\/prestataires\/multitailles\/1200x900_img-8027-8888.jpg"},"800x600":{"url":"https:\/\/www.saint-brevin.com\/medias\/images\/prestataires\/multitailles\/800x600_img-8027-8888.jpg"},"640x480":{"url":"https:\/\/www.saint-brevin.com\/medias\/images\/prestataires\/multitailles\/640x480_img-8027-8888.jpg"},"320x240":{"url":"https:\/\/www.saint-brevin.com\/medias\/images\/prestataires\/multitailles\/320x240_img-8027-8888.jpg"},"160x120":{"url":"https:\/\/www.saint-brevin.com\/medias\/images\/prestataires\/multitailles\/160x120_img-8027-8888.jpg"},"origine":{"url":"https:\/\/www.saint-brevin.com\/medias\/images\/prestataires\/img-8027-8888.jpg"}},"urlLien":"","typeLien":"|","nofollow":"N","copyright":"Vincent Frasiak"},{"url":"https:\/\/www.saint-brevin.com\/medias\/images\/prestataires\/lad-stbrevinlespinsbd-j-r-myj-hanin-58-8892.jpg","chemin":"..\/medias\/images\/prestataires\/lad-stbrevinlespinsbd-j-r-myj-hanin-58-8892.jpg","libelle":"lad-stbrevinlespinsbd-j-r-myj-hanin-58-8892","extension":"jpg","categorie":"","largeur":4644,"theme":"","hauteur":6966,"type":"Image","origine":"","liaisonPave":"","langue":"","id":"8892","urlVignette":"https:\/\/www.saint-brevin.com\/medias\/images\/prestataires\/v-lad-stbrevinlespinsbd-j-r-myj-hanin-58-8892.jpg","alt":"lad-stbrevinlespinsbd-j-r-myj-hanin-58-8892","title":"lad-stbrevinlespinsbd-j-r-myj-hanin-58-8892","MultiTaille":{"1920x1440":{"url":"https:\/\/www.saint-brevin.com\/medias\/images\/prestataires\/multitailles\/1920x1440_lad-stbrevinlespinsbd-j-r-myj-hanin-58-8892.jpg"},"1200x900":{"url":"https:\/\/www.saint-brevin.com\/medias\/images\/prestataires\/multitailles\/1200x900_lad-stbrevinlespinsbd-j-r-myj-hanin-58-8892.jpg"},"800x600":{"url":"https:\/\/www.saint-brevin.com\/medias\/images\/prestataires\/multitailles\/800x600_lad-stbrevinlespinsbd-j-r-myj-hanin-58-8892.jpg"},"640x480":{"url":"https:\/\/www.saint-brevin.com\/medias\/images\/prestataires\/multitailles\/640x480_lad-stbrevinlespinsbd-j-r-myj-hanin-58-8892.jpg"},"320x240":{"url":"https:\/\/www.saint-brevin.com\/medias\/images\/prestataires\/multitailles\/320x240_lad-stbrevinlespinsbd-j-r-myj-hanin-58-8892.jpg"},"160x120":{"url":"https:\/\/www.saint-brevin.com\/medias\/images\/prestataires\/multitailles\/160x120_lad-stbrevinlespinsbd-j-r-myj-hanin-58-8892.jpg"},"origine":{"url":"https:\/\/www.saint-brevin.com\/medias\/images\/prestataires\/lad-stbrevinlespinsbd-j-r-myj-hanin-58-8892.jpg"}},"urlLien":"","typeLien":"|","nofollow":"N","copyright":"J\u00e9remy Hanin"},{"url":"https:\/\/www.saint-brevin.com\/medias\/images\/prestataires\/30-mai-2019-img-7741-8889.jpg","chemin":"..\/medias\/images\/prestataires\/30-mai-2019-img-7741-8889.jpg","libelle":"30-mai-2019-img-7741-8889","extension":"jpg","categorie":"","largeur":3597,"theme":"","hauteur":5395,"type":"Image","origine":"","liaisonPave":"","langue":"","id":"8889","urlVignette":"https:\/\/www.saint-brevin.com\/medias\/images\/prestataires\/v-30-mai-2019-img-7741-8889.jpg","alt":"30-mai-2019-img-7741-8889","title":"30-mai-2019-img-7741-8889","MultiTaille":{"1920x1440":{"url":"https:\/\/www.saint-brevin.com\/medias\/images\/prestataires\/multitailles\/1920x1440_30-mai-2019-img-7741-8889.jpg"},"1200x900":{"url":"https:\/\/www.saint-brevin.com\/medias\/images\/prestataires\/multitailles\/1200x900_30-mai-2019-img-7741-8889.jpg"},"800x600":{"url":"https:\/\/www.saint-brevin.com\/medias\/images\/prestataires\/multitailles\/800x600_30-mai-2019-img-7741-8889.jpg"},"640x480":{"url":"https:\/\/www.saint-brevin.com\/medias\/images\/prestataires\/multitailles\/640x480_30-mai-2019-img-7741-8889.jpg"},"320x240":{"url":"https:\/\/www.saint-brevin.com\/medias\/images\/prestataires\/multitailles\/320x240_30-mai-2019-img-7741-8889.jpg"},"160x120":{"url":"https:\/\/www.saint-brevin.com\/medias\/images\/prestataires\/multitailles\/160x120_30-mai-2019-img-7741-8889.jpg"},"origine":{"url":"https:\/\/www.saint-brevin.com\/medias\/images\/prestataires\/30-mai-2019-img-7741-8889.jpg"}},"urlLien":"","typeLien":"|","nofollow":"N","copyright":"Vincent Frasiak"},{"url":"https:\/\/www.saint-brevin.com\/medias\/images\/prestataires\/dsc04057-web-8905.jpg","chemin":"..\/medias\/images\/prestataires\/dsc04057-web-8905.jpg","libelle":"dsc04057-web-8905","extension":"jpg","categorie":"","largeur":1500,"theme":"","hauteur":1000,"type":"Image","origine":"","liaisonPave":"","langue":"","id":"8905","urlVignette":"https:\/\/www.saint-brevin.com\/medias\/images\/prestataires\/v-dsc04057-web-8905.jpg","alt":"dsc04057-web-8905","title":"dsc04057-web-8905","MultiTaille":{"1920x1440":{"url":"https:\/\/www.saint-brevin.com\/medias\/images\/prestataires\/multitailles\/1920x1440_dsc04057-web-8905.jpg"},"1200x900":{"url":"https:\/\/www.saint-brevin.com\/medias\/images\/prestataires\/multitailles\/1200x900_dsc04057-web-8905.jpg"},"800x600":{"url":"https:\/\/www.saint-brevin.com\/medias\/images\/prestataires\/multitailles\/800x600_dsc04057-web-8905.jpg"},"640x480":{"url":"https:\/\/www.saint-brevin.com\/medias\/images\/prestataires\/multitailles\/640x480_dsc04057-web-8905.jpg"},"320x240":{"url":"https:\/\/www.saint-brevin.com\/medias\/images\/prestataires\/multitailles\/320x240_dsc04057-web-8905.jpg"},"160x120":{"url":"https:\/\/www.saint-brevin.com\/medias\/images\/prestataires\/multitailles\/160x120_dsc04057-web-8905.jpg"},"origine":{"url":"https:\/\/www.saint-brevin.com\/medias\/images\/prestataires\/dsc04057-web-8905.jpg"}},"urlLien":"","typeLien":"|","nofollow":"N","copyright":"YPOV AGENCY"},{"url":"https:\/\/www.saint-brevin.com\/medias\/images\/prestataires\/lad-stbrevinlespinsbd-j-r-myj-hanin-59-8890.jpg","chemin":"..\/medias\/images\/prestataires\/lad-stbrevinlespinsbd-j-r-myj-hanin-59-8890.jpg","libelle":"lad-stbrevinlespinsbd-j-r-myj-hanin-59-8890","extension":"jpg","categorie":"","largeur":4643,"theme":"","hauteur":6964,"type":"Image","origine":"","liaisonPave":"","langue":"","id":"8890","urlVignette":"https:\/\/www.saint-brevin.com\/medias\/images\/prestataires\/v-lad-stbrevinlespinsbd-j-r-myj-hanin-59-8890.jpg","alt":"lad-stbrevinlespinsbd-j-r-myj-hanin-59-8890","title":"lad-stbrevinlespinsbd-j-r-myj-hanin-59-8890","MultiTaille":{"1920x1440":{"url":"https:\/\/www.saint-brevin.com\/medias\/images\/prestataires\/multitailles\/1920x1440_lad-stbrevinlespinsbd-j-r-myj-hanin-59-8890.jpg"},"1200x900":{"url":"https:\/\/www.saint-brevin.com\/medias\/images\/prestataires\/multitailles\/1200x900_lad-stbrevinlespinsbd-j-r-myj-hanin-59-8890.jpg"},"800x600":{"url":"https:\/\/www.saint-brevin.com\/medias\/images\/prestataires\/multitailles\/800x600_lad-stbrevinlespinsbd-j-r-myj-hanin-59-8890.jpg"},"640x480":{"url":"https:\/\/www.saint-brevin.com\/medias\/images\/prestataires\/multitailles\/640x480_lad-stbrevinlespinsbd-j-r-myj-hanin-59-8890.jpg"},"320x240":{"url":"https:\/\/www.saint-brevin.com\/medias\/images\/prestataires\/multitailles\/320x240_lad-stbrevinlespinsbd-j-r-myj-hanin-59-8890.jpg"},"160x120":{"url":"https:\/\/www.saint-brevin.com\/medias\/images\/prestataires\/multitailles\/160x120_lad-stbrevinlespinsbd-j-r-myj-hanin-59-8890.jpg"},"origine":{"url":"https:\/\/www.saint-brevin.com\/medias\/images\/prestataires\/lad-stbrevinlespinsbd-j-r-myj-hanin-59-8890.jpg"}},"urlLien":"","typeLien":"|","nofollow":"N","copyright":"J\u00e9r\u00e9my Hanin"},{"url":"https:\/\/www.saint-brevin.com\/medias\/images\/prestataires\/dsc04163-web-8908.jpg","chemin":"..\/medias\/images\/prestataires\/dsc04163-web-8908.jpg","libelle":"dsc04163-web-8908","extension":"jpg","categorie":"","largeur":1001,"theme":"","hauteur":1500,"type":"Image","origine":"","liaisonPave":"","langue":"","id":"8908","urlVignette":"https:\/\/www.saint-brevin.com\/medias\/images\/prestataires\/v-dsc04163-web-8908.jpg","alt":"dsc04163-web-8908","title":"dsc04163-web-8908","MultiTaille":{"1920x1440":{"url":"https:\/\/www.saint-brevin.com\/medias\/images\/prestataires\/multitailles\/1920x1440_dsc04163-web-8908.jpg"},"1200x900":{"url":"https:\/\/www.saint-brevin.com\/medias\/images\/prestataires\/multitailles\/1200x900_dsc04163-web-8908.jpg"},"800x600":{"url":"https:\/\/www.saint-brevin.com\/medias\/images\/prestataires\/multitailles\/800x600_dsc04163-web-8908.jpg"},"640x480":{"url":"https:\/\/www.saint-brevin.com\/medias\/images\/prestataires\/multitailles\/640x480_dsc04163-web-8908.jpg"},"320x240":{"url":"https:\/\/www.saint-brevin.com\/medias\/images\/prestataires\/multitailles\/320x240_dsc04163-web-8908.jpg"},"160x120":{"url":"https:\/\/www.saint-brevin.com\/medias\/images\/prestataires\/multitailles\/160x120_dsc04163-web-8908.jpg"},"origine":{"url":"https:\/\/www.saint-brevin.com\/medias\/images\/prestataires\/dsc04163-web-8908.jpg"}},"urlLien":"","typeLien":"|","nofollow":"N","copyright":"YPOV AGENCY"},{"url":"https:\/\/www.saint-brevin.com\/medias\/images\/prestataires\/dsc04209-web-8909.jpg","chemin":"..\/medias\/images\/prestataires\/dsc04209-web-8909.jpg","libelle":"dsc04209-web-8909","extension":"jpg","categorie":"","largeur":1500,"theme":"","hauteur":1000,"type":"Image","origine":"","liaisonPave":"","langue":"","id":"8909","urlVignette":"https:\/\/www.saint-brevin.com\/medias\/images\/prestataires\/v-dsc04209-web-8909.jpg","alt":"dsc04209-web-8909","title":"dsc04209-web-8909","MultiTaille":{"1920x1440":{"url":"https:\/\/www.saint-brevin.com\/medias\/images\/prestataires\/multitailles\/1920x1440_dsc04209-web-8909.jpg"},"1200x900":{"url":"https:\/\/www.saint-brevin.com\/medias\/images\/prestataires\/multitailles\/1200x900_dsc04209-web-8909.jpg"},"800x600":{"url":"https:\/\/www.saint-brevin.com\/medias\/images\/prestataires\/multitailles\/800x600_dsc04209-web-8909.jpg"},"640x480":{"url":"https:\/\/www.saint-brevin.com\/medias\/images\/prestataires\/multitailles\/640x480_dsc04209-web-8909.jpg"},"320x240":{"url":"https:\/\/www.saint-brevin.com\/medias\/images\/prestataires\/multitailles\/320x240_dsc04209-web-8909.jpg"},"160x120":{"url":"https:\/\/www.saint-brevin.com\/medias\/images\/prestataires\/multitailles\/160x120_dsc04209-web-8909.jpg"},"origine":{"url":"https:\/\/www.saint-brevin.com\/medias\/images\/prestataires\/dsc04209-web-8909.jpg"}},"urlLien":"","typeLien":"|","nofollow":"N","copyright":"YPOV AGENCY"},{"url":"https:\/\/www.saint-brevin.com\/medias\/images\/prestataires\/dsc04042-web-8906.jpg","chemin":"..\/medias\/images\/prestataires\/dsc04042-web-8906.jpg","libelle":"dsc04042-web-8906","extension":"jpg","categorie":"","largeur":1500,"theme":"","hauteur":1000,"type":"Image","origine":"","liaisonPave":"","langue":"","id":"8906","urlVignette":"https:\/\/www.saint-brevin.com\/medias\/images\/prestataires\/v-dsc04042-web-8906.jpg","alt":"dsc04042-web-8906","title":"dsc04042-web-8906","MultiTaille":{"1920x1440":{"url":"https:\/\/www.saint-brevin.com\/medias\/images\/prestataires\/multitailles\/1920x1440_dsc04042-web-8906.jpg"},"1200x900":{"url":"https:\/\/www.saint-brevin.com\/medias\/images\/prestataires\/multitailles\/1200x900_dsc04042-web-8906.jpg"},"800x600":{"url":"https:\/\/www.saint-brevin.com\/medias\/images\/prestataires\/multitailles\/800x600_dsc04042-web-8906.jpg"},"640x480":{"url":"https:\/\/www.saint-brevin.com\/medias\/images\/prestataires\/multitailles\/640x480_dsc04042-web-8906.jpg"},"320x240":{"url":"https:\/\/www.saint-brevin.com\/medias\/images\/prestataires\/multitailles\/320x240_dsc04042-web-8906.jpg"},"160x120":{"url":"https:\/\/www.saint-brevin.com\/medias\/images\/prestataires\/multitailles\/160x120_dsc04042-web-8906.jpg"},"origine":{"url":"https:\/\/www.saint-brevin.com\/medias\/images\/prestataires\/dsc04042-web-8906.jpg"}},"urlLien":"","typeLien":"|","nofollow":"N","copyright":"YPOV AGENCY"},{"url":"https:\/\/www.saint-brevin.com\/medias\/images\/prestataires\/plage-ocean-st-brevin-5-160.jpg","chemin":"..\/medias\/images\/prestataires\/plage-ocean-st-brevin-5-160.jpg","libelle":"plage-ocean-st-brevin-5-160","extension":"jpg","categorie":"","largeur":5676,"theme":"","hauteur":3784,"type":"Image","origine":"","liaisonPave":"","langue":"","id":"160","urlVignette":"https:\/\/www.saint-brevin.com\/medias\/images\/prestataires\/v-plage-ocean-st-brevin-5-160.jpg","alt":"plage-ocean-st-brevin-5-160","title":"plage-ocean-st-brevin-5-160","MultiTaille":{"1920x1440":{"url":"https:\/\/www.saint-brevin.com\/medias\/images\/prestataires\/multitailles\/1920x1440_plage-ocean-st-brevin-5-160.jpg"},"1200x900":{"url":"https:\/\/www.saint-brevin.com\/medias\/images\/prestataires\/multitailles\/1200x900_plage-ocean-st-brevin-5-160.jpg"},"800x600":{"url":"https:\/\/www.saint-brevin.com\/medias\/images\/prestataires\/multitailles\/800x600_plage-ocean-st-brevin-5-160.jpg"},"640x480":{"url":"https:\/\/www.saint-brevin.com\/medias\/images\/prestataires\/multitailles\/640x480_plage-ocean-st-brevin-5-160.jpg"},"320x240":{"url":"https:\/\/www.saint-brevin.com\/medias\/images\/prestataires\/multitailles\/320x240_plage-ocean-st-brevin-5-160.jpg"},"160x120":{"url":"https:\/\/www.saint-brevin.com\/medias\/images\/prestataires\/multitailles\/160x120_plage-ocean-st-brevin-5-160.jpg"},"origine":{"url":"https:\/\/www.saint-brevin.com\/medias\/images\/prestataires\/plage-ocean-st-brevin-5-160.jpg"}},"urlLien":"","typeLien":"|","nofollow":"N","copyright":"Ot-St-Brevin"},{"url":"https:\/\/www.saint-brevin.com\/medias\/images\/prestataires\/plage-ocean-st-brevin-7-162.jpg","chemin":"..\/medias\/images\/prestataires\/plage-ocean-st-brevin-7-162.jpg","libelle":"plage-ocean-st-brevin-7-162","extension":"jpg","categorie":"","largeur":5184,"theme":"","hauteur":3456,"type":"Image","origine":"","liaisonPave":"","langue":"","id":"162","urlVignette":"https:\/\/www.saint-brevin.com\/medias\/images\/prestataires\/v-plage-ocean-st-brevin-7-162.jpg","alt":"plage-ocean-st-brevin-7-162","title":"plage-ocean-st-brevin-7-162","MultiTaille":{"1920x1440":{"url":"https:\/\/www.saint-brevin.com\/medias\/images\/prestataires\/multitailles\/1920x1440_plage-ocean-st-brevin-7-162.jpg"},"1200x900":{"url":"https:\/\/www.saint-brevin.com\/medias\/images\/prestataires\/multitailles\/1200x900_plage-ocean-st-brevin-7-162.jpg"},"800x600":{"url":"https:\/\/www.saint-brevin.com\/medias\/images\/prestataires\/multitailles\/800x600_plage-ocean-st-brevin-7-162.jpg"},"640x480":{"url":"https:\/\/www.saint-brevin.com\/medias\/images\/prestataires\/multitailles\/640x480_plage-ocean-st-brevin-7-162.jpg"},"320x240":{"url":"https:\/\/www.saint-brevin.com\/medias\/images\/prestataires\/multitailles\/320x240_plage-ocean-st-brevin-7-162.jpg"},"160x120":{"url":"https:\/\/www.saint-brevin.com\/medias\/images\/prestataires\/multitailles\/160x120_plage-ocean-st-brevin-7-162.jpg"},"origine":{"url":"https:\/\/www.saint-brevin.com\/medias\/images\/prestataires\/plage-ocean-st-brevin-7-162.jpg"}},"urlLien":"","typeLien":"|","nofollow":"N","copyright":"Ot-St-Brevin"},{"url":"https:\/\/www.saint-brevin.com\/medias\/images\/prestataires\/plage-ocean-st-brevin-9-163.jpg","chemin":"..\/medias\/images\/prestataires\/plage-ocean-st-brevin-9-163.jpg","libelle":"plage-ocean-st-brevin-9-163","extension":"jpg","categorie":"","largeur":3504,"theme":"","hauteur":2336,"type":"Image","origine":"","liaisonPave":"","langue":"","id":"163","urlVignette":"https:\/\/www.saint-brevin.com\/medias\/images\/prestataires\/v-plage-ocean-st-brevin-9-163.jpg","alt":"plage-ocean-st-brevin-9-163","title":"plage-ocean-st-brevin-9-163","MultiTaille":{"1920x1440":{"url":"https:\/\/www.saint-brevin.com\/medias\/images\/prestataires\/multitailles\/1920x1440_plage-ocean-st-brevin-9-163.jpg"},"1200x900":{"url":"https:\/\/www.saint-brevin.com\/medias\/images\/prestataires\/multitailles\/1200x900_plage-ocean-st-brevin-9-163.jpg"},"800x600":{"url":"https:\/\/www.saint-brevin.com\/medias\/images\/prestataires\/multitailles\/800x600_plage-ocean-st-brevin-9-163.jpg"},"640x480":{"url":"https:\/\/www.saint-brevin.com\/medias\/images\/prestataires\/multitailles\/640x480_plage-ocean-st-brevin-9-163.jpg"},"320x240":{"url":"https:\/\/www.saint-brevin.com\/medias\/images\/prestataires\/multitailles\/320x240_plage-ocean-st-brevin-9-163.jpg"},"160x120":{"url":"https:\/\/www.saint-brevin.com\/medias\/images\/prestataires\/multitailles\/160x120_plage-ocean-st-brevin-9-163.jpg"},"origine":{"url":"https:\/\/www.saint-brevin.com\/medias\/images\/prestataires\/plage-ocean-st-brevin-9-163.jpg"}},"urlLien":"","typeLien":"|","nofollow":"N","copyright":"Ot-St-Brevin"},{"url":"https:\/\/www.saint-brevin.com\/medias\/images\/prestataires\/plage-ocean-st-brevin-6-164.jpg","chemin":"..\/medias\/images\/prestataires\/plage-ocean-st-brevin-6-164.jpg","libelle":"plage-ocean-st-brevin-6-164","extension":"jpg","categorie":"","largeur":5589,"theme":"","hauteur":3726,"type":"Image","origine":"","liaisonPave":"","langue":"","id":"164","urlVignette":"https:\/\/www.saint-brevin.com\/medias\/images\/prestataires\/v-plage-ocean-st-brevin-6-164.jpg","alt":"plage-ocean-st-brevin-6-164","title":"plage-ocean-st-brevin-6-164","MultiTaille":{"1920x1440":{"url":"https:\/\/www.saint-brevin.com\/medias\/images\/prestataires\/multitailles\/1920x1440_plage-ocean-st-brevin-6-164.jpg"},"1200x900":{"url":"https:\/\/www.saint-brevin.com\/medias\/images\/prestataires\/multitailles\/1200x900_plage-ocean-st-brevin-6-164.jpg"},"800x600":{"url":"https:\/\/www.saint-brevin.com\/medias\/images\/prestataires\/multitailles\/800x600_plage-ocean-st-brevin-6-164.jpg"},"640x480":{"url":"https:\/\/www.saint-brevin.com\/medias\/images\/prestataires\/multitailles\/640x480_plage-ocean-st-brevin-6-164.jpg"},"320x240":{"url":"https:\/\/www.saint-brevin.com\/medias\/images\/prestataires\/multitailles\/320x240_plage-ocean-st-brevin-6-164.jpg"},"160x120":{"url":"https:\/\/www.saint-brevin.com\/medias\/images\/prestataires\/multitailles\/160x120_plage-ocean-st-brevin-6-164.jpg"},"origine":{"url":"https:\/\/www.saint-brevin.com\/medias\/images\/prestataires\/plage-ocean-st-brevin-6-164.jpg"}},"urlLien":"","typeLien":"|","nofollow":"N","copyright":"Ot-St-Brevin"},{"url":"https:\/\/www.saint-brevin.com\/medias\/images\/prestataires\/plage-ocean-st-brevin-2-159.jpg","chemin":"..\/medias\/images\/prestataires\/plage-ocean-st-brevin-2-159.jpg","libelle":"plage-ocean-st-brevin-2-159","extension":"jpg","categorie":"","largeur":5493,"theme":"","hauteur":3662,"type":"Image","origine":"","liaisonPave":"","langue":"","id":"159","urlVignette":"https:\/\/www.saint-brevin.com\/medias\/images\/prestataires\/v-plage-ocean-st-brevin-2-159.jpg","alt":"plage-ocean-st-brevin-2-159","title":"plage-ocean-st-brevin-2-159","MultiTaille":{"1920x1440":{"url":"https:\/\/www.saint-brevin.com\/medias\/images\/prestataires\/multitailles\/1920x1440_plage-ocean-st-brevin-2-159.jpg"},"1200x900":{"url":"https:\/\/www.saint-brevin.com\/medias\/images\/prestataires\/multitailles\/1200x900_plage-ocean-st-brevin-2-159.jpg"},"800x600":{"url":"https:\/\/www.saint-brevin.com\/medias\/images\/prestataires\/multitailles\/800x600_plage-ocean-st-brevin-2-159.jpg"},"640x480":{"url":"https:\/\/www.saint-brevin.com\/medias\/images\/prestataires\/multitailles\/640x480_plage-ocean-st-brevin-2-159.jpg"},"320x240":{"url":"https:\/\/www.saint-brevin.com\/medias\/images\/prestataires\/multitailles\/320x240_plage-ocean-st-brevin-2-159.jpg"},"160x120":{"url":"https:\/\/www.saint-brevin.com\/medias\/images\/prestataires\/multitailles\/160x120_plage-ocean-st-brevin-2-159.jpg"},"origine":{"url":"https:\/\/www.saint-brevin.com\/medias\/images\/prestataires\/plage-ocean-st-brevin-2-159.jpg"}},"urlLien":"","typeLien":"|","nofollow":"N","copyright":"Ot-St-Brevin"},{"url":"https:\/\/www.saint-brevin.com\/medias\/images\/prestataires\/plage-ocean-st-brevin-11-166.jpg","chemin":"..\/medias\/images\/prestataires\/plage-ocean-st-brevin-11-166.jpg","libelle":"plage-ocean-st-brevin-11-166","extension":"jpg","categorie":"","largeur":4368,"theme":"","hauteur":2912,"type":"Image","origine":"","liaisonPave":"","langue":"","id":"166","urlVignette":"https:\/\/www.saint-brevin.com\/medias\/images\/prestataires\/v-plage-ocean-st-brevin-11-166.jpg","alt":"plage-ocean-st-brevin-11-166","title":"plage-ocean-st-brevin-11-166","MultiTaille":{"1920x1440":{"url":"https:\/\/www.saint-brevin.com\/medias\/images\/prestataires\/multitailles\/1920x1440_plage-ocean-st-brevin-11-166.jpg"},"1200x900":{"url":"https:\/\/www.saint-brevin.com\/medias\/images\/prestataires\/multitailles\/1200x900_plage-ocean-st-brevin-11-166.jpg"},"800x600":{"url":"https:\/\/www.saint-brevin.com\/medias\/images\/prestataires\/multitailles\/800x600_plage-ocean-st-brevin-11-166.jpg"},"640x480":{"url":"https:\/\/www.saint-brevin.com\/medias\/images\/prestataires\/multitailles\/640x480_plage-ocean-st-brevin-11-166.jpg"},"320x240":{"url":"https:\/\/www.saint-brevin.com\/medias\/images\/prestataires\/multitailles\/320x240_plage-ocean-st-brevin-11-166.jpg"},"160x120":{"url":"https:\/\/www.saint-brevin.com\/medias\/images\/prestataires\/multitailles\/160x120_plage-ocean-st-brevin-11-166.jpg"},"origine":{"url":"https:\/\/www.saint-brevin.com\/medias\/images\/prestataires\/plage-ocean-st-brevin-11-166.jpg"}},"urlLien":"","typeLien":"|","nofollow":"N","copyright":"Ot-St-Brevin"},{"url":"https:\/\/www.saint-brevin.com\/medias\/images\/prestataires\/plage-ocean-st-brevin-1-157.jpg","chemin":"..\/medias\/images\/prestataires\/plage-ocean-st-brevin-1-157.jpg","libelle":"plage-ocean-st-brevin-1-157","extension":"jpg","categorie":"","largeur":2762,"theme":"","hauteur":1841,"type":"Image","origine":"","liaisonPave":"","langue":"","id":"157","urlVignette":"https:\/\/www.saint-brevin.com\/medias\/images\/prestataires\/v-plage-ocean-st-brevin-1-157.jpg","alt":"plage-ocean-st-brevin-1-157","title":"plage-ocean-st-brevin-1-157","MultiTaille":{"1920x1440":{"url":"https:\/\/www.saint-brevin.com\/medias\/images\/prestataires\/multitailles\/1920x1440_plage-ocean-st-brevin-1-157.jpg"},"1200x900":{"url":"https:\/\/www.saint-brevin.com\/medias\/images\/prestataires\/multitailles\/1200x900_plage-ocean-st-brevin-1-157.jpg"},"800x600":{"url":"https:\/\/www.saint-brevin.com\/medias\/images\/prestataires\/multitailles\/800x600_plage-ocean-st-brevin-1-157.jpg"},"640x480":{"url":"https:\/\/www.saint-brevin.com\/medias\/images\/prestataires\/multitailles\/640x480_plage-ocean-st-brevin-1-157.jpg"},"320x240":{"url":"https:\/\/www.saint-brevin.com\/medias\/images\/prestataires\/multitailles\/320x240_plage-ocean-st-brevin-1-157.jpg"},"160x120":{"url":"https:\/\/www.saint-brevin.com\/medias\/images\/prestataires\/multitailles\/160x120_plage-ocean-st-brevin-1-157.jpg"},"origine":{"url":"https:\/\/www.saint-brevin.com\/medias\/images\/prestataires\/plage-ocean-st-brevin-1-157.jpg"}},"urlLien":"","typeLien":"|","nofollow":"N","copyright":"Ot-St-Brevin"},{"url":"https:\/\/www.saint-brevin.com\/medias\/images\/prestataires\/plage-st-brevin-1448.jpg","chemin":"..\/medias\/images\/prestataires\/plage-st-brevin-1448.jpg","libelle":"plage-st-brevin-1448","extension":"jpg","categorie":"","largeur":5184,"theme":"","hauteur":3456,"type":"Image","origine":"","liaisonPave":"","langue":"","id":"1448","urlVignette":"https:\/\/www.saint-brevin.com\/medias\/images\/prestataires\/v-plage-st-brevin-1448.jpg","alt":"plage-st-brevin-1448","title":"plage-st-brevin-1448","MultiTaille":{"1920x1440":{"url":"https:\/\/www.saint-brevin.com\/medias\/images\/prestataires\/multitailles\/1920x1440_plage-st-brevin-1448.jpg"},"1200x900":{"url":"https:\/\/www.saint-brevin.com\/medias\/images\/prestataires\/multitailles\/1200x900_plage-st-brevin-1448.jpg"},"800x600":{"url":"https:\/\/www.saint-brevin.com\/medias\/images\/prestataires\/multitailles\/800x600_plage-st-brevin-1448.jpg"},"640x480":{"url":"https:\/\/www.saint-brevin.com\/medias\/images\/prestataires\/multitailles\/640x480_plage-st-brevin-1448.jpg"},"320x240":{"url":"https:\/\/www.saint-brevin.com\/medias\/images\/prestataires\/multitailles\/320x240_plage-st-brevin-1448.jpg"},"160x120":{"url":"https:\/\/www.saint-brevin.com\/medias\/images\/prestataires\/multitailles\/160x120_plage-st-brevin-1448.jpg"},"origine":{"url":"https:\/\/www.saint-brevin.com\/medias\/images\/prestataires\/plage-st-brevin-1448.jpg"}},"urlLien":"","typeLien":"","nofollow":"N","copyright":""},{"url":"https:\/\/www.saint-brevin.com\/medias\/images\/prestataires\/plage-st-brevin-ocean-sable-mer-3-1449.jpg","chemin":"..\/medias\/images\/prestataires\/plage-st-brevin-ocean-sable-mer-3-1449.jpg","libelle":"plage-st-brevin-ocean-sable-mer-3-1449","extension":"jpg","categorie":"","largeur":5184,"theme":"","hauteur":3456,"type":"Image","origine":"","liaisonPave":"","langue":"","id":"1449","urlVignette":"https:\/\/www.saint-brevin.com\/medias\/images\/prestataires\/v-plage-st-brevin-ocean-sable-mer-3-1449.jpg","alt":"plage-st-brevin-ocean-sable-mer-3-1449","title":"plage-st-brevin-ocean-sable-mer-3-1449","MultiTaille":{"1920x1440":{"url":"https:\/\/www.saint-brevin.com\/medias\/images\/prestataires\/multitailles\/1920x1440_plage-st-brevin-ocean-sable-mer-3-1449.jpg"},"1200x900":{"url":"https:\/\/www.saint-brevin.com\/medias\/images\/prestataires\/multitailles\/1200x900_plage-st-brevin-ocean-sable-mer-3-1449.jpg"},"800x600":{"url":"https:\/\/www.saint-brevin.com\/medias\/images\/prestataires\/multitailles\/800x600_plage-st-brevin-ocean-sable-mer-3-1449.jpg"},"640x480":{"url":"https:\/\/www.saint-brevin.com\/medias\/images\/prestataires\/multitailles\/640x480_plage-st-brevin-ocean-sable-mer-3-1449.jpg"},"320x240":{"url":"https:\/\/www.saint-brevin.com\/medias\/images\/prestataires\/multitailles\/320x240_plage-st-brevin-ocean-sable-mer-3-1449.jpg"},"160x120":{"url":"https:\/\/www.saint-brevin.com\/medias\/images\/prestataires\/multitailles\/160x120_plage-st-brevin-ocean-sable-mer-3-1449.jpg"},"origine":{"url":"https:\/\/www.saint-brevin.com\/medias\/images\/prestataires\/plage-st-brevin-ocean-sable-mer-3-1449.jpg"}},"urlLien":"","typeLien":"","nofollow":"N","copyright":""},{"url":"https:\/\/www.saint-brevin.com\/medias\/images\/prestataires\/plage-st-brevin-ocean-sable-mer-4-1451.jpg","chemin":"..\/medias\/images\/prestataires\/plage-st-brevin-ocean-sable-mer-4-1451.jpg","libelle":"plage-st-brevin-ocean-sable-mer-4-1451","extension":"jpg","categorie":"","largeur":5184,"theme":"","hauteur":3456,"type":"Image","origine":"","liaisonPave":"","langue":"","id":"1451","urlVignette":"https:\/\/www.saint-brevin.com\/medias\/images\/prestataires\/v-plage-st-brevin-ocean-sable-mer-4-1451.jpg","alt":"plage-st-brevin-ocean-sable-mer-4-1451","title":"plage-st-brevin-ocean-sable-mer-4-1451","MultiTaille":{"1920x1440":{"url":"https:\/\/www.saint-brevin.com\/medias\/images\/prestataires\/multitailles\/1920x1440_plage-st-brevin-ocean-sable-mer-4-1451.jpg"},"1200x900":{"url":"https:\/\/www.saint-brevin.com\/medias\/images\/prestataires\/multitailles\/1200x900_plage-st-brevin-ocean-sable-mer-4-1451.jpg"},"800x600":{"url":"https:\/\/www.saint-brevin.com\/medias\/images\/prestataires\/multitailles\/800x600_plage-st-brevin-ocean-sable-mer-4-1451.jpg"},"640x480":{"url":"https:\/\/www.saint-brevin.com\/medias\/images\/prestataires\/multitailles\/640x480_plage-st-brevin-ocean-sable-mer-4-1451.jpg"},"320x240":{"url":"https:\/\/www.saint-brevin.com\/medias\/images\/prestataires\/multitailles\/320x240_plage-st-brevin-ocean-sable-mer-4-1451.jpg"},"160x120":{"url":"https:\/\/www.saint-brevin.com\/medias\/images\/prestataires\/multitailles\/160x120_plage-st-brevin-ocean-sable-mer-4-1451.jpg"},"origine":{"url":"https:\/\/www.saint-brevin.com\/medias\/images\/prestataires\/plage-st-brevin-ocean-sable-mer-4-1451.jpg"}},"urlLien":"","typeLien":"","nofollow":"N","copyright":""},{"url":"https:\/\/www.saint-brevin.com\/medias\/images\/prestataires\/plage-st-brevin-ocean-sable-mer-5-1452.jpg","chemin":"..\/medias\/images\/prestataires\/plage-st-brevin-ocean-sable-mer-5-1452.jpg","libelle":"plage-st-brevin-ocean-sable-mer-5-1452","extension":"jpg","categorie":"","largeur":5184,"theme":"","hauteur":3456,"type":"Image","origine":"","liaisonPave":"","langue":"","id":"1452","urlVignette":"https:\/\/www.saint-brevin.com\/medias\/images\/prestataires\/v-plage-st-brevin-ocean-sable-mer-5-1452.jpg","alt":"plage-st-brevin-ocean-sable-mer-5-1452","title":"plage-st-brevin-ocean-sable-mer-5-1452","MultiTaille":{"1920x1440":{"url":"https:\/\/www.saint-brevin.com\/medias\/images\/prestataires\/multitailles\/1920x1440_plage-st-brevin-ocean-sable-mer-5-1452.jpg"},"1200x900":{"url":"https:\/\/www.saint-brevin.com\/medias\/images\/prestataires\/multitailles\/1200x900_plage-st-brevin-ocean-sable-mer-5-1452.jpg"},"800x600":{"url":"https:\/\/www.saint-brevin.com\/medias\/images\/prestataires\/multitailles\/800x600_plage-st-brevin-ocean-sable-mer-5-1452.jpg"},"640x480":{"url":"https:\/\/www.saint-brevin.com\/medias\/images\/prestataires\/multitailles\/640x480_plage-st-brevin-ocean-sable-mer-5-1452.jpg"},"320x240":{"url":"https:\/\/www.saint-brevin.com\/medias\/images\/prestataires\/multitailles\/320x240_plage-st-brevin-ocean-sable-mer-5-1452.jpg"},"160x120":{"url":"https:\/\/www.saint-brevin.com\/medias\/images\/prestataires\/multitailles\/160x120_plage-st-brevin-ocean-sable-mer-5-1452.jpg"},"origine":{"url":"https:\/\/www.saint-brevin.com\/medias\/images\/prestataires\/plage-st-brevin-ocean-sable-mer-5-1452.jpg"}},"urlLien":"","typeLien":"","nofollow":"N","copyright":""},{"url":"https:\/\/www.saint-brevin.com\/medias\/images\/prestataires\/plage-st-brevin-ocean-sable-mer-6-1453.jpg","chemin":"..\/medias\/images\/prestataires\/plage-st-brevin-ocean-sable-mer-6-1453.jpg","libelle":"plage-st-brevin-ocean-sable-mer-6-1453","extension":"jpg","categorie":"","largeur":5184,"theme":"","hauteur":3456,"type":"Image","origine":"","liaisonPave":"","langue":"","id":"1453","urlVignette":"https:\/\/www.saint-brevin.com\/medias\/images\/prestataires\/v-plage-st-brevin-ocean-sable-mer-6-1453.jpg","alt":"plage-st-brevin-ocean-sable-mer-6-1453","title":"plage-st-brevin-ocean-sable-mer-6-1453","MultiTaille":{"1920x1440":{"url":"https:\/\/www.saint-brevin.com\/medias\/images\/prestataires\/multitailles\/1920x1440_plage-st-brevin-ocean-sable-mer-6-1453.jpg"},"1200x900":{"url":"https:\/\/www.saint-brevin.com\/medias\/images\/prestataires\/multitailles\/1200x900_plage-st-brevin-ocean-sable-mer-6-1453.jpg"},"800x600":{"url":"https:\/\/www.saint-brevin.com\/medias\/images\/prestataires\/multitailles\/800x600_plage-st-brevin-ocean-sable-mer-6-1453.jpg"},"640x480":{"url":"https:\/\/www.saint-brevin.com\/medias\/images\/prestataires\/multitailles\/640x480_plage-st-brevin-ocean-sable-mer-6-1453.jpg"},"320x240":{"url":"https:\/\/www.saint-brevin.com\/medias\/images\/prestataires\/multitailles\/320x240_plage-st-brevin-ocean-sable-mer-6-1453.jpg"},"160x120":{"url":"https:\/\/www.saint-brevin.com\/medias\/images\/prestataires\/multitailles\/160x120_plage-st-brevin-ocean-sable-mer-6-1453.jpg"},"origine":{"url":"https:\/\/www.saint-brevin.com\/medias\/images\/prestataires\/plage-st-brevin-ocean-sable-mer-6-1453.jpg"}},"urlLien":"","typeLien":"","nofollow":"N","copyright":""},{"url":"https:\/\/www.saint-brevin.com\/medias\/images\/prestataires\/plage-st-brevin-ocean-sable-mer-7-1454.jpg","chemin":"..\/medias\/images\/prestataires\/plage-st-brevin-ocean-sable-mer-7-1454.jpg","libelle":"plage-st-brevin-ocean-sable-mer-7-1454","extension":"jpg","categorie":"","largeur":5184,"theme":"","hauteur":3456,"type":"Image","origine":"","liaisonPave":"","langue":"","id":"1454","urlVignette":"https:\/\/www.saint-brevin.com\/medias\/images\/prestataires\/v-plage-st-brevin-ocean-sable-mer-7-1454.jpg","alt":"plage-st-brevin-ocean-sable-mer-7-1454","title":"plage-st-brevin-ocean-sable-mer-7-1454","MultiTaille":{"1920x1440":{"url":"https:\/\/www.saint-brevin.com\/medias\/images\/prestataires\/multitailles\/1920x1440_plage-st-brevin-ocean-sable-mer-7-1454.jpg"},"1200x900":{"url":"https:\/\/www.saint-brevin.com\/medias\/images\/prestataires\/multitailles\/1200x900_plage-st-brevin-ocean-sable-mer-7-1454.jpg"},"800x600":{"url":"https:\/\/www.saint-brevin.com\/medias\/images\/prestataires\/multitailles\/800x600_plage-st-brevin-ocean-sable-mer-7-1454.jpg"},"640x480":{"url":"https:\/\/www.saint-brevin.com\/medias\/images\/prestataires\/multitailles\/640x480_plage-st-brevin-ocean-sable-mer-7-1454.jpg"},"320x240":{"url":"https:\/\/www.saint-brevin.com\/medias\/images\/prestataires\/multitailles\/320x240_plage-st-brevin-ocean-sable-mer-7-1454.jpg"},"160x120":{"url":"https:\/\/www.saint-brevin.com\/medias\/images\/prestataires\/multitailles\/160x120_plage-st-brevin-ocean-sable-mer-7-1454.jpg"},"origine":{"url":"https:\/\/www.saint-brevin.com\/medias\/images\/prestataires\/plage-st-brevin-ocean-sable-mer-7-1454.jpg"}},"urlLien":"","typeLien":"","nofollow":"N","copyright":""},{"url":"https:\/\/www.saint-brevin.com\/medias\/images\/prestataires\/tiralo-3680.jpg","chemin":"..\/medias\/images\/prestataires\/tiralo-3680.jpg","libelle":"tiralo-3680","extension":"jpg","categorie":"","largeur":1772,"theme":"","hauteur":1329,"type":"Image","origine":"","liaisonPave":"","langue":"","id":"3680","urlVignette":"https:\/\/www.saint-brevin.com\/medias\/images\/prestataires\/v-tiralo-3680.jpg","alt":"tiralo-3680","title":"tiralo-3680","MultiTaille":{"1920x1440":{"url":"https:\/\/www.saint-brevin.com\/medias\/images\/prestataires\/multitailles\/1920x1440_tiralo-3680.jpg"},"1200x900":{"url":"https:\/\/www.saint-brevin.com\/medias\/images\/prestataires\/multitailles\/1200x900_tiralo-3680.jpg"},"800x600":{"url":"https:\/\/www.saint-brevin.com\/medias\/images\/prestataires\/multitailles\/800x600_tiralo-3680.jpg"},"640x480":{"url":"https:\/\/www.saint-brevin.com\/medias\/images\/prestataires\/multitailles\/640x480_tiralo-3680.jpg"},"320x240":{"url":"https:\/\/www.saint-brevin.com\/medias\/images\/prestataires\/multitailles\/320x240_tiralo-3680.jpg"},"160x120":{"url":"https:\/\/www.saint-brevin.com\/medias\/images\/prestataires\/multitailles\/160x120_tiralo-3680.jpg"},"origine":{"url":"https:\/\/www.saint-brevin.com\/medias\/images\/prestataires\/tiralo-3680.jpg"}},"urlLien":"","typeLien":"","nofollow":"N","copyright":""},{"url":"https:\/\/www.saint-brevin.com\/medias\/images\/prestataires\/hippocampe-hippocampe-fauteuil-tout-terrain-3678.jpg","chemin":"..\/medias\/images\/prestataires\/hippocampe-hippocampe-fauteuil-tout-terrain-3678.jpg","libelle":"hippocampe-hippocampe-fauteuil-tout-terrain-3678","extension":"jpg","categorie":"","largeur":855,"theme":"","hauteur":624,"type":"Image","origine":"","liaisonPave":"","langue":"","id":"3678","urlVignette":"https:\/\/www.saint-brevin.com\/medias\/images\/prestataires\/v-hippocampe-hippocampe-fauteuil-tout-terrain-3678.jpg","alt":"hippocampe-hippocampe-fauteuil-tout-terrain-3678","title":"hippocampe-hippocampe-fauteuil-tout-terrain-3678","MultiTaille":{"1920x1440":{"url":"https:\/\/www.saint-brevin.com\/medias\/images\/prestataires\/multitailles\/1920x1440_hippocampe-hippocampe-fauteuil-tout-terrain-3678.jpg"},"1200x900":{"url":"https:\/\/www.saint-brevin.com\/medias\/images\/prestataires\/multitailles\/1200x900_hippocampe-hippocampe-fauteuil-tout-terrain-3678.jpg"},"800x600":{"url":"https:\/\/www.saint-brevin.com\/medias\/images\/prestataires\/multitailles\/800x600_hippocampe-hippocampe-fauteuil-tout-terrain-3678.jpg"},"640x480":{"url":"https:\/\/www.saint-brevin.com\/medias\/images\/prestataires\/multitailles\/640x480_hippocampe-hippocampe-fauteuil-tout-terrain-3678.jpg"},"320x240":{"url":"https:\/\/www.saint-brevin.com\/medias\/images\/prestataires\/multitailles\/320x240_hippocampe-hippocampe-fauteuil-tout-terrain-3678.jpg"},"160x120":{"url":"https:\/\/www.saint-brevin.com\/medias\/images\/prestataires\/multitailles\/160x120_hippocampe-hippocampe-fauteuil-tout-terrain-3678.jpg"},"origine":{"url":"https:\/\/www.saint-brevin.com\/medias\/images\/prestataires\/hippocampe-hippocampe-fauteuil-tout-terrain-3678.jpg"}},"urlLien":"","typeLien":"","nofollow":"N","copyright":""},{"url":"https:\/\/www.saint-brevin.com\/medias\/images\/prestataires\/hippocampe-mer-3681.jpg","chemin":"..\/medias\/images\/prestataires\/hippocampe-mer-3681.jpg","libelle":"hippocampe-mer-3681","extension":"jpg","categorie":"","largeur":200,"theme":"","hauteur":200,"type":"Image","origine":"","liaisonPave":"","langue":"","id":"3681","urlVignette":"https:\/\/www.saint-brevin.com\/medias\/images\/prestataires\/v-hippocampe-mer-3681.jpg","alt":"hippocampe-mer-3681","title":"hippocampe-mer-3681","MultiTaille":{"1920x1440":{"url":"https:\/\/www.saint-brevin.com\/medias\/images\/prestataires\/multitailles\/1920x1440_hippocampe-mer-3681.jpg"},"1200x900":{"url":"https:\/\/www.saint-brevin.com\/medias\/images\/prestataires\/multitailles\/1200x900_hippocampe-mer-3681.jpg"},"800x600":{"url":"https:\/\/www.saint-brevin.com\/medias\/images\/prestataires\/multitailles\/800x600_hippocampe-mer-3681.jpg"},"640x480":{"url":"https:\/\/www.saint-brevin.com\/medias\/images\/prestataires\/multitailles\/640x480_hippocampe-mer-3681.jpg"},"320x240":{"url":"https:\/\/www.saint-brevin.com\/medias\/images\/prestataires\/multitailles\/320x240_hippocampe-mer-3681.jpg"},"160x120":{"url":"https:\/\/www.saint-brevin.com\/medias\/images\/prestataires\/multitailles\/160x120_hippocampe-mer-3681.jpg"},"origine":{"url":"https:\/\/www.saint-brevin.com\/medias\/images\/prestataires\/hippocampe-mer-3681.jpg"}},"urlLien":"","typeLien":"","nofollow":"N","copyright":""}]},"Document":[{"url":"https:\/\/www.saint-brevin.com\/medias\/images\/prestataires\/arr-t-2025-surveillance-des-plages-10434.pdf","chemin":"..\/medias\/images\/prestataires\/arr-t-2025-surveillance-des-plages-10434.pdf","libelle":"arr-t-2025-surveillance-des-plages-10434","extension":"pdf","categorie":"","largeur":"","theme":"","hauteur":"","type":"Document","origine":"","liaisonPave":"","langue":"","id":"10434","poids":"1.1 Mo","alt":"arr-t-2025-surveillance-des-plages-10434","title":"arr-t-2025-surveillance-des-plages-10434"},{"url":"https:\/\/www.saint-brevin.com\/medias\/images\/prestataires\/st2024-0177-reglementation-de-la-baignade-des-activites-nautiques-et-des-plages-2024-10514.pdf","chemin":"..\/medias\/images\/prestataires\/st2024-0177-reglementation-de-la-baignade-des-activites-nautiques-et-des-plages-2024-10514.pdf","libelle":"st2024-0177-reglementation-de-la-baignade-des-activites-nautiques-et-des-plages-2024-10514","extension":"pdf","categorie":"","largeur":"","theme":"","hauteur":"","type":"Document","origine":"","liaisonPave":"","langue":"","id":"10514","poids":"7.18 Mo","alt":"st2024-0177-reglementation-de-la-baignade-des-activites-nautiques-et-des-plages-2024-10514","title":"st2024-0177-reglementation-de-la-baignade-des-activites-nautiques-et-des-plages-2024-10514"}]},"Url":"the-ocean-beach.html","Localisation":{"GoogleMap":{"Latitude":"47.22855","Longitude":"-2.17542"}},"ZoneGeo":"","Criteres":{"AUTOURL[STBREVINSE":"","COMMUNES[SAINTBREVIN":"","QUARTIER[OCEAN":"","PLAGELIEU[PRESSIGNY":"","PLAGELIEU[OCEAN":"","PLAGELIEU[POINTEAU":"","PLAGELIEU[COURANCE":"","NTYSIT[NPLADU":"","NCAPL[NSAB":"","DISTANCEDUBUS[MARRETBREVIBUS":"100","DISTANCEDUCENTRE[KMCENTREBREVINPIN":"2.5","DISTANCEDUCENTRE[MCENTREBREVINOCEAN":"100","DISTANCEDELAGARE[KMGARESAINTBAZAIRE":"17","DISTANCEDELAGARE[KMGAREPORNIC":"15","GROEQU[NARCAR":"","NEQUPN[NAIRJE":"","NEQUPN[NSATAN":"","NEQUPN[NBANC":"","NEQUPN[NTAE":"","NEQUPN[NCP":"","NEQUPN[NRESTO":"","NEQUPN[NBAR":"","NEQUPN[NNAUT":"","NEQUPN[NPOU":"","NEQUPN[NPGTA":"","NEQUPN[PARKVELO":"","NENVSE[NBAISU":"","NENVSE[NPS":"","NENVSE[NZBD":"","NENVSE[NNETSA":"","NENVSE[NANEB":"","PLAGES[BAIGNADESURVEILLEENSAISON":"","PLAGES[SANITAIRES":"","PLAGES[PARKING":"","PLAGES[PARKINGVELO":"","PLAGES[ACCESSIBLEAUXPERSONNESMOB":"","PLAGES[NETOYEE":"","PLAGES[LABELPAVILLONBLEU":"","NCLASS[NPB":"","TDLTH[DHAACO":"","THANDI[TDATAE":"","THANDI[TDAAPB":"","THANDI[TDACPB":"","INSPUBMAJ[GRATUITPRECISER":"","ANIACC[NAJA":"","ANIACC[ANIMNON":"","MAJINGENIE[DATEDERNIEREMAJ":"20231228","MISEAJOUR[AMANDINE":""},"DateFinPublication":"","PrixAPartirDe":"","PrixPour":"","FicheListeEnCours":"fiche_liste_patrimoine_naturel_v2017","ParametresModele":{"AfficherPhotos":"1","NbPhotosMax":6,"AfficherReserver":0,"AfficherContact":0,"AfficherSalle":1,"AfficherZoneGeo":0,"AfficherEnSavoirPlus":"1","AfficherUneSeuleOuverture":0,"AfficherContactCarte":1,"AfficherTarifsChaudAPartirDe":0,"AfficherTarifChaudSansRecherche":0,"AfficherLiensCarnetVoyage":"1","BlocCritereInfo":{"critere1":{"libelle":""},"critere2":{"libelle":""},"critere3":{"libelle":""},"critere4":{"libelle":""},"critere5":{"libelle":""},"critere6":{"libelle":""},"critere7":{"libelle":"","liste_critere":["COMMUNES|N"]},"critere8":{"libelle":""},"afficherpictoetpaslibelle":"1"},"TypePrestataire":"N","ComportementResa":false,"ComportementDispo":false},"AffichageCoordonnees":[],"Coordonnees":{"Ville":"ST BREVIN LES PINS"},"ContexteId":"PRESTATAIRE|N|LOIPDL044000039","ContexteIdHtml":"PRESTATAIRE-N-LOIPDL044000039","cleContexte":"N|LOIPDL044000039","Bloc":{"texte1":"","texte3":"","critere1":{"libelle":"","contenu":[]},"critere2":{"libelle":"","contenu":[]},"critere3":{"libelle":"","contenu":[]},"critere4":{"libelle":"","contenu":[]},"critere5":{"libelle":"","contenu":[]},"critere6":{"libelle":"","contenu":[]},"critere7":{"libelle":"","contenu":{"COMMUNES":{"libelle":"Geographical zone","contenu":{"1":"Saint-Brevin"},"codesValeurs":{"1":"COMMUNES|SAINTBREVIN|N"},"criteres_datas":{"valeurs":{"1":{"SAINTBREVIN":{"descriptif":""}}}}}}},"critere8":{"libelle":"","contenu":[]},"critere9":{"libelle":"","contenu":[]}},"LocalisationGps":{"Latitude":"47.22855","Longitude":"-2.17542"},"libelleDuPrestataire":"","listeCriteres":{"AUTOURL":{"STBREVINSE":""},"COMMUNES":{"SAINTBREVIN":""},"QUARTIER":{"OCEAN":""},"PLAGELIEU":{"PRESSIGNY":"","OCEAN":"","POINTEAU":"","COURANCE":""},"NTYSIT":{"NPLADU":""},"NCAPL":{"NSAB":""},"DISTANCEDUBUS":{"MARRETBREVIBUS":"100"},"DISTANCEDUCENTRE":{"KMCENTREBREVINPIN":"2.5","MCENTREBREVINOCEAN":"100"},"DISTANCEDELAGARE":{"KMGARESAINTBAZAIRE":"17","KMGAREPORNIC":"15"},"GROEQU":{"NARCAR":""},"NEQUPN":{"NAIRJE":"","NSATAN":"","NBANC":"","NTAE":"","NCP":"","NRESTO":"","NBAR":"","NNAUT":"","NPOU":"","NPGTA":"","PARKVELO":""},"NENVSE":{"NBAISU":"","NPS":"","NZBD":"","NNETSA":"","NANEB":""},"PLAGES":{"BAIGNADESURVEILLEENSAISON":"","SANITAIRES":"","PARKING":"","PARKINGVELO":"","ACCESSIBLEAUXPERSONNESMOB":"","NETOYEE":"","LABELPAVILLONBLEU":""},"NCLASS":{"NPB":""},"TDLTH":{"DHAACO":""},"THANDI":{"TDATAE":"","TDAAPB":"","TDACPB":""},"INSPUBMAJ":{"GRATUITPRECISER":""},"ANIACC":{"NAJA":"","ANIMNON":""},"MAJINGENIE":{"DATEDERNIEREMAJ":"20231228"},"MISEAJOUR":{"AMANDINE":""}},"dansCarnetVoyage":true,"Ouverture":""},"html":" \n \u003Cdiv id=\"CV-PRESTATAIRE-N-LOIPDL044000039\" data-contexte-id=\"PRESTATAIRE|N|LOIPDL044000039\" data-cle=\"N|LOIPDL044000039\" class=\"fiche-liste\"\u003E\n    \n\n    \u003C!-- partie photo --\u003E\n    \u003Cdiv class=\"photo\"\u003E\t\t\t\t\t\t\t\t\t\t\t\t\t\t\t\t\t\t\t\t\t\n        \u003Cdiv class=\"cadre_photo_principale\"\u003E\t\t\n        \n            \t\t\t\t\t\n                    \u003Ca href=\"the-ocean-beach.html?origine=carnet#media\"\u003E\n                        \u003Cimg class=\"photo_principale\" alt=\"lad-stbrevinlespinsbd-j-r-myj-hanin-73-8891\" src=\"https:\/\/www.saint-brevin.com\/medias\/images\/prestataires\/multitailles\/320x240_lad-stbrevinlespinsbd-j-r-myj-hanin-73-8891.jpg\" itemprop=\"image\"\u003E\n                    \u003C\/a\u003E\t\t\t\t\t\t\n                \n                    \u003C\/div\u003E\t\t\t\t\t\t\t\t\t\t\t\t\t\t\t\t\t\t\t \t\t\n    \u003C\/div\u003E\n    \n    \u003C!-- partie nom prest --\u003E\n    \u003Cdiv class=\"nom\"\u003E\n        \u003Ch2\u003EThe Ocean Beach\u003C\/h2\u003E\n        \n            \u003C\/div\u003E\n\n         \n    \u003C!-- partie adresse --\u003E\n    \u003Cdiv class=\"adresse\"\u003E\n    \n          \n    \u003C\/div\u003E\n    \n    \u003C!-- partie liens --\u003E\n    \u003Cdiv class=\"liens\"\u003E\n            \u003Ca class=\"btn-icon btn-view \" title=\"Read more \" href=\"the-ocean-beach.html?origine=carnet\"\u003E\u003C\/a\u003E\u003C!--\u003Ca class=\"btn-icon btn-view \" title=\"\" href=\"?origine=carnet#thaut\"\u003E\u003C\/a\u003E--\u003E\n      \u003Ca class=\"btn-icon btn-trash carnet_voyage_supprimer\" title=\"Remove to travel notes \" href=\"carnet-voyage?action=remove&fiche=N|LOIPDL044000039\"\u003E\u003C\/a\u003E\n    \u003C\/div\u003E\n\n\u003C\/div\u003E\n\n","icon":"https:\/\/static.ingenie.fr\/images\/carnetVoyageV3\/N.png"},"fiche":"N|LOIPDL044000039","popup":"\u003Cdiv id=\"bloc_popup_ajout_fiche_carnet\"\u003E\n    \u003Cdiv class=\"info_popup_ajout_fiche_carnet\"\u003E\n        You have added this item to your travel notes :    \u003C\/div\u003E\n    \u003Cdiv class=\"prest_popup_ajout_fiche_carnet\"\u003E\n        The Ocean Beach    \u003C\/div\u003E\n    \u003Cdiv class=\"bloc_btn_ajout_fiche_carnet form_submit_div\"\u003E\n        \u003Cinput type=\"button\" value=\"Continue \" title=\"Continue \" name=\"btn_close\" class=\"btn_close_popup_carnet form_submit\" onclick=\"$.colorbox.close()\" \/\u003E\n        \u003Cinput type=\"button\" value=\"View my travel notes \" title=\"View my travel notes \" name=\"btn_panier\" class=\"btn_panier_popup_carnet form_submit\" onclick=\"if(typeof CarnetVoyage != 'undefined') {CarnetVoyage.voirCarnet();}\" \/\u003E\n    \u003C\/div\u003E\n    \u003Cdiv class=\"bloc_btn_ajout_fiche_carnet\"\u003E\n        \u003Cinput type=\"checkbox\" value=\"1\" name=\"desactiver_popup\" id=\"desactiver_popup\" \/\u003E\n        \u003Clabel for=\"desactiver_popup\"\u003EDo not show this message again \u003C\/label\u003E\n    \u003C\/div\u003E\n\u003C\/div\u003E","success":1}