{"nbFiches":1,"dataPrest":{"infoPrest":{"pave1":{"libelle":"","contenu":""},"pave2":{"libelle":"","contenu":""},"pave3":{"libelle":"","contenu":""},"pave4":{"libelle":"","contenu":""},"pave5":{"libelle":"","contenu":""},"pave6":{"libelle":"","contenu":""},"pave7":{"libelle":"","contenu":""},"pave8":{"libelle":"","contenu":""},"pave9":{"libelle":"","contenu":""},"pave10":{"libelle":"","contenu":""},"pave11":{"libelle":"","contenu":""},"pave12":{"libelle":"","contenu":""},"pave13":{"libelle":"","contenu":""},"pave14":{"libelle":"","contenu":""},"pave15":{"libelle":"","contenu":""},"pave16":{"libelle":"","contenu":""},"pave17":{"libelle":"","contenu":""},"pave18":{"libelle":"","contenu":""},"pave19":{"libelle":"","contenu":""},"pave20":{"libelle":"","contenu":""},"pave21":{"libelle":"","contenu":""},"pave22":{"libelle":"","contenu":""},"pave23":{"libelle":"","contenu":""},"pave24":{"libelle":"","contenu":""},"pave25":{"libelle":"","contenu":""},"Libelle":"Initiation Beach art","Reference":"","Reftar":"","Type":"PRESTATION","TypePrestataire":"Y","ContexteStat":"PRESTATION-Y-ARTEFFETMER-INITIATIONBEACHART","DateModificationIso":"2026-04-22T11:31:00+02:00","Adresse":{"LigneAdresse1":"Lieu exact indiqu\u00e9 \u00e0 la r\u00e9servation.","LigneAdresse2":"","LigneAdresse3":"","CodePostal":"44250","Ville":"ST BREVIN LES PINS","Cedex":"","Etat":"","Pays":"FRA"},"Id":"y-arteffetmer-initiationbeachart","Code":"Y|ARTEFFETMER|INITIATIONBEACHART","Cle":"Y|ARTEFFETMER|INITIATIONBEACHART","Url":"initiation-beach-art.html","Localisation":{"GoogleMap":{"Latitude":"47.23573","Longitude":"-2.17922"}},"ZoneGeo":"","Criteres":{"RESABILLET[RESAENLIGNE":"","RESABILLET[BILLETTERIEOT":"","LIEUMANIF[SAINTBREVIN":"","CATEGORIEANIMATION[ATELIER":"","ICA[DS":"2h","ICA[AGEMINIM":"7","ICA[AGEMAXIM":"14","MODEPAIEMENT[LCBP":"","MODEPAIEMENT[LESPE":"","MODEPAIEMENT[LCB":"","TYPE[LOISI":"","MISEAJOURINGENIE[DATEDERNIEREMAJ":"20260213","MISEAJOURPAR[ANNABELLE":""},"ContactsParType":{"IWEB":{"3730":{"id_contact":"3730","type_contact":"IWEB","categorie_contact":"PRESTATION","societe_contact":"Officie de Tourisme","fonction_contact":"","civilite_nom_prenom_contact":"","adresse1_contact":"","adresse2_contact":"","adresse3_contact":"","cpostal_contact":"","ville_contact":"","teldom_contact":"02 40 27 24 32","telbur_contact":"","fax_contact":"","portable_contact":"","email_contact":"ot@tourisme-saint-brevin.fr","siteweb_contact":"","commentaire_contact":"","langue_contact":"","autre_moyen_com":[]}}},"ContactRemplaceCoordonnees":"3730","Prestataire":{"pave1":{"libelle":"","contenu":""},"pave2":{"libelle":"","contenu":""},"pave3":{"libelle":"","contenu":""},"pave4":{"libelle":"","contenu":""},"pave5":{"libelle":"","contenu":""},"pave6":{"libelle":"","contenu":""},"pave7":{"libelle":"","contenu":""},"pave8":{"libelle":"","contenu":""},"pave9":{"libelle":"","contenu":""},"pave10":{"libelle":"","contenu":""},"pave11":{"libelle":"","contenu":""},"pave12":{"libelle":"","contenu":""},"pave13":{"libelle":"","contenu":""},"pave14":{"libelle":"","contenu":""},"pave15":{"libelle":"","contenu":""},"pave16":{"libelle":"","contenu":""},"pave17":{"libelle":"","contenu":""},"pave18":{"libelle":"","contenu":""},"pave19":{"libelle":"","contenu":""},"pave20":{"libelle":"","contenu":""},"pave21":{"libelle":"","contenu":""},"pave22":{"libelle":"","contenu":""},"pave23":{"libelle":"","contenu":""},"pave24":{"libelle":"","contenu":""},"pave25":{"libelle":"","contenu":""},"Libelle":"Officie de Tourisme","Nom":"Officie de Tourisme","Prenom":"","NomPrenom":"Officie de Tourisme ","CiviliteNomPrenom":"Officie de Tourisme ","Cle":"Y|ARTEFFETMER","PrestataireParent":"","ContexteStat":"PRESTATAIRE-Y-ARTEFFETMER","DateModificationIso":"2026-02-13T11:05:00+01:00","Type":"PRESTATAIRE","TypePrestataire":"Y","Adresse":{"LigneAdresse1":"","LigneAdresse2":"","LigneAdresse3":"","CodePostal":"","Ville":"","Cedex":"","Etat":"","Pays":"FRA"},"Email":"ot@tourisme-saint-brevin.fr","Telephone":"02 40 27 24 32","TelephoneBureau":"","Portable":"","SiteWeb":"","Fax":"","Id":"y-arteffetmer","Code":"Y|ARTEFFETMER","Fichier":[],"Url":"","Localisation":{"GoogleMap":{"Latitude":"","Longitude":""}},"ZoneGeo":"","Criteres":{"NIVPARTENAIRE[COMPLET":"","COMMUNES[SAINTBREVIN":"","MAJINGENIE[DATEDERNIEREMAJ":"20260213","MISEAJOUR[ANNABELLE":""},"DateFinPublication":""},"Fichier":{"Image":[{"url":"https:\/\/www.saint-brevin.com\/medias\/images\/prestations\/mandala-arteffetmer-30119.jpg","chemin":"..\/medias\/images\/prestations\/mandala-arteffetmer-30119.jpg","libelle":"mandala-arteffetmer-30119","extension":"jpg","categorie":"","largeur":5464,"theme":"","hauteur":3640,"type":"Image","origine":"","liaisonPave":"","langue":"","id":"30119","urlVignette":"https:\/\/www.saint-brevin.com\/medias\/images\/prestations\/v-mandala-arteffetmer-30119.jpg","alt":"mandala-arteffetmer-30119","title":"mandala-arteffetmer-30119","MultiTaille":{"1920x1440":{"url":"https:\/\/www.saint-brevin.com\/medias\/images\/prestations\/multitailles\/1920x1440_mandala-arteffetmer-30119.jpg"},"1200x900":{"url":"https:\/\/www.saint-brevin.com\/medias\/images\/prestations\/multitailles\/1200x900_mandala-arteffetmer-30119.jpg"},"800x600":{"url":"https:\/\/www.saint-brevin.com\/medias\/images\/prestations\/multitailles\/800x600_mandala-arteffetmer-30119.jpg"},"640x480":{"url":"https:\/\/www.saint-brevin.com\/medias\/images\/prestations\/multitailles\/640x480_mandala-arteffetmer-30119.jpg"},"320x240":{"url":"https:\/\/www.saint-brevin.com\/medias\/images\/prestations\/multitailles\/320x240_mandala-arteffetmer-30119.jpg"},"160x120":{"url":"https:\/\/www.saint-brevin.com\/medias\/images\/prestations\/multitailles\/160x120_mandala-arteffetmer-30119.jpg"},"origine":{"url":"https:\/\/www.saint-brevin.com\/medias\/images\/prestations\/mandala-arteffetmer-30119.jpg"}},"urlLien":"","typeLien":"","nofollow":"N","copyright":""},{"url":"https:\/\/www.saint-brevin.com\/medias\/images\/prestations\/arteffetmer-30120.jpg","chemin":"..\/medias\/images\/prestations\/arteffetmer-30120.jpg","libelle":"arteffetmer-30120","extension":"jpg","categorie":"","largeur":5660,"theme":"","hauteur":3773,"type":"Image","origine":"","liaisonPave":"","langue":"","id":"30120","urlVignette":"https:\/\/www.saint-brevin.com\/medias\/images\/prestations\/v-arteffetmer-30120.jpg","alt":"arteffetmer-30120","title":"arteffetmer-30120","MultiTaille":{"1920x1440":{"url":"https:\/\/www.saint-brevin.com\/medias\/images\/prestations\/multitailles\/1920x1440_arteffetmer-30120.jpg"},"1200x900":{"url":"https:\/\/www.saint-brevin.com\/medias\/images\/prestations\/multitailles\/1200x900_arteffetmer-30120.jpg"},"800x600":{"url":"https:\/\/www.saint-brevin.com\/medias\/images\/prestations\/multitailles\/800x600_arteffetmer-30120.jpg"},"640x480":{"url":"https:\/\/www.saint-brevin.com\/medias\/images\/prestations\/multitailles\/640x480_arteffetmer-30120.jpg"},"320x240":{"url":"https:\/\/www.saint-brevin.com\/medias\/images\/prestations\/multitailles\/320x240_arteffetmer-30120.jpg"},"160x120":{"url":"https:\/\/www.saint-brevin.com\/medias\/images\/prestations\/multitailles\/160x120_arteffetmer-30120.jpg"},"origine":{"url":"https:\/\/www.saint-brevin.com\/medias\/images\/prestations\/arteffetmer-30120.jpg"}},"urlLien":"","typeLien":"","nofollow":"N","copyright":""}],"ByCategorie":{"":[{"url":"https:\/\/www.saint-brevin.com\/medias\/images\/prestations\/mandala-arteffetmer-30119.jpg","chemin":"..\/medias\/images\/prestations\/mandala-arteffetmer-30119.jpg","libelle":"mandala-arteffetmer-30119","extension":"jpg","categorie":"","largeur":5464,"theme":"","hauteur":3640,"type":"Image","origine":"","liaisonPave":"","langue":"","id":"30119","urlVignette":"https:\/\/www.saint-brevin.com\/medias\/images\/prestations\/v-mandala-arteffetmer-30119.jpg","alt":"mandala-arteffetmer-30119","title":"mandala-arteffetmer-30119","MultiTaille":{"1920x1440":{"url":"https:\/\/www.saint-brevin.com\/medias\/images\/prestations\/multitailles\/1920x1440_mandala-arteffetmer-30119.jpg"},"1200x900":{"url":"https:\/\/www.saint-brevin.com\/medias\/images\/prestations\/multitailles\/1200x900_mandala-arteffetmer-30119.jpg"},"800x600":{"url":"https:\/\/www.saint-brevin.com\/medias\/images\/prestations\/multitailles\/800x600_mandala-arteffetmer-30119.jpg"},"640x480":{"url":"https:\/\/www.saint-brevin.com\/medias\/images\/prestations\/multitailles\/640x480_mandala-arteffetmer-30119.jpg"},"320x240":{"url":"https:\/\/www.saint-brevin.com\/medias\/images\/prestations\/multitailles\/320x240_mandala-arteffetmer-30119.jpg"},"160x120":{"url":"https:\/\/www.saint-brevin.com\/medias\/images\/prestations\/multitailles\/160x120_mandala-arteffetmer-30119.jpg"},"origine":{"url":"https:\/\/www.saint-brevin.com\/medias\/images\/prestations\/mandala-arteffetmer-30119.jpg"}},"urlLien":"","typeLien":"","nofollow":"N","copyright":""},{"url":"https:\/\/www.saint-brevin.com\/medias\/images\/prestations\/arteffetmer-30120.jpg","chemin":"..\/medias\/images\/prestations\/arteffetmer-30120.jpg","libelle":"arteffetmer-30120","extension":"jpg","categorie":"","largeur":5660,"theme":"","hauteur":3773,"type":"Image","origine":"","liaisonPave":"","langue":"","id":"30120","urlVignette":"https:\/\/www.saint-brevin.com\/medias\/images\/prestations\/v-arteffetmer-30120.jpg","alt":"arteffetmer-30120","title":"arteffetmer-30120","MultiTaille":{"1920x1440":{"url":"https:\/\/www.saint-brevin.com\/medias\/images\/prestations\/multitailles\/1920x1440_arteffetmer-30120.jpg"},"1200x900":{"url":"https:\/\/www.saint-brevin.com\/medias\/images\/prestations\/multitailles\/1200x900_arteffetmer-30120.jpg"},"800x600":{"url":"https:\/\/www.saint-brevin.com\/medias\/images\/prestations\/multitailles\/800x600_arteffetmer-30120.jpg"},"640x480":{"url":"https:\/\/www.saint-brevin.com\/medias\/images\/prestations\/multitailles\/640x480_arteffetmer-30120.jpg"},"320x240":{"url":"https:\/\/www.saint-brevin.com\/medias\/images\/prestations\/multitailles\/320x240_arteffetmer-30120.jpg"},"160x120":{"url":"https:\/\/www.saint-brevin.com\/medias\/images\/prestations\/multitailles\/160x120_arteffetmer-30120.jpg"},"origine":{"url":"https:\/\/www.saint-brevin.com\/medias\/images\/prestations\/arteffetmer-30120.jpg"}},"urlLien":"","typeLien":"","nofollow":"N","copyright":""}]}},"DateDebPublication":"","DateFinPublication":"20260812","PrixAPartirDe":"","PrixPour":"","FicheListeEnCours":"fiche_liste_agenda_prestation_v2017","ParametresModele":{"AfficherPhotos":"1","NbPhotosMax":6,"AfficherReserver":"1","AfficherContact":0,"AfficherSalle":1,"AfficherZoneGeo":0,"AfficherEnSavoirPlus":"1","AfficherUneSeuleOuverture":"1","AfficherContactCarte":1,"AfficherTarifsChaudAPartirDe":0,"AfficherTarifChaudSansRecherche":0,"AfficherLiensCarnetVoyage":"1","AfficherOuverture":"1","BlocCritereInfo":{"critere1":{"libelle":""},"critere2":{"libelle":""},"critere3":{"libelle":""},"critere4":{"libelle":""},"critere5":{"libelle":""},"critere6":{"libelle":""},"critere7":{"libelle":"","liste_critere":["COMMUNES|Y"]},"critere8":{"libelle":""},"critere9":{"libelle":""},"afficherpictoetpaslibelle":"1"},"CriteresComportementResa":"|RESABILLET[RESAENLIGNE|","PositionBloc":"GALLERIE|NOM|OUVERTURES|CARNET_VOYAGE|URL|LIEN_RESERVER_DETAIL","TypePrestataire":"Y","ComportementResa":true,"ComportementDispo":false},"AffichageCoordonnees":[],"Coordonnees":{"Ville":"ST BREVIN LES PINS"},"ContexteId":"PRESTATION|Y|ARTEFFETMER|INITIATIONBEACHART","ContexteIdHtml":"PRESTATION-Y-ARTEFFETMER-INITIATIONBEACHART","cleContexte":"Y|ARTEFFETMER|INITIATIONBEACHART","Bloc":{"texte1":"","texte3":"","critere1":{"libelle":"","contenu":[]},"critere2":{"libelle":"","contenu":[]},"critere3":{"libelle":"","contenu":[]},"critere4":{"libelle":"","contenu":[]},"critere5":{"libelle":"","contenu":[]},"critere6":{"libelle":"","contenu":[]},"critere7":{"libelle":"","contenu":{"COMMUNES":{"libelle":"Geographical zone","contenu":{"1":"Saint-Brevin"},"codesValeurs":{"1":"COMMUNES|SAINTBREVIN|Y"},"criteres_datas":{"valeurs":{"1":{"SAINTBREVIN":{"descriptif":""}}}}}}},"critere8":{"libelle":"","contenu":[]},"critere9":{"libelle":"","contenu":[]}},"LocalisationGps":{"Latitude":"47.23573","Longitude":"-2.17922"},"libelleDuPrestataire":"","vuePrestataire":{"pave1":{"libelle":"","contenu":""},"pave2":{"libelle":"","contenu":""},"pave3":{"libelle":"","contenu":""},"pave4":{"libelle":"","contenu":""},"pave5":{"libelle":"","contenu":""},"pave6":{"libelle":"","contenu":""},"pave7":{"libelle":"","contenu":""},"pave8":{"libelle":"","contenu":""},"pave9":{"libelle":"","contenu":""},"pave10":{"libelle":"","contenu":""},"pave11":{"libelle":"","contenu":""},"pave12":{"libelle":"","contenu":""},"pave13":{"libelle":"","contenu":""},"pave14":{"libelle":"","contenu":""},"pave15":{"libelle":"","contenu":""},"pave16":{"libelle":"","contenu":""},"pave17":{"libelle":"","contenu":""},"pave18":{"libelle":"","contenu":""},"pave19":{"libelle":"","contenu":""},"pave20":{"libelle":"","contenu":""},"pave21":{"libelle":"","contenu":""},"pave22":{"libelle":"","contenu":""},"pave23":{"libelle":"","contenu":""},"pave24":{"libelle":"","contenu":""},"pave25":{"libelle":"","contenu":""},"Libelle":"Officie de Tourisme","Nom":"Officie de Tourisme","Prenom":"","NomPrenom":"Officie de Tourisme ","CiviliteNomPrenom":"Officie de Tourisme ","Cle":"Y|ARTEFFETMER","PrestataireParent":"","ContexteStat":"PRESTATAIRE-Y-ARTEFFETMER","DateModificationIso":"2026-02-13T11:05:00+01:00","Type":"PRESTATAIRE","TypePrestataire":"Y","Adresse":{"LigneAdresse1":"","LigneAdresse2":"","LigneAdresse3":"","CodePostal":"","Ville":"","Cedex":"","Etat":"","Pays":"FRA"},"Email":"ot@tourisme-saint-brevin.fr","Telephone":"02 40 27 24 32","TelephoneBureau":"","Portable":"","SiteWeb":"","Fax":"","Id":"y-arteffetmer","Code":"Y|ARTEFFETMER","Fichier":[],"Url":"","Localisation":{"GoogleMap":{"Latitude":"","Longitude":""}},"ZoneGeo":"","Criteres":{"NIVPARTENAIRE[COMPLET":"","COMMUNES[SAINTBREVIN":"","MAJINGENIE[DATEDERNIEREMAJ":"20260213","MISEAJOUR[ANNABELLE":""},"DateFinPublication":"","AffichageCoordonnees":[]},"listeCriteres":{"RESABILLET":{"RESAENLIGNE":"","BILLETTERIEOT":""},"LIEUMANIF":{"SAINTBREVIN":""},"CATEGORIEANIMATION":{"ATELIER":""},"ICA":{"DS":"2h","AGEMINIM":"7","AGEMAXIM":"14"},"MODEPAIEMENT":{"LCBP":"","LESPE":"","LCB":""},"TYPE":{"LOISI":""},"MISEAJOURINGENIE":{"DATEDERNIEREMAJ":"20260213"},"MISEAJOURPAR":{"ANNABELLE":""},"NIVPARTENAIRE":{"COMPLET":""},"COMMUNES":{"SAINTBREVIN":""},"MAJINGENIE":{"DATEDERNIEREMAJ":"20260213"},"MISEAJOUR":{"ANNABELLE":""}},"dansCarnetVoyage":true,"Ouverture":["\u003Cp class=\"date\" \u003EWednesday 15 July 2026\u003C\/p\u003E\u003Cp class=\"heure\" \u003E10:00 to 12:00\u003C\/p\u003E"],"OuverturePasse":[],"OuvertureObjs":{"1":{},"2":{},"3":{}},"OuvertureTab":[["20260715","20260715"],["20260729","20260729"],["20260812","20260812"]]},"html":" \n \u003Cdiv id=\"CV-PRESTATION-Y-ARTEFFETMER-INITIATIONBEACHART\" data-contexte-id=\"PRESTATION|Y|ARTEFFETMER|INITIATIONBEACHART\" data-cle=\"Y|ARTEFFETMER|INITIATIONBEACHART\" class=\"fiche-liste\"\u003E\n    \n\n    \u003C!-- partie photo --\u003E\n    \u003Cdiv class=\"photo\"\u003E\t\t\t\t\t\t\t\t\t\t\t\t\t\t\t\t\t\t\t\t\t\n        \u003Cdiv class=\"cadre_photo_principale\"\u003E\t\t\n        \n            \t\t\t\t\t\n                    \u003Ca href=\"initiation-beach-art.html?origine=carnet#media\"\u003E\n                        \u003Cimg class=\"photo_principale\" alt=\"mandala-arteffetmer-30119\" src=\"https:\/\/www.saint-brevin.com\/medias\/images\/prestations\/multitailles\/320x240_mandala-arteffetmer-30119.jpg\" itemprop=\"image\"\u003E\n                    \u003C\/a\u003E\t\t\t\t\t\t\n                \n                    \u003C\/div\u003E\t\t\t\t\t\t\t\t\t\t\t\t\t\t\t\t\t\t\t \t\t\n    \u003C\/div\u003E\n    \n    \u003C!-- partie nom prest --\u003E\n    \u003Cdiv class=\"nom\"\u003E\n        \u003Ch2\u003EInitiation Beach art\u003C\/h2\u003E\n        \n            \u003C\/div\u003E\n\n     \u003Cul style=\"display: none\" class=\"ouverture_list\"\u003E\u003Cli class=\"ouverture_item\"\u003E\u003Cp class=\"date\" \u003EWednesday 15 July 2026\u003C\/p\u003E\u003Cp class=\"heure\" \u003E10:00 to 12:00\u003C\/p\u003E\u003C\/li\u003E\u003C\/ul\u003E    \n    \u003C!-- partie adresse --\u003E\n    \u003Cdiv class=\"adresse\"\u003E\n    \n          \n    \u003C\/div\u003E\n    \n    \u003C!-- partie liens --\u003E\n    \u003Cdiv class=\"liens\"\u003E\n            \u003Ca class=\"btn-icon btn-view \" title=\"Read more \" href=\"initiation-beach-art.html?origine=carnet\"\u003E\u003C\/a\u003E\u003C!--\u003Ca class=\"btn-icon btn-view \" title=\"\" href=\"?origine=carnet#thaut\"\u003E\u003C\/a\u003E--\u003E\n      \u003Ca class=\"btn-icon btn-trash carnet_voyage_supprimer\" title=\"Remove to travel notes \" href=\"carnet-voyage?action=remove&fiche=Y|ARTEFFETMER|INITIATIONBEACHART\"\u003E\u003C\/a\u003E\n    \u003C\/div\u003E\n\n\u003C\/div\u003E\n\n","icon":"https:\/\/static.ingenie.fr\/images\/carnetVoyageV3\/Y.png"},"fiche":"Y|ARTEFFETMER|INITIATIONBEACHART","popup":"\u003Cdiv id=\"bloc_popup_ajout_fiche_carnet\"\u003E\n    \u003Cdiv class=\"info_popup_ajout_fiche_carnet\"\u003E\n        You have added this item to your travel notes :    \u003C\/div\u003E\n    \u003Cdiv class=\"prest_popup_ajout_fiche_carnet\"\u003E\n        Initiation Beach art    \u003C\/div\u003E\n    \u003Cdiv class=\"bloc_btn_ajout_fiche_carnet form_submit_div\"\u003E\n        \u003Cinput type=\"button\" value=\"Continue \" title=\"Continue \" name=\"btn_close\" class=\"btn_close_popup_carnet form_submit\" onclick=\"$.colorbox.close()\" \/\u003E\n        \u003Cinput type=\"button\" value=\"View my travel notes \" title=\"View my travel notes \" name=\"btn_panier\" class=\"btn_panier_popup_carnet form_submit\" onclick=\"if(typeof CarnetVoyage != 'undefined') {CarnetVoyage.voirCarnet();}\" \/\u003E\n    \u003C\/div\u003E\n    \u003Cdiv class=\"bloc_btn_ajout_fiche_carnet\"\u003E\n        \u003Cinput type=\"checkbox\" value=\"1\" name=\"desactiver_popup\" id=\"desactiver_popup\" \/\u003E\n        \u003Clabel for=\"desactiver_popup\"\u003EDo not show this message again \u003C\/label\u003E\n    \u003C\/div\u003E\n\u003C\/div\u003E","success":1}