{"nbFiches":1,"dataPrest":{"infoPrest":{"pave1":{"libelle":"","contenu":""},"pave2":{"libelle":"","contenu":""},"pave3":{"libelle":"","contenu":""},"pave4":{"libelle":"","contenu":""},"pave5":{"libelle":"","contenu":""},"pave6":{"libelle":"","contenu":""},"pave7":{"libelle":"","contenu":""},"pave8":{"libelle":"","contenu":""},"pave9":{"libelle":"","contenu":""},"pave10":{"libelle":"","contenu":""},"pave11":{"libelle":"","contenu":""},"pave12":{"libelle":"","contenu":""},"pave13":{"libelle":"","contenu":""},"pave14":{"libelle":"","contenu":""},"pave15":{"libelle":"","contenu":""},"pave16":{"libelle":"","contenu":""},"pave17":{"libelle":"","contenu":""},"pave18":{"libelle":"","contenu":""},"pave19":{"libelle":"","contenu":""},"pave20":{"libelle":"","contenu":""},"pave21":{"libelle":"","contenu":""},"pave22":{"libelle":"","contenu":""},"pave23":{"libelle":"","contenu":""},"pave24":{"libelle":"","contenu":""},"pave25":{"libelle":"","contenu":""},"Libelle":"Dist'Retz : Barbe Douce","Reference":"","Reftar":"","Type":"PRESTATION","TypePrestataire":"Y","ContexteStat":"PRESTATION-Y-MAIRIESTPEREENRETZ-BARBEDOUCE","DateModificationIso":"2025-10-03T11:06:00+02:00","Adresse":{"LigneAdresse1":"Espace Culturel Saint-Roch","LigneAdresse2":"15 rue de l'Abb\u00e9 Perrin","LigneAdresse3":"","CodePostal":"44320","Ville":"ST PERE EN RETZ","Cedex":"","Etat":"","Pays":"FRA"},"Id":"y-mairiestpereenretz-barbedouce","Code":"Y|MAIRIESTPEREENRETZ|BARBEDOUCE","Cle":"Y|MAIRIESTPEREENRETZ|BARBEDOUCE","Url":"dist-retz-barbe-douce.html","Localisation":{"GoogleMap":{"Latitude":"47.20539","Longitude":"-2.04272"}},"ZoneGeo":"","Criteres":{"LIEUMANIF[SAINTPERE":"","CATEGORIEANIMATION[SPEC":"","ICA[DS":"50min","ICA[SA":"","ICA[PLAL":"","ICA[ICATP":"","ANIAH[ANIACC":"","ANIAH[ACCESPOUSSETTE":"","MODEPAIEMENT[GRATUIT":"","YVEL[REWEB":"","TYPE[VILLESTPEREENRETZ":"","MISEAJOURINGENIE[DATEDERNIEREMAJ":"20250924","MISEAJOURPAR[ANNABELLE":""},"ContactsParType":{"IWEB":{"3605":{"id_contact":"3605","type_contact":"IWEB","categorie_contact":"PRESTATION","societe_contact":"M\u00e9diath\u00e8que municipale Livres y M\u00e9dias","fonction_contact":"","civilite_nom_prenom_contact":"","adresse1_contact":"","adresse2_contact":"","adresse3_contact":"","cpostal_contact":"44320","ville_contact":"ST PERE EN RETZ","teldom_contact":" 02 40 21 78 27","telbur_contact":"","fax_contact":"","portable_contact":"","email_contact":"mediatheque@saintpereenretz.fr","siteweb_contact":"","commentaire_contact":"","langue_contact":"","autre_moyen_com":[]}}},"ContactRemplaceCoordonnees":"3605","Prestataire":{"pave1":{"libelle":"Descriptif","contenu":""},"pave2":{"libelle":"","contenu":""},"pave3":{"libelle":"","contenu":""},"pave4":{"libelle":"","contenu":""},"pave5":{"libelle":"","contenu":""},"pave6":{"libelle":"","contenu":""},"pave7":{"libelle":"","contenu":""},"pave8":{"libelle":"","contenu":""},"pave9":{"libelle":"","contenu":""},"pave10":{"libelle":"","contenu":""},"pave11":{"libelle":"","contenu":""},"pave12":{"libelle":"","contenu":""},"pave13":{"libelle":"","contenu":""},"pave14":{"libelle":"","contenu":""},"pave15":{"libelle":"","contenu":""},"pave16":{"libelle":"","contenu":""},"pave17":{"libelle":"","contenu":""},"pave18":{"libelle":"","contenu":""},"pave19":{"libelle":"","contenu":""},"pave20":{"libelle":"","contenu":""},"pave21":{"libelle":"","contenu":""},"pave22":{"libelle":"","contenu":""},"pave23":{"libelle":"","contenu":""},"pave24":{"libelle":"","contenu":""},"pave25":{"libelle":"","contenu":""},"Libelle":"City Hall of Saint-P\u00e8re-En-Retz","Nom":"M\u00e9diath\u00e8que municipale Livres y M\u00e9dias","Prenom":"","NomPrenom":"M\u00e9diath\u00e8que municipale Livres y M\u00e9dias ","CiviliteNomPrenom":"M\u00e9diath\u00e8que municipale Livres y M\u00e9dias ","Cle":"Y|MAIRIESTPEREENRETZ","PrestataireParent":"","ContexteStat":"PRESTATAIRE-Y-MAIRIESTPEREENRETZ","DateModificationIso":"2022-09-08T11:50:00+02:00","Type":"PRESTATAIRE","TypePrestataire":"Y","Adresse":{"LigneAdresse1":"","LigneAdresse2":"","LigneAdresse3":"","CodePostal":"44320","Ville":"ST PERE EN RETZ","Cedex":"","Etat":"","Pays":"FRA"},"Email":"mediatheque@saintpereenretz.fr","Telephone":" 02 40 21 78 27","TelephoneBureau":"","Portable":"","SiteWeb":"","Fax":"","Id":"y-mairiestpereenretz","Code":"Y|MAIRIESTPEREENRETZ","Fichier":{"Image":[{"url":"https:\/\/www.saint-brevin.com\/medias\/images\/prestataires\/mairie-saint-pere-en-retz-1548-2668.jpg","chemin":"..\/medias\/images\/prestataires\/mairie-saint-pere-en-retz-1548-2668.jpg","libelle":"mairie-saint-pere-en-retz-1548","extension":"jpg","categorie":"","largeur":600,"theme":"","hauteur":398,"type":"Image","origine":"","liaisonPave":"","langue":"","id":"2668","urlVignette":"https:\/\/www.saint-brevin.com\/medias\/images\/prestataires\/v-mairie-saint-pere-en-retz-1548-2668.jpg","alt":"mairie-saint-pere-en-retz-1548","title":"mairie-saint-pere-en-retz-1548","MultiTaille":{"1920x1440":{"url":"https:\/\/www.saint-brevin.com\/medias\/images\/prestataires\/multitailles\/1920x1440_mairie-saint-pere-en-retz-1548-2668.jpg"},"1200x900":{"url":"https:\/\/www.saint-brevin.com\/medias\/images\/prestataires\/multitailles\/1200x900_mairie-saint-pere-en-retz-1548-2668.jpg"},"800x600":{"url":"https:\/\/www.saint-brevin.com\/medias\/images\/prestataires\/multitailles\/800x600_mairie-saint-pere-en-retz-1548-2668.jpg"},"640x480":{"url":"https:\/\/www.saint-brevin.com\/medias\/images\/prestataires\/multitailles\/640x480_mairie-saint-pere-en-retz-1548-2668.jpg"},"320x240":{"url":"https:\/\/www.saint-brevin.com\/medias\/images\/prestataires\/multitailles\/320x240_mairie-saint-pere-en-retz-1548-2668.jpg"},"160x120":{"url":"https:\/\/www.saint-brevin.com\/medias\/images\/prestataires\/multitailles\/160x120_mairie-saint-pere-en-retz-1548-2668.jpg"},"origine":{"url":"https:\/\/www.saint-brevin.com\/medias\/images\/prestataires\/mairie-saint-pere-en-retz-1548-2668.jpg"}},"urlLien":"","typeLien":"","nofollow":"N","copyright":""}],"ByCategorie":{"":[{"url":"https:\/\/www.saint-brevin.com\/medias\/images\/prestataires\/mairie-saint-pere-en-retz-1548-2668.jpg","chemin":"..\/medias\/images\/prestataires\/mairie-saint-pere-en-retz-1548-2668.jpg","libelle":"mairie-saint-pere-en-retz-1548","extension":"jpg","categorie":"","largeur":600,"theme":"","hauteur":398,"type":"Image","origine":"","liaisonPave":"","langue":"","id":"2668","urlVignette":"https:\/\/www.saint-brevin.com\/medias\/images\/prestataires\/v-mairie-saint-pere-en-retz-1548-2668.jpg","alt":"mairie-saint-pere-en-retz-1548","title":"mairie-saint-pere-en-retz-1548","MultiTaille":{"1920x1440":{"url":"https:\/\/www.saint-brevin.com\/medias\/images\/prestataires\/multitailles\/1920x1440_mairie-saint-pere-en-retz-1548-2668.jpg"},"1200x900":{"url":"https:\/\/www.saint-brevin.com\/medias\/images\/prestataires\/multitailles\/1200x900_mairie-saint-pere-en-retz-1548-2668.jpg"},"800x600":{"url":"https:\/\/www.saint-brevin.com\/medias\/images\/prestataires\/multitailles\/800x600_mairie-saint-pere-en-retz-1548-2668.jpg"},"640x480":{"url":"https:\/\/www.saint-brevin.com\/medias\/images\/prestataires\/multitailles\/640x480_mairie-saint-pere-en-retz-1548-2668.jpg"},"320x240":{"url":"https:\/\/www.saint-brevin.com\/medias\/images\/prestataires\/multitailles\/320x240_mairie-saint-pere-en-retz-1548-2668.jpg"},"160x120":{"url":"https:\/\/www.saint-brevin.com\/medias\/images\/prestataires\/multitailles\/160x120_mairie-saint-pere-en-retz-1548-2668.jpg"},"origine":{"url":"https:\/\/www.saint-brevin.com\/medias\/images\/prestataires\/mairie-saint-pere-en-retz-1548-2668.jpg"}},"urlLien":"","typeLien":"","nofollow":"N","copyright":""}]}},"Url":"","Localisation":{"GoogleMap":{"Latitude":"47.20770","Longitude":"-2.04391"}},"ZoneGeo":"","Criteres":[],"DateFinPublication":""},"Fichier":{"Document":[{"url":"https:\/\/www.saint-brevin.com\/medias\/images\/prestations\/distretz-2025-2026-ligne-28691-28711-28726.pdf","chemin":"..\/medias\/images\/prestations\/distretz-2025-2026-ligne-28691-28711-28726.pdf","libelle":"distretz-2025-2026-ligne-28691","extension":"pdf","categorie":"","largeur":"","theme":"","hauteur":"","type":"Document","origine":"","liaisonPave":"","langue":"","id":"28726","poids":"963.8 Ko","alt":"distretz-2025-2026-ligne-28691","title":"distretz-2025-2026-ligne-28691"}],"ByCategorie":{"":[{"url":"https:\/\/www.saint-brevin.com\/medias\/images\/prestations\/distretz-2025-2026-ligne-28691-28711-28726.pdf","chemin":"..\/medias\/images\/prestations\/distretz-2025-2026-ligne-28691-28711-28726.pdf","libelle":"distretz-2025-2026-ligne-28691","extension":"pdf","categorie":"","largeur":"","theme":"","hauteur":"","type":"Document","origine":"","liaisonPave":"","langue":"","id":"28726","poids":"963.8 Ko","alt":"distretz-2025-2026-ligne-28691","title":"distretz-2025-2026-ligne-28691"},{"url":"https:\/\/www.saint-brevin.com\/medias\/images\/prestations\/25-12-03-barbe-douce-28733.png","chemin":"..\/medias\/images\/prestations\/25-12-03-barbe-douce-28733.png","libelle":"25-12-03-barbe-douce-28733","extension":"png","categorie":"","largeur":825,"theme":"","hauteur":619,"type":"Image","origine":"","liaisonPave":"","langue":"","id":"28733","urlVignette":"https:\/\/www.saint-brevin.com\/medias\/images\/prestations\/v-25-12-03-barbe-douce-28733.png","alt":"25-12-03-barbe-douce-28733","title":"25-12-03-barbe-douce-28733","MultiTaille":{"1920x1440":{"url":"https:\/\/www.saint-brevin.com\/medias\/images\/prestations\/multitailles\/1920x1440_25-12-03-barbe-douce-28733.png"},"1200x900":{"url":"https:\/\/www.saint-brevin.com\/medias\/images\/prestations\/multitailles\/1200x900_25-12-03-barbe-douce-28733.png"},"800x600":{"url":"https:\/\/www.saint-brevin.com\/medias\/images\/prestations\/multitailles\/800x600_25-12-03-barbe-douce-28733.png"},"640x480":{"url":"https:\/\/www.saint-brevin.com\/medias\/images\/prestations\/multitailles\/640x480_25-12-03-barbe-douce-28733.png"},"320x240":{"url":"https:\/\/www.saint-brevin.com\/medias\/images\/prestations\/multitailles\/320x240_25-12-03-barbe-douce-28733.png"},"160x120":{"url":"https:\/\/www.saint-brevin.com\/medias\/images\/prestations\/multitailles\/160x120_25-12-03-barbe-douce-28733.png"},"origine":{"url":"https:\/\/www.saint-brevin.com\/medias\/images\/prestations\/25-12-03-barbe-douce-28733.png"}},"urlLien":"","typeLien":"","nofollow":"N","copyright":""}]},"Image":[{"url":"https:\/\/www.saint-brevin.com\/medias\/images\/prestations\/25-12-03-barbe-douce-28733.png","chemin":"..\/medias\/images\/prestations\/25-12-03-barbe-douce-28733.png","libelle":"25-12-03-barbe-douce-28733","extension":"png","categorie":"","largeur":825,"theme":"","hauteur":619,"type":"Image","origine":"","liaisonPave":"","langue":"","id":"28733","urlVignette":"https:\/\/www.saint-brevin.com\/medias\/images\/prestations\/v-25-12-03-barbe-douce-28733.png","alt":"25-12-03-barbe-douce-28733","title":"25-12-03-barbe-douce-28733","MultiTaille":{"1920x1440":{"url":"https:\/\/www.saint-brevin.com\/medias\/images\/prestations\/multitailles\/1920x1440_25-12-03-barbe-douce-28733.png"},"1200x900":{"url":"https:\/\/www.saint-brevin.com\/medias\/images\/prestations\/multitailles\/1200x900_25-12-03-barbe-douce-28733.png"},"800x600":{"url":"https:\/\/www.saint-brevin.com\/medias\/images\/prestations\/multitailles\/800x600_25-12-03-barbe-douce-28733.png"},"640x480":{"url":"https:\/\/www.saint-brevin.com\/medias\/images\/prestations\/multitailles\/640x480_25-12-03-barbe-douce-28733.png"},"320x240":{"url":"https:\/\/www.saint-brevin.com\/medias\/images\/prestations\/multitailles\/320x240_25-12-03-barbe-douce-28733.png"},"160x120":{"url":"https:\/\/www.saint-brevin.com\/medias\/images\/prestations\/multitailles\/160x120_25-12-03-barbe-douce-28733.png"},"origine":{"url":"https:\/\/www.saint-brevin.com\/medias\/images\/prestations\/25-12-03-barbe-douce-28733.png"}},"urlLien":"","typeLien":"","nofollow":"N","copyright":""}]},"DateDebPublication":"","DateFinPublication":"","PrixAPartirDe":"","PrixPour":"","FicheListeEnCours":"fiche_liste_agenda_prestation_v2017","ParametresModele":{"AfficherPhotos":"1","NbPhotosMax":6,"AfficherReserver":0,"AfficherContact":0,"AfficherSalle":1,"AfficherZoneGeo":0,"AfficherEnSavoirPlus":"1","AfficherUneSeuleOuverture":"1","AfficherContactCarte":1,"AfficherTarifsChaudAPartirDe":0,"AfficherTarifChaudSansRecherche":0,"AfficherLiensCarnetVoyage":"1","AfficherOuverture":"1","BlocCritereInfo":{"critere1":{"libelle":""},"critere2":{"libelle":""},"critere3":{"libelle":""},"critere4":{"libelle":""},"critere5":{"libelle":""},"critere6":{"libelle":""},"critere7":{"libelle":"","liste_critere":["COMMUNES|Y"]},"critere8":{"libelle":""},"critere9":{"libelle":""},"afficherpictoetpaslibelle":"1"},"CriteresComportementResa":"|RESABILLET[RESAENLIGNE|","PositionBloc":"GALLERIE|NOM|OUVERTURES|CARNET_VOYAGE|URL|LIEN_RESERVER_DETAIL","TypePrestataire":"Y","ComportementResa":false,"ComportementDispo":false},"AffichageCoordonnees":[],"Coordonnees":{"Ville":"ST PERE EN RETZ"},"ContexteId":"PRESTATION|Y|MAIRIESTPEREENRETZ|BARBEDOUCE","ContexteIdHtml":"PRESTATION-Y-MAIRIESTPEREENRETZ-BARBEDOUCE","cleContexte":"Y|MAIRIESTPEREENRETZ|BARBEDOUCE","Bloc":{"texte1":"","texte3":"","critere1":{"libelle":"","contenu":[]},"critere2":{"libelle":"","contenu":[]},"critere3":{"libelle":"","contenu":[]},"critere4":{"libelle":"","contenu":[]},"critere5":{"libelle":"","contenu":[]},"critere6":{"libelle":"","contenu":[]},"critere7":{"libelle":"","contenu":[]},"critere8":{"libelle":"","contenu":[]},"critere9":{"libelle":"","contenu":[]}},"LocalisationGps":{"Latitude":"47.20539","Longitude":"-2.04272"},"libelleDuPrestataire":"","vuePrestataire":{"pave1":{"libelle":"Descriptif","contenu":""},"pave2":{"libelle":"","contenu":""},"pave3":{"libelle":"","contenu":""},"pave4":{"libelle":"","contenu":""},"pave5":{"libelle":"","contenu":""},"pave6":{"libelle":"","contenu":""},"pave7":{"libelle":"","contenu":""},"pave8":{"libelle":"","contenu":""},"pave9":{"libelle":"","contenu":""},"pave10":{"libelle":"","contenu":""},"pave11":{"libelle":"","contenu":""},"pave12":{"libelle":"","contenu":""},"pave13":{"libelle":"","contenu":""},"pave14":{"libelle":"","contenu":""},"pave15":{"libelle":"","contenu":""},"pave16":{"libelle":"","contenu":""},"pave17":{"libelle":"","contenu":""},"pave18":{"libelle":"","contenu":""},"pave19":{"libelle":"","contenu":""},"pave20":{"libelle":"","contenu":""},"pave21":{"libelle":"","contenu":""},"pave22":{"libelle":"","contenu":""},"pave23":{"libelle":"","contenu":""},"pave24":{"libelle":"","contenu":""},"pave25":{"libelle":"","contenu":""},"Libelle":"City Hall of Saint-P\u00e8re-En-Retz","Nom":"M\u00e9diath\u00e8que municipale Livres y M\u00e9dias","Prenom":"","NomPrenom":"M\u00e9diath\u00e8que municipale Livres y M\u00e9dias ","CiviliteNomPrenom":"M\u00e9diath\u00e8que municipale Livres y M\u00e9dias ","Cle":"Y|MAIRIESTPEREENRETZ","PrestataireParent":"","ContexteStat":"PRESTATAIRE-Y-MAIRIESTPEREENRETZ","DateModificationIso":"2022-09-08T11:50:00+02:00","Type":"PRESTATAIRE","TypePrestataire":"Y","Adresse":{"LigneAdresse1":"","LigneAdresse2":"","LigneAdresse3":"","CodePostal":"44320","Ville":"ST PERE EN RETZ","Cedex":"","Etat":"","Pays":"FRA"},"Email":"mediatheque@saintpereenretz.fr","Telephone":" 02 40 21 78 27","TelephoneBureau":"","Portable":"","SiteWeb":"","Fax":"","Id":"y-mairiestpereenretz","Code":"Y|MAIRIESTPEREENRETZ","Fichier":{"Image":[{"url":"https:\/\/www.saint-brevin.com\/medias\/images\/prestataires\/mairie-saint-pere-en-retz-1548-2668.jpg","chemin":"..\/medias\/images\/prestataires\/mairie-saint-pere-en-retz-1548-2668.jpg","libelle":"mairie-saint-pere-en-retz-1548","extension":"jpg","categorie":"","largeur":600,"theme":"","hauteur":398,"type":"Image","origine":"","liaisonPave":"","langue":"","id":"2668","urlVignette":"https:\/\/www.saint-brevin.com\/medias\/images\/prestataires\/v-mairie-saint-pere-en-retz-1548-2668.jpg","alt":"mairie-saint-pere-en-retz-1548","title":"mairie-saint-pere-en-retz-1548","MultiTaille":{"1920x1440":{"url":"https:\/\/www.saint-brevin.com\/medias\/images\/prestataires\/multitailles\/1920x1440_mairie-saint-pere-en-retz-1548-2668.jpg"},"1200x900":{"url":"https:\/\/www.saint-brevin.com\/medias\/images\/prestataires\/multitailles\/1200x900_mairie-saint-pere-en-retz-1548-2668.jpg"},"800x600":{"url":"https:\/\/www.saint-brevin.com\/medias\/images\/prestataires\/multitailles\/800x600_mairie-saint-pere-en-retz-1548-2668.jpg"},"640x480":{"url":"https:\/\/www.saint-brevin.com\/medias\/images\/prestataires\/multitailles\/640x480_mairie-saint-pere-en-retz-1548-2668.jpg"},"320x240":{"url":"https:\/\/www.saint-brevin.com\/medias\/images\/prestataires\/multitailles\/320x240_mairie-saint-pere-en-retz-1548-2668.jpg"},"160x120":{"url":"https:\/\/www.saint-brevin.com\/medias\/images\/prestataires\/multitailles\/160x120_mairie-saint-pere-en-retz-1548-2668.jpg"},"origine":{"url":"https:\/\/www.saint-brevin.com\/medias\/images\/prestataires\/mairie-saint-pere-en-retz-1548-2668.jpg"}},"urlLien":"","typeLien":"","nofollow":"N","copyright":""}],"ByCategorie":{"":[{"url":"https:\/\/www.saint-brevin.com\/medias\/images\/prestataires\/mairie-saint-pere-en-retz-1548-2668.jpg","chemin":"..\/medias\/images\/prestataires\/mairie-saint-pere-en-retz-1548-2668.jpg","libelle":"mairie-saint-pere-en-retz-1548","extension":"jpg","categorie":"","largeur":600,"theme":"","hauteur":398,"type":"Image","origine":"","liaisonPave":"","langue":"","id":"2668","urlVignette":"https:\/\/www.saint-brevin.com\/medias\/images\/prestataires\/v-mairie-saint-pere-en-retz-1548-2668.jpg","alt":"mairie-saint-pere-en-retz-1548","title":"mairie-saint-pere-en-retz-1548","MultiTaille":{"1920x1440":{"url":"https:\/\/www.saint-brevin.com\/medias\/images\/prestataires\/multitailles\/1920x1440_mairie-saint-pere-en-retz-1548-2668.jpg"},"1200x900":{"url":"https:\/\/www.saint-brevin.com\/medias\/images\/prestataires\/multitailles\/1200x900_mairie-saint-pere-en-retz-1548-2668.jpg"},"800x600":{"url":"https:\/\/www.saint-brevin.com\/medias\/images\/prestataires\/multitailles\/800x600_mairie-saint-pere-en-retz-1548-2668.jpg"},"640x480":{"url":"https:\/\/www.saint-brevin.com\/medias\/images\/prestataires\/multitailles\/640x480_mairie-saint-pere-en-retz-1548-2668.jpg"},"320x240":{"url":"https:\/\/www.saint-brevin.com\/medias\/images\/prestataires\/multitailles\/320x240_mairie-saint-pere-en-retz-1548-2668.jpg"},"160x120":{"url":"https:\/\/www.saint-brevin.com\/medias\/images\/prestataires\/multitailles\/160x120_mairie-saint-pere-en-retz-1548-2668.jpg"},"origine":{"url":"https:\/\/www.saint-brevin.com\/medias\/images\/prestataires\/mairie-saint-pere-en-retz-1548-2668.jpg"}},"urlLien":"","typeLien":"","nofollow":"N","copyright":""}]}},"Url":"","Localisation":{"GoogleMap":{"Latitude":"47.20770","Longitude":"-2.04391"}},"ZoneGeo":"","Criteres":[],"DateFinPublication":"","AffichageCoordonnees":[]},"listeCriteres":{"LIEUMANIF":{"SAINTPERE":""},"CATEGORIEANIMATION":{"SPEC":""},"ICA":{"DS":"50min","SA":"","PLAL":"","ICATP":""},"ANIAH":{"ANIACC":"","ACCESPOUSSETTE":""},"MODEPAIEMENT":{"GRATUIT":""},"YVEL":{"REWEB":""},"TYPE":{"VILLESTPEREENRETZ":""},"MISEAJOURINGENIE":{"DATEDERNIEREMAJ":"20250924"},"MISEAJOURPAR":{"ANNABELLE":""}},"dansCarnetVoyage":true,"Ouverture":[],"OuverturePasse":[]},"html":" \n \u003Cdiv id=\"CV-PRESTATION-Y-MAIRIESTPEREENRETZ-BARBEDOUCE\" data-contexte-id=\"PRESTATION|Y|MAIRIESTPEREENRETZ|BARBEDOUCE\" data-cle=\"Y|MAIRIESTPEREENRETZ|BARBEDOUCE\" class=\"fiche-liste\"\u003E\n    \n\n    \u003C!-- partie photo --\u003E\n    \u003Cdiv class=\"photo\"\u003E\t\t\t\t\t\t\t\t\t\t\t\t\t\t\t\t\t\t\t\t\t\n        \u003Cdiv class=\"cadre_photo_principale\"\u003E\t\t\n        \n            \t\t\t\t\t\n                    \u003Ca href=\"dist-retz-barbe-douce.html?origine=carnet#media\"\u003E\n                        \u003Cimg class=\"photo_principale\" alt=\"25-12-03-barbe-douce-28733\" src=\"https:\/\/www.saint-brevin.com\/medias\/images\/prestations\/multitailles\/320x240_25-12-03-barbe-douce-28733.png\" itemprop=\"image\"\u003E\n                    \u003C\/a\u003E\t\t\t\t\t\t\n                \n                    \u003C\/div\u003E\t\t\t\t\t\t\t\t\t\t\t\t\t\t\t\t\t\t\t \t\t\n    \u003C\/div\u003E\n    \n    \u003C!-- partie nom prest --\u003E\n    \u003Cdiv class=\"nom\"\u003E\n        \u003Ch2\u003EDist'Retz : Barbe Douce\u003C\/h2\u003E\n        \n            \u003C\/div\u003E\n\n         \n    \u003C!-- partie adresse --\u003E\n    \u003Cdiv class=\"adresse\"\u003E\n    \n          \n    \u003C\/div\u003E\n    \n    \u003C!-- partie liens --\u003E\n    \u003Cdiv class=\"liens\"\u003E\n            \u003Ca class=\"btn-icon btn-view \" title=\"Read more \" href=\"dist-retz-barbe-douce.html?origine=carnet\"\u003E\u003C\/a\u003E\u003C!--\u003Ca class=\"btn-icon btn-view \" title=\"\" href=\"?origine=carnet#thaut\"\u003E\u003C\/a\u003E--\u003E\n      \u003Ca class=\"btn-icon btn-trash carnet_voyage_supprimer\" title=\"Remove to travel notes \" href=\"carnet-voyage?action=remove&fiche=Y|MAIRIESTPEREENRETZ|BARBEDOUCE\"\u003E\u003C\/a\u003E\n    \u003C\/div\u003E\n\n\u003C\/div\u003E\n\n","icon":"https:\/\/static.ingenie.fr\/images\/carnetVoyageV3\/Y.png"},"fiche":"Y|MAIRIESTPEREENRETZ|BARBEDOUCE","popup":"\u003Cdiv id=\"bloc_popup_ajout_fiche_carnet\"\u003E\n    \u003Cdiv class=\"info_popup_ajout_fiche_carnet\"\u003E\n        You have added this item to your travel notes :    \u003C\/div\u003E\n    \u003Cdiv class=\"prest_popup_ajout_fiche_carnet\"\u003E\n        Dist&#039;Retz : Barbe Douce    \u003C\/div\u003E\n    \u003Cdiv class=\"bloc_btn_ajout_fiche_carnet form_submit_div\"\u003E\n        \u003Cinput type=\"button\" value=\"Continue \" title=\"Continue \" name=\"btn_close\" class=\"btn_close_popup_carnet form_submit\" onclick=\"$.colorbox.close()\" \/\u003E\n        \u003Cinput type=\"button\" value=\"View my travel notes \" title=\"View my travel notes \" name=\"btn_panier\" class=\"btn_panier_popup_carnet form_submit\" onclick=\"if(typeof CarnetVoyage != 'undefined') {CarnetVoyage.voirCarnet();}\" \/\u003E\n    \u003C\/div\u003E\n    \u003Cdiv class=\"bloc_btn_ajout_fiche_carnet\"\u003E\n        \u003Cinput type=\"checkbox\" value=\"1\" name=\"desactiver_popup\" id=\"desactiver_popup\" \/\u003E\n        \u003Clabel for=\"desactiver_popup\"\u003EDo not show this message again \u003C\/label\u003E\n    \u003C\/div\u003E\n\u003C\/div\u003E","success":1}