{"nbFiches":1,"dataPrest":{"infoPrest":{"pave1":{"libelle":"","contenu":""},"pave2":{"libelle":"","contenu":""},"pave3":{"libelle":"","contenu":""},"pave4":{"libelle":"","contenu":""},"pave5":{"libelle":"","contenu":""},"pave6":{"libelle":"","contenu":""},"pave7":{"libelle":"","contenu":""},"pave8":{"libelle":"","contenu":""},"pave9":{"libelle":"","contenu":""},"pave10":{"libelle":"","contenu":""},"pave11":{"libelle":"","contenu":""},"pave12":{"libelle":"","contenu":""},"pave13":{"libelle":"","contenu":""},"pave14":{"libelle":"","contenu":""},"pave15":{"libelle":"","contenu":""},"pave16":{"libelle":"","contenu":""},"pave17":{"libelle":"","contenu":""},"pave18":{"libelle":"","contenu":""},"pave19":{"libelle":"","contenu":""},"pave20":{"libelle":"","contenu":""},"pave21":{"libelle":"","contenu":""},"pave22":{"libelle":"","contenu":""},"pave23":{"libelle":"","contenu":""},"pave24":{"libelle":"","contenu":""},"pave25":{"libelle":"","contenu":""},"Libelle":"Mumo x Centre Pompidou","Reference":"","Reftar":"","Type":"PRESTATION","TypePrestataire":"Y","ContexteStat":"PRESTATION-Y-MAIRIESTPEREENRETZ-MUMOXCENTREPOMPIDOU","DateModificationIso":"2025-01-09T10:00:00+01:00","Adresse":{"LigneAdresse1":"Parking de la Place de la Motte","LigneAdresse2":"","LigneAdresse3":"","CodePostal":"44320","Ville":"ST PERE EN RETZ","Cedex":"","Etat":"","Pays":"FRA"},"Id":"y-mairiestpereenretz-mumoxcentrepompidou","Code":"Y|MAIRIESTPEREENRETZ|MUMOXCENTREPOMPIDOU","Cle":"Y|MAIRIESTPEREENRETZ|MUMOXCENTREPOMPIDOU","Url":"mumo-x-centre-pompidou.html","Localisation":{"GoogleMap":{"Latitude":"47.20769","Longitude":"-2.04390"}},"ZoneGeo":"","Criteres":{"LIEUMANIF[SAINTPERE":"","CATEGORIEANIMATION[EXPO":"","DETAILEXPO[ARTCONTEMPORAIN":"","TYPE[VILLESTPEREENRETZ":"","MISEAJOURINGENIE[DATEDERNIEREMAJ":"20250109","MISEAJOURPAR[AMANDINE":"","MISEAJOURPAR[ANNABELLE":""},"Prestataire":{"pave1":{"libelle":"Descriptif","contenu":""},"pave2":{"libelle":"","contenu":""},"pave3":{"libelle":"","contenu":""},"pave4":{"libelle":"","contenu":""},"pave5":{"libelle":"","contenu":""},"pave6":{"libelle":"","contenu":""},"pave7":{"libelle":"","contenu":""},"pave8":{"libelle":"","contenu":""},"pave9":{"libelle":"","contenu":""},"pave10":{"libelle":"","contenu":""},"pave11":{"libelle":"","contenu":""},"pave12":{"libelle":"","contenu":""},"pave13":{"libelle":"","contenu":""},"pave14":{"libelle":"","contenu":""},"pave15":{"libelle":"","contenu":""},"pave16":{"libelle":"","contenu":""},"pave17":{"libelle":"","contenu":""},"pave18":{"libelle":"","contenu":""},"pave19":{"libelle":"","contenu":""},"pave20":{"libelle":"","contenu":""},"pave21":{"libelle":"","contenu":""},"pave22":{"libelle":"","contenu":""},"pave23":{"libelle":"","contenu":""},"pave24":{"libelle":"","contenu":""},"pave25":{"libelle":"","contenu":""},"Libelle":"City Hall of Saint-P\u00e8re-En-Retz","Nom":"Mairie Saint P\u00e8re en Retz","Prenom":"","NomPrenom":"Mairie Saint P\u00e8re en Retz ","CiviliteNomPrenom":"Mairie Saint P\u00e8re en Retz ","Cle":"Y|MAIRIESTPEREENRETZ","PrestataireParent":"","ContexteStat":"PRESTATAIRE-Y-MAIRIESTPEREENRETZ","DateModificationIso":"2022-09-08T11:50:00+02:00","Type":"PRESTATAIRE","TypePrestataire":"Y","Adresse":{"LigneAdresse1":"1 place de la Mairie","LigneAdresse2":"","LigneAdresse3":"","CodePostal":"44320","Ville":"ST PERE EN RETZ","Cedex":"","Etat":"","Pays":"FRA"},"Email":"mairie@saintpereenretz.fr","Telephone":"02 40 21 70 29","TelephoneBureau":"","Portable":"","SiteWeb":"http:\/\/www.saintpereenretz.fr","Fax":"","Id":"y-mairiestpereenretz","Code":"Y|MAIRIESTPEREENRETZ","Fichier":{"Image":[{"url":"https:\/\/www.saint-brevin.com\/medias\/images\/prestataires\/mairie-saint-pere-en-retz-1548-2668.jpg","chemin":"..\/medias\/images\/prestataires\/mairie-saint-pere-en-retz-1548-2668.jpg","libelle":"mairie-saint-pere-en-retz-1548","extension":"jpg","categorie":"","largeur":600,"theme":"","hauteur":398,"type":"Image","origine":"","liaisonPave":"","langue":"","id":"2668","urlVignette":"https:\/\/www.saint-brevin.com\/medias\/images\/prestataires\/v-mairie-saint-pere-en-retz-1548-2668.jpg","alt":"mairie-saint-pere-en-retz-1548","title":"mairie-saint-pere-en-retz-1548","MultiTaille":{"1920x1440":{"url":"https:\/\/www.saint-brevin.com\/medias\/images\/prestataires\/multitailles\/1920x1440_mairie-saint-pere-en-retz-1548-2668.jpg"},"1200x900":{"url":"https:\/\/www.saint-brevin.com\/medias\/images\/prestataires\/multitailles\/1200x900_mairie-saint-pere-en-retz-1548-2668.jpg"},"800x600":{"url":"https:\/\/www.saint-brevin.com\/medias\/images\/prestataires\/multitailles\/800x600_mairie-saint-pere-en-retz-1548-2668.jpg"},"640x480":{"url":"https:\/\/www.saint-brevin.com\/medias\/images\/prestataires\/multitailles\/640x480_mairie-saint-pere-en-retz-1548-2668.jpg"},"320x240":{"url":"https:\/\/www.saint-brevin.com\/medias\/images\/prestataires\/multitailles\/320x240_mairie-saint-pere-en-retz-1548-2668.jpg"},"160x120":{"url":"https:\/\/www.saint-brevin.com\/medias\/images\/prestataires\/multitailles\/160x120_mairie-saint-pere-en-retz-1548-2668.jpg"},"origine":{"url":"https:\/\/www.saint-brevin.com\/medias\/images\/prestataires\/mairie-saint-pere-en-retz-1548-2668.jpg"}},"urlLien":"","typeLien":"","nofollow":"N","copyright":""}],"ByCategorie":{"":[{"url":"https:\/\/www.saint-brevin.com\/medias\/images\/prestataires\/mairie-saint-pere-en-retz-1548-2668.jpg","chemin":"..\/medias\/images\/prestataires\/mairie-saint-pere-en-retz-1548-2668.jpg","libelle":"mairie-saint-pere-en-retz-1548","extension":"jpg","categorie":"","largeur":600,"theme":"","hauteur":398,"type":"Image","origine":"","liaisonPave":"","langue":"","id":"2668","urlVignette":"https:\/\/www.saint-brevin.com\/medias\/images\/prestataires\/v-mairie-saint-pere-en-retz-1548-2668.jpg","alt":"mairie-saint-pere-en-retz-1548","title":"mairie-saint-pere-en-retz-1548","MultiTaille":{"1920x1440":{"url":"https:\/\/www.saint-brevin.com\/medias\/images\/prestataires\/multitailles\/1920x1440_mairie-saint-pere-en-retz-1548-2668.jpg"},"1200x900":{"url":"https:\/\/www.saint-brevin.com\/medias\/images\/prestataires\/multitailles\/1200x900_mairie-saint-pere-en-retz-1548-2668.jpg"},"800x600":{"url":"https:\/\/www.saint-brevin.com\/medias\/images\/prestataires\/multitailles\/800x600_mairie-saint-pere-en-retz-1548-2668.jpg"},"640x480":{"url":"https:\/\/www.saint-brevin.com\/medias\/images\/prestataires\/multitailles\/640x480_mairie-saint-pere-en-retz-1548-2668.jpg"},"320x240":{"url":"https:\/\/www.saint-brevin.com\/medias\/images\/prestataires\/multitailles\/320x240_mairie-saint-pere-en-retz-1548-2668.jpg"},"160x120":{"url":"https:\/\/www.saint-brevin.com\/medias\/images\/prestataires\/multitailles\/160x120_mairie-saint-pere-en-retz-1548-2668.jpg"},"origine":{"url":"https:\/\/www.saint-brevin.com\/medias\/images\/prestataires\/mairie-saint-pere-en-retz-1548-2668.jpg"}},"urlLien":"","typeLien":"","nofollow":"N","copyright":""}]}},"Url":"","Localisation":{"GoogleMap":{"Latitude":"47.20770","Longitude":"-2.04391"}},"ZoneGeo":"","Criteres":[],"DateFinPublication":""},"Fichier":{"Image":[{"url":"https:\/\/www.saint-brevin.com\/medias\/images\/prestations\/screenshot-bd591325-04ed-46f0-92b3-8d5447d4f708-readyscr-1024-24203.jpg","chemin":"..\/medias\/images\/prestations\/screenshot-bd591325-04ed-46f0-92b3-8d5447d4f708-readyscr-1024-24203.jpg","libelle":"screenshot-bd591325-04ed-46f0-92b3-8d5447d4f708-readyscr-1024-24203","extension":"jpg","categorie":"","largeur":1024,"theme":"","hauteur":672,"type":"Image","origine":"","liaisonPave":"","langue":"","id":"24203","urlVignette":"https:\/\/www.saint-brevin.com\/medias\/images\/prestations\/v-screenshot-bd591325-04ed-46f0-92b3-8d5447d4f708-readyscr-1024-24203.jpg","alt":"screenshot-bd591325-04ed-46f0-92b3-8d5447d4f708-readyscr-1024-24203","title":"screenshot-bd591325-04ed-46f0-92b3-8d5447d4f708-readyscr-1024-24203","MultiTaille":{"1920x1440":{"url":"https:\/\/www.saint-brevin.com\/medias\/images\/prestations\/multitailles\/1920x1440_screenshot-bd591325-04ed-46f0-92b3-8d5447d4f708-readyscr-1024-24203.jpg"},"1200x900":{"url":"https:\/\/www.saint-brevin.com\/medias\/images\/prestations\/multitailles\/1200x900_screenshot-bd591325-04ed-46f0-92b3-8d5447d4f708-readyscr-1024-24203.jpg"},"800x600":{"url":"https:\/\/www.saint-brevin.com\/medias\/images\/prestations\/multitailles\/800x600_screenshot-bd591325-04ed-46f0-92b3-8d5447d4f708-readyscr-1024-24203.jpg"},"640x480":{"url":"https:\/\/www.saint-brevin.com\/medias\/images\/prestations\/multitailles\/640x480_screenshot-bd591325-04ed-46f0-92b3-8d5447d4f708-readyscr-1024-24203.jpg"},"320x240":{"url":"https:\/\/www.saint-brevin.com\/medias\/images\/prestations\/multitailles\/320x240_screenshot-bd591325-04ed-46f0-92b3-8d5447d4f708-readyscr-1024-24203.jpg"},"160x120":{"url":"https:\/\/www.saint-brevin.com\/medias\/images\/prestations\/multitailles\/160x120_screenshot-bd591325-04ed-46f0-92b3-8d5447d4f708-readyscr-1024-24203.jpg"},"origine":{"url":"https:\/\/www.saint-brevin.com\/medias\/images\/prestations\/screenshot-bd591325-04ed-46f0-92b3-8d5447d4f708-readyscr-1024-24203.jpg"}},"urlLien":"","typeLien":"","nofollow":"N","copyright":""},{"url":"https:\/\/www.saint-brevin.com\/medias\/images\/prestations\/mumo-centre-pompidou-25642.png","chemin":"..\/medias\/images\/prestations\/mumo-centre-pompidou-25642.png","libelle":"mumo-centre-pompidou-25642","extension":"png","categorie":"","largeur":437,"theme":"","hauteur":622,"type":"Image","origine":"","liaisonPave":"","langue":"","id":"25642","urlVignette":"https:\/\/www.saint-brevin.com\/medias\/images\/prestations\/v-mumo-centre-pompidou-25642.png","alt":"mumo-centre-pompidou-25642","title":"mumo-centre-pompidou-25642","MultiTaille":{"1920x1440":{"url":"https:\/\/www.saint-brevin.com\/medias\/images\/prestations\/multitailles\/1920x1440_mumo-centre-pompidou-25642.png"},"1200x900":{"url":"https:\/\/www.saint-brevin.com\/medias\/images\/prestations\/multitailles\/1200x900_mumo-centre-pompidou-25642.png"},"800x600":{"url":"https:\/\/www.saint-brevin.com\/medias\/images\/prestations\/multitailles\/800x600_mumo-centre-pompidou-25642.png"},"640x480":{"url":"https:\/\/www.saint-brevin.com\/medias\/images\/prestations\/multitailles\/640x480_mumo-centre-pompidou-25642.png"},"320x240":{"url":"https:\/\/www.saint-brevin.com\/medias\/images\/prestations\/multitailles\/320x240_mumo-centre-pompidou-25642.png"},"160x120":{"url":"https:\/\/www.saint-brevin.com\/medias\/images\/prestations\/multitailles\/160x120_mumo-centre-pompidou-25642.png"},"origine":{"url":"https:\/\/www.saint-brevin.com\/medias\/images\/prestations\/mumo-centre-pompidou-25642.png"}},"urlLien":"","typeLien":"","nofollow":"N","copyright":""}],"ByCategorie":{"":[{"url":"https:\/\/www.saint-brevin.com\/medias\/images\/prestations\/screenshot-bd591325-04ed-46f0-92b3-8d5447d4f708-readyscr-1024-24203.jpg","chemin":"..\/medias\/images\/prestations\/screenshot-bd591325-04ed-46f0-92b3-8d5447d4f708-readyscr-1024-24203.jpg","libelle":"screenshot-bd591325-04ed-46f0-92b3-8d5447d4f708-readyscr-1024-24203","extension":"jpg","categorie":"","largeur":1024,"theme":"","hauteur":672,"type":"Image","origine":"","liaisonPave":"","langue":"","id":"24203","urlVignette":"https:\/\/www.saint-brevin.com\/medias\/images\/prestations\/v-screenshot-bd591325-04ed-46f0-92b3-8d5447d4f708-readyscr-1024-24203.jpg","alt":"screenshot-bd591325-04ed-46f0-92b3-8d5447d4f708-readyscr-1024-24203","title":"screenshot-bd591325-04ed-46f0-92b3-8d5447d4f708-readyscr-1024-24203","MultiTaille":{"1920x1440":{"url":"https:\/\/www.saint-brevin.com\/medias\/images\/prestations\/multitailles\/1920x1440_screenshot-bd591325-04ed-46f0-92b3-8d5447d4f708-readyscr-1024-24203.jpg"},"1200x900":{"url":"https:\/\/www.saint-brevin.com\/medias\/images\/prestations\/multitailles\/1200x900_screenshot-bd591325-04ed-46f0-92b3-8d5447d4f708-readyscr-1024-24203.jpg"},"800x600":{"url":"https:\/\/www.saint-brevin.com\/medias\/images\/prestations\/multitailles\/800x600_screenshot-bd591325-04ed-46f0-92b3-8d5447d4f708-readyscr-1024-24203.jpg"},"640x480":{"url":"https:\/\/www.saint-brevin.com\/medias\/images\/prestations\/multitailles\/640x480_screenshot-bd591325-04ed-46f0-92b3-8d5447d4f708-readyscr-1024-24203.jpg"},"320x240":{"url":"https:\/\/www.saint-brevin.com\/medias\/images\/prestations\/multitailles\/320x240_screenshot-bd591325-04ed-46f0-92b3-8d5447d4f708-readyscr-1024-24203.jpg"},"160x120":{"url":"https:\/\/www.saint-brevin.com\/medias\/images\/prestations\/multitailles\/160x120_screenshot-bd591325-04ed-46f0-92b3-8d5447d4f708-readyscr-1024-24203.jpg"},"origine":{"url":"https:\/\/www.saint-brevin.com\/medias\/images\/prestations\/screenshot-bd591325-04ed-46f0-92b3-8d5447d4f708-readyscr-1024-24203.jpg"}},"urlLien":"","typeLien":"","nofollow":"N","copyright":""},{"url":"https:\/\/www.saint-brevin.com\/medias\/images\/prestations\/mumo-centre-pompidou-25642.png","chemin":"..\/medias\/images\/prestations\/mumo-centre-pompidou-25642.png","libelle":"mumo-centre-pompidou-25642","extension":"png","categorie":"","largeur":437,"theme":"","hauteur":622,"type":"Image","origine":"","liaisonPave":"","langue":"","id":"25642","urlVignette":"https:\/\/www.saint-brevin.com\/medias\/images\/prestations\/v-mumo-centre-pompidou-25642.png","alt":"mumo-centre-pompidou-25642","title":"mumo-centre-pompidou-25642","MultiTaille":{"1920x1440":{"url":"https:\/\/www.saint-brevin.com\/medias\/images\/prestations\/multitailles\/1920x1440_mumo-centre-pompidou-25642.png"},"1200x900":{"url":"https:\/\/www.saint-brevin.com\/medias\/images\/prestations\/multitailles\/1200x900_mumo-centre-pompidou-25642.png"},"800x600":{"url":"https:\/\/www.saint-brevin.com\/medias\/images\/prestations\/multitailles\/800x600_mumo-centre-pompidou-25642.png"},"640x480":{"url":"https:\/\/www.saint-brevin.com\/medias\/images\/prestations\/multitailles\/640x480_mumo-centre-pompidou-25642.png"},"320x240":{"url":"https:\/\/www.saint-brevin.com\/medias\/images\/prestations\/multitailles\/320x240_mumo-centre-pompidou-25642.png"},"160x120":{"url":"https:\/\/www.saint-brevin.com\/medias\/images\/prestations\/multitailles\/160x120_mumo-centre-pompidou-25642.png"},"origine":{"url":"https:\/\/www.saint-brevin.com\/medias\/images\/prestations\/mumo-centre-pompidou-25642.png"}},"urlLien":"","typeLien":"","nofollow":"N","copyright":""}]}},"DateDebPublication":"","DateFinPublication":"","PrixAPartirDe":"","PrixPour":"","FicheListeEnCours":"fiche_liste_agenda_prestation_v2017","ParametresModele":{"AfficherPhotos":"1","NbPhotosMax":6,"AfficherReserver":0,"AfficherContact":0,"AfficherSalle":1,"AfficherZoneGeo":0,"AfficherEnSavoirPlus":"1","AfficherUneSeuleOuverture":"1","AfficherContactCarte":1,"AfficherTarifsChaudAPartirDe":0,"AfficherTarifChaudSansRecherche":0,"AfficherLiensCarnetVoyage":"1","AfficherOuverture":"1","BlocCritereInfo":{"critere1":{"libelle":""},"critere2":{"libelle":""},"critere3":{"libelle":""},"critere4":{"libelle":""},"critere5":{"libelle":""},"critere6":{"libelle":""},"critere7":{"libelle":"","liste_critere":["COMMUNES|Y"]},"critere8":{"libelle":""},"critere9":{"libelle":""},"afficherpictoetpaslibelle":"1"},"CriteresComportementResa":"|RESABILLET[RESAENLIGNE|","PositionBloc":"GALLERIE|NOM|OUVERTURES|CARNET_VOYAGE|URL|LIEN_RESERVER_DETAIL","TypePrestataire":"Y","ComportementResa":false,"ComportementDispo":false},"AffichageCoordonnees":[],"Coordonnees":{"Ville":"ST PERE EN RETZ"},"ContexteId":"PRESTATION|Y|MAIRIESTPEREENRETZ|MUMOXCENTREPOMPIDOU","ContexteIdHtml":"PRESTATION-Y-MAIRIESTPEREENRETZ-MUMOXCENTREPOMPIDOU","cleContexte":"Y|MAIRIESTPEREENRETZ|MUMOXCENTREPOMPIDOU","Bloc":{"texte1":"","texte3":"","critere1":{"libelle":"","contenu":[]},"critere2":{"libelle":"","contenu":[]},"critere3":{"libelle":"","contenu":[]},"critere4":{"libelle":"","contenu":[]},"critere5":{"libelle":"","contenu":[]},"critere6":{"libelle":"","contenu":[]},"critere7":{"libelle":"","contenu":[]},"critere8":{"libelle":"","contenu":[]},"critere9":{"libelle":"","contenu":[]}},"LocalisationGps":{"Latitude":"47.20769","Longitude":"-2.04390"},"libelleDuPrestataire":"","vuePrestataire":{"pave1":{"libelle":"Descriptif","contenu":""},"pave2":{"libelle":"","contenu":""},"pave3":{"libelle":"","contenu":""},"pave4":{"libelle":"","contenu":""},"pave5":{"libelle":"","contenu":""},"pave6":{"libelle":"","contenu":""},"pave7":{"libelle":"","contenu":""},"pave8":{"libelle":"","contenu":""},"pave9":{"libelle":"","contenu":""},"pave10":{"libelle":"","contenu":""},"pave11":{"libelle":"","contenu":""},"pave12":{"libelle":"","contenu":""},"pave13":{"libelle":"","contenu":""},"pave14":{"libelle":"","contenu":""},"pave15":{"libelle":"","contenu":""},"pave16":{"libelle":"","contenu":""},"pave17":{"libelle":"","contenu":""},"pave18":{"libelle":"","contenu":""},"pave19":{"libelle":"","contenu":""},"pave20":{"libelle":"","contenu":""},"pave21":{"libelle":"","contenu":""},"pave22":{"libelle":"","contenu":""},"pave23":{"libelle":"","contenu":""},"pave24":{"libelle":"","contenu":""},"pave25":{"libelle":"","contenu":""},"Libelle":"City Hall of Saint-P\u00e8re-En-Retz","Nom":"Mairie Saint P\u00e8re en Retz","Prenom":"","NomPrenom":"Mairie Saint P\u00e8re en Retz ","CiviliteNomPrenom":"Mairie Saint P\u00e8re en Retz ","Cle":"Y|MAIRIESTPEREENRETZ","PrestataireParent":"","ContexteStat":"PRESTATAIRE-Y-MAIRIESTPEREENRETZ","DateModificationIso":"2022-09-08T11:50:00+02:00","Type":"PRESTATAIRE","TypePrestataire":"Y","Adresse":{"LigneAdresse1":"1 place de la Mairie","LigneAdresse2":"","LigneAdresse3":"","CodePostal":"44320","Ville":"ST PERE EN RETZ","Cedex":"","Etat":"","Pays":"FRA"},"Email":"mairie@saintpereenretz.fr","Telephone":"02 40 21 70 29","TelephoneBureau":"","Portable":"","SiteWeb":"http:\/\/www.saintpereenretz.fr","Fax":"","Id":"y-mairiestpereenretz","Code":"Y|MAIRIESTPEREENRETZ","Fichier":{"Image":[{"url":"https:\/\/www.saint-brevin.com\/medias\/images\/prestataires\/mairie-saint-pere-en-retz-1548-2668.jpg","chemin":"..\/medias\/images\/prestataires\/mairie-saint-pere-en-retz-1548-2668.jpg","libelle":"mairie-saint-pere-en-retz-1548","extension":"jpg","categorie":"","largeur":600,"theme":"","hauteur":398,"type":"Image","origine":"","liaisonPave":"","langue":"","id":"2668","urlVignette":"https:\/\/www.saint-brevin.com\/medias\/images\/prestataires\/v-mairie-saint-pere-en-retz-1548-2668.jpg","alt":"mairie-saint-pere-en-retz-1548","title":"mairie-saint-pere-en-retz-1548","MultiTaille":{"1920x1440":{"url":"https:\/\/www.saint-brevin.com\/medias\/images\/prestataires\/multitailles\/1920x1440_mairie-saint-pere-en-retz-1548-2668.jpg"},"1200x900":{"url":"https:\/\/www.saint-brevin.com\/medias\/images\/prestataires\/multitailles\/1200x900_mairie-saint-pere-en-retz-1548-2668.jpg"},"800x600":{"url":"https:\/\/www.saint-brevin.com\/medias\/images\/prestataires\/multitailles\/800x600_mairie-saint-pere-en-retz-1548-2668.jpg"},"640x480":{"url":"https:\/\/www.saint-brevin.com\/medias\/images\/prestataires\/multitailles\/640x480_mairie-saint-pere-en-retz-1548-2668.jpg"},"320x240":{"url":"https:\/\/www.saint-brevin.com\/medias\/images\/prestataires\/multitailles\/320x240_mairie-saint-pere-en-retz-1548-2668.jpg"},"160x120":{"url":"https:\/\/www.saint-brevin.com\/medias\/images\/prestataires\/multitailles\/160x120_mairie-saint-pere-en-retz-1548-2668.jpg"},"origine":{"url":"https:\/\/www.saint-brevin.com\/medias\/images\/prestataires\/mairie-saint-pere-en-retz-1548-2668.jpg"}},"urlLien":"","typeLien":"","nofollow":"N","copyright":""}],"ByCategorie":{"":[{"url":"https:\/\/www.saint-brevin.com\/medias\/images\/prestataires\/mairie-saint-pere-en-retz-1548-2668.jpg","chemin":"..\/medias\/images\/prestataires\/mairie-saint-pere-en-retz-1548-2668.jpg","libelle":"mairie-saint-pere-en-retz-1548","extension":"jpg","categorie":"","largeur":600,"theme":"","hauteur":398,"type":"Image","origine":"","liaisonPave":"","langue":"","id":"2668","urlVignette":"https:\/\/www.saint-brevin.com\/medias\/images\/prestataires\/v-mairie-saint-pere-en-retz-1548-2668.jpg","alt":"mairie-saint-pere-en-retz-1548","title":"mairie-saint-pere-en-retz-1548","MultiTaille":{"1920x1440":{"url":"https:\/\/www.saint-brevin.com\/medias\/images\/prestataires\/multitailles\/1920x1440_mairie-saint-pere-en-retz-1548-2668.jpg"},"1200x900":{"url":"https:\/\/www.saint-brevin.com\/medias\/images\/prestataires\/multitailles\/1200x900_mairie-saint-pere-en-retz-1548-2668.jpg"},"800x600":{"url":"https:\/\/www.saint-brevin.com\/medias\/images\/prestataires\/multitailles\/800x600_mairie-saint-pere-en-retz-1548-2668.jpg"},"640x480":{"url":"https:\/\/www.saint-brevin.com\/medias\/images\/prestataires\/multitailles\/640x480_mairie-saint-pere-en-retz-1548-2668.jpg"},"320x240":{"url":"https:\/\/www.saint-brevin.com\/medias\/images\/prestataires\/multitailles\/320x240_mairie-saint-pere-en-retz-1548-2668.jpg"},"160x120":{"url":"https:\/\/www.saint-brevin.com\/medias\/images\/prestataires\/multitailles\/160x120_mairie-saint-pere-en-retz-1548-2668.jpg"},"origine":{"url":"https:\/\/www.saint-brevin.com\/medias\/images\/prestataires\/mairie-saint-pere-en-retz-1548-2668.jpg"}},"urlLien":"","typeLien":"","nofollow":"N","copyright":""}]}},"Url":"","Localisation":{"GoogleMap":{"Latitude":"47.20770","Longitude":"-2.04391"}},"ZoneGeo":"","Criteres":[],"DateFinPublication":"","AffichageCoordonnees":[]},"listeCriteres":{"LIEUMANIF":{"SAINTPERE":""},"CATEGORIEANIMATION":{"EXPO":""},"DETAILEXPO":{"ARTCONTEMPORAIN":""},"TYPE":{"VILLESTPEREENRETZ":""},"MISEAJOURINGENIE":{"DATEDERNIEREMAJ":"20250109"},"MISEAJOURPAR":{"AMANDINE":"","ANNABELLE":""}},"dansCarnetVoyage":true,"Ouverture":[],"OuverturePasse":[]},"html":" \n \u003Cdiv id=\"CV-PRESTATION-Y-MAIRIESTPEREENRETZ-MUMOXCENTREPOMPIDOU\" data-contexte-id=\"PRESTATION|Y|MAIRIESTPEREENRETZ|MUMOXCENTREPOMPIDOU\" data-cle=\"Y|MAIRIESTPEREENRETZ|MUMOXCENTREPOMPIDOU\" class=\"fiche-liste\"\u003E\n    \n\n    \u003C!-- partie photo --\u003E\n    \u003Cdiv class=\"photo\"\u003E\t\t\t\t\t\t\t\t\t\t\t\t\t\t\t\t\t\t\t\t\t\n        \u003Cdiv class=\"cadre_photo_principale\"\u003E\t\t\n        \n            \t\t\t\t\t\n                    \u003Ca href=\"mumo-x-centre-pompidou.html?origine=carnet#media\"\u003E\n                        \u003Cimg class=\"photo_principale\" alt=\"screenshot-bd591325-04ed-46f0-92b3-8d5447d4f708-readyscr-1024-24203\" src=\"https:\/\/www.saint-brevin.com\/medias\/images\/prestations\/multitailles\/320x240_screenshot-bd591325-04ed-46f0-92b3-8d5447d4f708-readyscr-1024-24203.jpg\" itemprop=\"image\"\u003E\n                    \u003C\/a\u003E\t\t\t\t\t\t\n                \n                    \u003C\/div\u003E\t\t\t\t\t\t\t\t\t\t\t\t\t\t\t\t\t\t\t \t\t\n    \u003C\/div\u003E\n    \n    \u003C!-- partie nom prest --\u003E\n    \u003Cdiv class=\"nom\"\u003E\n        \u003Ch2\u003EMumo x Centre Pompidou\u003C\/h2\u003E\n        \n            \u003C\/div\u003E\n\n         \n    \u003C!-- partie adresse --\u003E\n    \u003Cdiv class=\"adresse\"\u003E\n    \n          \n    \u003C\/div\u003E\n    \n    \u003C!-- partie liens --\u003E\n    \u003Cdiv class=\"liens\"\u003E\n            \u003Ca class=\"btn-icon btn-view \" title=\"Read more \" href=\"mumo-x-centre-pompidou.html?origine=carnet\"\u003E\u003C\/a\u003E\u003C!--\u003Ca class=\"btn-icon btn-view \" title=\"\" href=\"?origine=carnet#thaut\"\u003E\u003C\/a\u003E--\u003E\n      \u003Ca class=\"btn-icon btn-trash carnet_voyage_supprimer\" title=\"Remove to travel notes \" href=\"carnet-voyage?action=remove&fiche=Y|MAIRIESTPEREENRETZ|MUMOXCENTREPOMPIDOU\"\u003E\u003C\/a\u003E\n    \u003C\/div\u003E\n\n\u003C\/div\u003E\n\n","icon":"https:\/\/static.ingenie.fr\/images\/carnetVoyageV3\/Y.png"},"fiche":"Y|MAIRIESTPEREENRETZ|MUMOXCENTREPOMPIDOU","popup":"\u003Cdiv id=\"bloc_popup_ajout_fiche_carnet\"\u003E\n    \u003Cdiv class=\"info_popup_ajout_fiche_carnet\"\u003E\n        You have added this item to your travel notes :    \u003C\/div\u003E\n    \u003Cdiv class=\"prest_popup_ajout_fiche_carnet\"\u003E\n        Mumo x Centre Pompidou    \u003C\/div\u003E\n    \u003Cdiv class=\"bloc_btn_ajout_fiche_carnet form_submit_div\"\u003E\n        \u003Cinput type=\"button\" value=\"Continue \" title=\"Continue \" name=\"btn_close\" class=\"btn_close_popup_carnet form_submit\" onclick=\"$.colorbox.close()\" \/\u003E\n        \u003Cinput type=\"button\" value=\"View my travel notes \" title=\"View my travel notes \" name=\"btn_panier\" class=\"btn_panier_popup_carnet form_submit\" onclick=\"if(typeof CarnetVoyage != 'undefined') {CarnetVoyage.voirCarnet();}\" \/\u003E\n    \u003C\/div\u003E\n    \u003Cdiv class=\"bloc_btn_ajout_fiche_carnet\"\u003E\n        \u003Cinput type=\"checkbox\" value=\"1\" name=\"desactiver_popup\" id=\"desactiver_popup\" \/\u003E\n        \u003Clabel for=\"desactiver_popup\"\u003EDo not show this message again \u003C\/label\u003E\n    \u003C\/div\u003E\n\u003C\/div\u003E","success":1}