{"nbFiches":1,"dataPrest":{"infoPrest":{"pave1":{"libelle":"","contenu":""},"pave2":{"libelle":"","contenu":""},"pave3":{"libelle":"","contenu":""},"pave4":{"libelle":"","contenu":""},"pave5":{"libelle":"","contenu":""},"pave6":{"libelle":"","contenu":""},"pave7":{"libelle":"","contenu":""},"pave8":{"libelle":"","contenu":""},"pave9":{"libelle":"","contenu":""},"pave10":{"libelle":"","contenu":""},"pave11":{"libelle":"","contenu":""},"pave12":{"libelle":"","contenu":""},"pave13":{"libelle":"","contenu":""},"pave14":{"libelle":"","contenu":""},"pave15":{"libelle":"","contenu":""},"pave16":{"libelle":"","contenu":""},"pave17":{"libelle":"","contenu":""},"pave18":{"libelle":"","contenu":""},"pave19":{"libelle":"","contenu":""},"pave20":{"libelle":"","contenu":""},"pave21":{"libelle":"","contenu":""},"pave22":{"libelle":"","contenu":""},"pave23":{"libelle":"","contenu":""},"pave24":{"libelle":"","contenu":""},"pave25":{"libelle":"","contenu":""},"Libelle":"Conf\u00e9rence : La chute du Mur de Berlin","Reference":"","Reftar":"","Type":"PRESTATION","TypePrestataire":"Y","ContexteStat":"PRESTATION-Y-UNIVERSITEPERMANENTESTBEVIN-CONFERENCEUPLACHUTEDUMURDE","DateModificationIso":"2026-09-04T13:05:00+02:00","Adresse":{"LigneAdresse1":"Salle \u00c9toile de Jade","LigneAdresse2":"Avenue des Fr\u00e8res Lumi\u00e8re","LigneAdresse3":"","CodePostal":"44250","Ville":"ST BREVIN LES PINS","Cedex":"","Etat":"","Pays":"FRA"},"Id":"y-universitepermanentestbevin-conferenceuplachutedumurde","Code":"Y|UNIVERSITEPERMANENTESTBEVIN|CONFERENCEUPLACHUTEDUMURDE","Cle":"Y|UNIVERSITEPERMANENTESTBEVIN|CONFERENCEUPLACHUTEDUMURDE","Url":"conference-la-chute-du-mur-de-berlin.html","Localisation":{"GoogleMap":{"Latitude":"47.23621","Longitude":"-2.15598"}},"ZoneGeo":"","Criteres":{"LIEUMANIF[SAINTBREVIN":"","CATEGORIEANIMATION[CONF":"","ICA[DS":"1h30","ICA[SA":"","ICA[PLAL":"","ICA[ICATP":"","ANIAH[ANIACC":"","GANIMA[GANIMNON":"","MODEPAIEMENT[LCBP":"","MODEPAIEMENT[LESPE":"","MODEPAIEMENT[LCB":"","MISEAJOURINGENIE[DATEDERNIEREMAJ":"20260904","MISEAJOURPAR[ANNABELLE":""},"Prestataire":{"pave1":{"libelle":"","contenu":""},"pave2":{"libelle":"","contenu":""},"pave3":{"libelle":"","contenu":""},"pave4":{"libelle":"","contenu":""},"pave5":{"libelle":"","contenu":""},"pave6":{"libelle":"","contenu":""},"pave7":{"libelle":"","contenu":""},"pave8":{"libelle":"","contenu":""},"pave9":{"libelle":"","contenu":""},"pave10":{"libelle":"","contenu":""},"pave11":{"libelle":"","contenu":""},"pave12":{"libelle":"","contenu":""},"pave13":{"libelle":"","contenu":""},"pave14":{"libelle":"","contenu":""},"pave15":{"libelle":"","contenu":""},"pave16":{"libelle":"","contenu":""},"pave17":{"libelle":"","contenu":""},"pave18":{"libelle":"","contenu":""},"pave19":{"libelle":"","contenu":""},"pave20":{"libelle":"","contenu":""},"pave21":{"libelle":"","contenu":""},"pave22":{"libelle":"","contenu":""},"pave23":{"libelle":"","contenu":""},"pave24":{"libelle":"","contenu":""},"pave25":{"libelle":"","contenu":""},"ContactsParType":{"RESP":{"3888":{"id_contact":"3888","type_contact":"RESP","categorie_contact":"PRESTATAIRE","societe_contact":"","fonction_contact":"","civilite_nom_prenom_contact":"Mme Blit B\u00e9atrice ","adresse1_contact":"","adresse2_contact":"","adresse3_contact":"","cpostal_contact":"","ville_contact":"","teldom_contact":"","telbur_contact":"","fax_contact":"","portable_contact":"06 52 80 45 72","email_contact":"up.saint-brevin@univ-nantes.fr","siteweb_contact":"","commentaire_contact":"","langue_contact":"","autre_moyen_com":[]}}},"Libelle":"Universit\u00e9 Permanente Antenne Saint-Brevin","Nom":"Universit\u00e9 Permanente Antenne Saint-Brevin","Prenom":"","NomPrenom":"Universit\u00e9 Permanente Antenne Saint-Brevin ","CiviliteNomPrenom":"Universit\u00e9 Permanente Antenne Saint-Brevin ","Cle":"Y|UNIVERSITEPERMANENTESTBEVIN","PrestataireParent":"","ContexteStat":"PRESTATAIRE-Y-UNIVERSITEPERMANENTESTBEVIN","DateModificationIso":"2026-09-01T09:55:00+02:00","Type":"PRESTATAIRE","TypePrestataire":"Y","Adresse":{"LigneAdresse1":"31 Avenue Jules Verne","LigneAdresse2":"","LigneAdresse3":"","CodePostal":"44250","Ville":"ST BREVIN LES PINS","Cedex":"","Etat":"","Pays":"FRA"},"Email":"up.saint-brevin@univ-nantes.fr","Telephone":"","TelephoneBureau":"","Portable":"06 52 80 45 72","SiteWeb":"http:\/\/www.univ-nantes.fr\/univ-perm-stbrevin","Fax":"","Id":"y-universitepermanentestbevin","Code":"Y|UNIVERSITEPERMANENTESTBEVIN","Fichier":[],"Url":"","Localisation":{"GoogleMap":{"Latitude":"47.24605","Longitude":"-2.16829"}},"ZoneGeo":"","Criteres":{"LIEU[SAINTBREVINLESPINS":"","COMMUNES[SAINTBREVIN":"","QUARTIER[LESPINS":"","INSPUBMAJ[ASSOCIATIONS":"","MAJINGENIE[DATEDERNIEREMAJ":"20170915","MISEAJOUR[ANNABELLE":""},"DateFinPublication":""},"Fichier":{"Image":[{"url":"https:\/\/www.saint-brevin.com\/medias\/images\/prestations\/chute-de-berlin-32411.png","chemin":"..\/medias\/images\/prestations\/chute-de-berlin-32411.png","libelle":"chute-de-berlin-32411","extension":"png","categorie":"","largeur":586,"theme":"","hauteur":442,"type":"Image","origine":"","liaisonPave":"","langue":"","id":"32411","urlVignette":"https:\/\/www.saint-brevin.com\/medias\/images\/prestations\/v-chute-de-berlin-32411.png","alt":"chute-de-berlin-32411","title":"chute-de-berlin-32411","MultiTaille":{"1920x1440":{"url":"https:\/\/www.saint-brevin.com\/medias\/images\/prestations\/multitailles\/1920x1440_chute-de-berlin-32411.png"},"1200x900":{"url":"https:\/\/www.saint-brevin.com\/medias\/images\/prestations\/multitailles\/1200x900_chute-de-berlin-32411.png"},"800x600":{"url":"https:\/\/www.saint-brevin.com\/medias\/images\/prestations\/multitailles\/800x600_chute-de-berlin-32411.png"},"640x480":{"url":"https:\/\/www.saint-brevin.com\/medias\/images\/prestations\/multitailles\/640x480_chute-de-berlin-32411.png"},"320x240":{"url":"https:\/\/www.saint-brevin.com\/medias\/images\/prestations\/multitailles\/320x240_chute-de-berlin-32411.png"},"160x120":{"url":"https:\/\/www.saint-brevin.com\/medias\/images\/prestations\/multitailles\/160x120_chute-de-berlin-32411.png"},"origine":{"url":"https:\/\/www.saint-brevin.com\/medias\/images\/prestations\/chute-de-berlin-32411.png"}},"urlLien":"","typeLien":"","nofollow":"N","copyright":""},{"url":"https:\/\/www.saint-brevin.com\/medias\/images\/prestations\/michel-catala-32412.png","chemin":"..\/medias\/images\/prestations\/michel-catala-32412.png","libelle":"michel-catala-32412","extension":"png","categorie":"","largeur":1537,"theme":"","hauteur":1023,"type":"Image","origine":"","liaisonPave":"","langue":"","id":"32412","urlVignette":"https:\/\/www.saint-brevin.com\/medias\/images\/prestations\/v-michel-catala-32412.png","alt":"michel-catala-32412","title":"michel-catala-32412","MultiTaille":{"1920x1440":{"url":"https:\/\/www.saint-brevin.com\/medias\/images\/prestations\/multitailles\/1920x1440_michel-catala-32412.png"},"1200x900":{"url":"https:\/\/www.saint-brevin.com\/medias\/images\/prestations\/multitailles\/1200x900_michel-catala-32412.png"},"800x600":{"url":"https:\/\/www.saint-brevin.com\/medias\/images\/prestations\/multitailles\/800x600_michel-catala-32412.png"},"640x480":{"url":"https:\/\/www.saint-brevin.com\/medias\/images\/prestations\/multitailles\/640x480_michel-catala-32412.png"},"320x240":{"url":"https:\/\/www.saint-brevin.com\/medias\/images\/prestations\/multitailles\/320x240_michel-catala-32412.png"},"160x120":{"url":"https:\/\/www.saint-brevin.com\/medias\/images\/prestations\/multitailles\/160x120_michel-catala-32412.png"},"origine":{"url":"https:\/\/www.saint-brevin.com\/medias\/images\/prestations\/michel-catala-32412.png"}},"urlLien":"","typeLien":"","nofollow":"N","copyright":""}],"ByCategorie":{"":[{"url":"https:\/\/www.saint-brevin.com\/medias\/images\/prestations\/chute-de-berlin-32411.png","chemin":"..\/medias\/images\/prestations\/chute-de-berlin-32411.png","libelle":"chute-de-berlin-32411","extension":"png","categorie":"","largeur":586,"theme":"","hauteur":442,"type":"Image","origine":"","liaisonPave":"","langue":"","id":"32411","urlVignette":"https:\/\/www.saint-brevin.com\/medias\/images\/prestations\/v-chute-de-berlin-32411.png","alt":"chute-de-berlin-32411","title":"chute-de-berlin-32411","MultiTaille":{"1920x1440":{"url":"https:\/\/www.saint-brevin.com\/medias\/images\/prestations\/multitailles\/1920x1440_chute-de-berlin-32411.png"},"1200x900":{"url":"https:\/\/www.saint-brevin.com\/medias\/images\/prestations\/multitailles\/1200x900_chute-de-berlin-32411.png"},"800x600":{"url":"https:\/\/www.saint-brevin.com\/medias\/images\/prestations\/multitailles\/800x600_chute-de-berlin-32411.png"},"640x480":{"url":"https:\/\/www.saint-brevin.com\/medias\/images\/prestations\/multitailles\/640x480_chute-de-berlin-32411.png"},"320x240":{"url":"https:\/\/www.saint-brevin.com\/medias\/images\/prestations\/multitailles\/320x240_chute-de-berlin-32411.png"},"160x120":{"url":"https:\/\/www.saint-brevin.com\/medias\/images\/prestations\/multitailles\/160x120_chute-de-berlin-32411.png"},"origine":{"url":"https:\/\/www.saint-brevin.com\/medias\/images\/prestations\/chute-de-berlin-32411.png"}},"urlLien":"","typeLien":"","nofollow":"N","copyright":""},{"url":"https:\/\/www.saint-brevin.com\/medias\/images\/prestations\/michel-catala-32412.png","chemin":"..\/medias\/images\/prestations\/michel-catala-32412.png","libelle":"michel-catala-32412","extension":"png","categorie":"","largeur":1537,"theme":"","hauteur":1023,"type":"Image","origine":"","liaisonPave":"","langue":"","id":"32412","urlVignette":"https:\/\/www.saint-brevin.com\/medias\/images\/prestations\/v-michel-catala-32412.png","alt":"michel-catala-32412","title":"michel-catala-32412","MultiTaille":{"1920x1440":{"url":"https:\/\/www.saint-brevin.com\/medias\/images\/prestations\/multitailles\/1920x1440_michel-catala-32412.png"},"1200x900":{"url":"https:\/\/www.saint-brevin.com\/medias\/images\/prestations\/multitailles\/1200x900_michel-catala-32412.png"},"800x600":{"url":"https:\/\/www.saint-brevin.com\/medias\/images\/prestations\/multitailles\/800x600_michel-catala-32412.png"},"640x480":{"url":"https:\/\/www.saint-brevin.com\/medias\/images\/prestations\/multitailles\/640x480_michel-catala-32412.png"},"320x240":{"url":"https:\/\/www.saint-brevin.com\/medias\/images\/prestations\/multitailles\/320x240_michel-catala-32412.png"},"160x120":{"url":"https:\/\/www.saint-brevin.com\/medias\/images\/prestations\/multitailles\/160x120_michel-catala-32412.png"},"origine":{"url":"https:\/\/www.saint-brevin.com\/medias\/images\/prestations\/michel-catala-32412.png"}},"urlLien":"","typeLien":"","nofollow":"N","copyright":""}]}},"DateDebPublication":"","DateFinPublication":"20270511","PrixAPartirDe":"","PrixPour":"","FicheListeEnCours":"fiche_liste_agenda_prestation_v2017","ParametresModele":{"AfficherPhotos":"1","NbPhotosMax":6,"AfficherReserver":0,"AfficherContact":0,"AfficherSalle":1,"AfficherZoneGeo":0,"AfficherEnSavoirPlus":"1","AfficherUneSeuleOuverture":"1","AfficherContactCarte":1,"AfficherTarifsChaudAPartirDe":0,"AfficherTarifChaudSansRecherche":0,"AfficherLiensCarnetVoyage":"1","AfficherOuverture":"1","BlocCritereInfo":{"critere1":{"libelle":""},"critere2":{"libelle":""},"critere3":{"libelle":""},"critere4":{"libelle":""},"critere5":{"libelle":""},"critere6":{"libelle":""},"critere7":{"libelle":"","liste_critere":["COMMUNES|Y"]},"critere8":{"libelle":""},"critere9":{"libelle":""},"afficherpictoetpaslibelle":"1"},"CriteresComportementResa":"|RESABILLET[RESAENLIGNE|","PositionBloc":"GALLERIE|NOM|OUVERTURES|CARNET_VOYAGE|URL|LIEN_RESERVER_DETAIL","TypePrestataire":"Y","ComportementResa":false,"ComportementDispo":false},"AffichageCoordonnees":[],"Coordonnees":{"Ville":"ST BREVIN LES PINS"},"ContexteId":"PRESTATION|Y|UNIVERSITEPERMANENTESTBEVIN|CONFERENCEUPLACHUTEDUMURDE","ContexteIdHtml":"PRESTATION-Y-UNIVERSITEPERMANENTESTBEVIN-CONFERENCEUPLACHUTEDUMURDE","cleContexte":"Y|UNIVERSITEPERMANENTESTBEVIN|CONFERENCEUPLACHUTEDUMURDE","Bloc":{"texte1":"","texte3":"","critere1":{"libelle":"","contenu":[]},"critere2":{"libelle":"","contenu":[]},"critere3":{"libelle":"","contenu":[]},"critere4":{"libelle":"","contenu":[]},"critere5":{"libelle":"","contenu":[]},"critere6":{"libelle":"","contenu":[]},"critere7":{"libelle":"","contenu":{"COMMUNES":{"libelle":"Geographical zone","contenu":{"1":"Saint-Brevin"},"codesValeurs":{"1":"COMMUNES|SAINTBREVIN|Y"},"criteres_datas":{"valeurs":{"1":{"SAINTBREVIN":{"descriptif":""}}}}}}},"critere8":{"libelle":"","contenu":[]},"critere9":{"libelle":"","contenu":[]}},"LocalisationGps":{"Latitude":"47.23621","Longitude":"-2.15598"},"libelleDuPrestataire":"","vuePrestataire":{"pave1":{"libelle":"","contenu":""},"pave2":{"libelle":"","contenu":""},"pave3":{"libelle":"","contenu":""},"pave4":{"libelle":"","contenu":""},"pave5":{"libelle":"","contenu":""},"pave6":{"libelle":"","contenu":""},"pave7":{"libelle":"","contenu":""},"pave8":{"libelle":"","contenu":""},"pave9":{"libelle":"","contenu":""},"pave10":{"libelle":"","contenu":""},"pave11":{"libelle":"","contenu":""},"pave12":{"libelle":"","contenu":""},"pave13":{"libelle":"","contenu":""},"pave14":{"libelle":"","contenu":""},"pave15":{"libelle":"","contenu":""},"pave16":{"libelle":"","contenu":""},"pave17":{"libelle":"","contenu":""},"pave18":{"libelle":"","contenu":""},"pave19":{"libelle":"","contenu":""},"pave20":{"libelle":"","contenu":""},"pave21":{"libelle":"","contenu":""},"pave22":{"libelle":"","contenu":""},"pave23":{"libelle":"","contenu":""},"pave24":{"libelle":"","contenu":""},"pave25":{"libelle":"","contenu":""},"ContactsParType":{"RESP":{"3888":{"id_contact":"3888","type_contact":"RESP","categorie_contact":"PRESTATAIRE","societe_contact":"","fonction_contact":"","civilite_nom_prenom_contact":"Mme Blit B\u00e9atrice ","adresse1_contact":"","adresse2_contact":"","adresse3_contact":"","cpostal_contact":"","ville_contact":"","teldom_contact":"","telbur_contact":"","fax_contact":"","portable_contact":"06 52 80 45 72","email_contact":"up.saint-brevin@univ-nantes.fr","siteweb_contact":"","commentaire_contact":"","langue_contact":"","autre_moyen_com":[]}}},"Libelle":"Universit\u00e9 Permanente Antenne Saint-Brevin","Nom":"Universit\u00e9 Permanente Antenne Saint-Brevin","Prenom":"","NomPrenom":"Universit\u00e9 Permanente Antenne Saint-Brevin ","CiviliteNomPrenom":"Universit\u00e9 Permanente Antenne Saint-Brevin ","Cle":"Y|UNIVERSITEPERMANENTESTBEVIN","PrestataireParent":"","ContexteStat":"PRESTATAIRE-Y-UNIVERSITEPERMANENTESTBEVIN","DateModificationIso":"2026-09-01T09:55:00+02:00","Type":"PRESTATAIRE","TypePrestataire":"Y","Adresse":{"LigneAdresse1":"31 Avenue Jules Verne","LigneAdresse2":"","LigneAdresse3":"","CodePostal":"44250","Ville":"ST BREVIN LES PINS","Cedex":"","Etat":"","Pays":"FRA"},"Email":"up.saint-brevin@univ-nantes.fr","Telephone":"","TelephoneBureau":"","Portable":"06 52 80 45 72","SiteWeb":"http:\/\/www.univ-nantes.fr\/univ-perm-stbrevin","Fax":"","Id":"y-universitepermanentestbevin","Code":"Y|UNIVERSITEPERMANENTESTBEVIN","Fichier":[],"Url":"","Localisation":{"GoogleMap":{"Latitude":"47.24605","Longitude":"-2.16829"}},"ZoneGeo":"","Criteres":{"LIEU[SAINTBREVINLESPINS":"","COMMUNES[SAINTBREVIN":"","QUARTIER[LESPINS":"","INSPUBMAJ[ASSOCIATIONS":"","MAJINGENIE[DATEDERNIEREMAJ":"20170915","MISEAJOUR[ANNABELLE":""},"DateFinPublication":"","AffichageCoordonnees":[]},"listeCriteres":{"LIEUMANIF":{"SAINTBREVIN":""},"CATEGORIEANIMATION":{"CONF":""},"ICA":{"DS":"1h30","SA":"","PLAL":"","ICATP":""},"ANIAH":{"ANIACC":""},"GANIMA":{"GANIMNON":""},"MODEPAIEMENT":{"LCBP":"","LESPE":"","LCB":""},"MISEAJOURINGENIE":{"DATEDERNIEREMAJ":"20260904"},"MISEAJOURPAR":{"ANNABELLE":""},"LIEU":{"SAINTBREVINLESPINS":""},"COMMUNES":{"SAINTBREVIN":""},"QUARTIER":{"LESPINS":""},"INSPUBMAJ":{"ASSOCIATIONS":""},"MAJINGENIE":{"DATEDERNIEREMAJ":"20170915"},"MISEAJOUR":{"ANNABELLE":""}},"dansCarnetVoyage":true,"Ouverture":["\u003Cp class=\"date\" \u003ETuesday 11 May 2027\u003C\/p\u003E\u003Cp class=\"heure\" \u003Efrom 15:00\u003C\/p\u003E"],"OuverturePasse":[],"OuvertureObjs":[{}],"OuvertureTab":[["20270511","20270511"]]},"html":" \n \u003Cdiv id=\"CV-PRESTATION-Y-UNIVERSITEPERMANENTESTBEVIN-CONFERENCEUPLACHUTEDUMURDE\" data-contexte-id=\"PRESTATION|Y|UNIVERSITEPERMANENTESTBEVIN|CONFERENCEUPLACHUTEDUMURDE\" data-cle=\"Y|UNIVERSITEPERMANENTESTBEVIN|CONFERENCEUPLACHUTEDUMURDE\" class=\"fiche-liste\"\u003E\n    \n\n    \u003C!-- partie photo --\u003E\n    \u003Cdiv class=\"photo\"\u003E\t\t\t\t\t\t\t\t\t\t\t\t\t\t\t\t\t\t\t\t\t\n        \u003Cdiv class=\"cadre_photo_principale\"\u003E\t\t\n        \n            \t\t\t\t\t\n                    \u003Ca href=\"conference-la-chute-du-mur-de-berlin.html?origine=carnet#media\"\u003E\n                        \u003Cimg class=\"photo_principale\" alt=\"chute-de-berlin-32411\" src=\"https:\/\/www.saint-brevin.com\/medias\/images\/prestations\/multitailles\/320x240_chute-de-berlin-32411.png\" itemprop=\"image\"\u003E\n                    \u003C\/a\u003E\t\t\t\t\t\t\n                \n                    \u003C\/div\u003E\t\t\t\t\t\t\t\t\t\t\t\t\t\t\t\t\t\t\t \t\t\n    \u003C\/div\u003E\n    \n    \u003C!-- partie nom prest --\u003E\n    \u003Cdiv class=\"nom\"\u003E\n        \u003Ch2\u003EConf\u00e9rence : La chute du Mur de Berlin\u003C\/h2\u003E\n        \n            \u003C\/div\u003E\n\n     \u003Cul style=\"display: none\" class=\"ouverture_list\"\u003E\u003Cli class=\"ouverture_item\"\u003E\u003Cp class=\"date\" \u003ETuesday 11 May 2027\u003C\/p\u003E\u003Cp class=\"heure\" \u003Efrom 15:00\u003C\/p\u003E\u003C\/li\u003E\u003C\/ul\u003E    \n    \u003C!-- partie adresse --\u003E\n    \u003Cdiv class=\"adresse\"\u003E\n    \n          \n    \u003C\/div\u003E\n    \n    \u003C!-- partie liens --\u003E\n    \u003Cdiv class=\"liens\"\u003E\n            \u003Ca class=\"btn-icon btn-view \" title=\"See details\" href=\"conference-la-chute-du-mur-de-berlin.html?origine=carnet\"\u003E\u003C\/a\u003E\u003C!--\u003Ca class=\"btn-icon btn-view \" title=\"\" href=\"?origine=carnet#thaut\"\u003E\u003C\/a\u003E--\u003E\n      \u003Ca class=\"btn-icon btn-trash carnet_voyage_supprimer\" title=\"Remove this entry from my travel plan\" href=\"carnet-voyage?action=remove&fiche=Y|UNIVERSITEPERMANENTESTBEVIN|CONFERENCEUPLACHUTEDUMURDE\"\u003E\u003C\/a\u003E\n    \u003C\/div\u003E\n\n\u003C\/div\u003E\n\n","icon":"https:\/\/static.ingenie.fr\/images\/carnetVoyageV3\/Y.png"},"fiche":"Y|UNIVERSITEPERMANENTESTBEVIN|CONFERENCEUPLACHUTEDUMURDE","popup":"\u003Cdiv id=\"bloc_popup_ajout_fiche_carnet\"\u003E\n    \u003Cdiv class=\"info_popup_ajout_fiche_carnet\"\u003E\n        You have added this item to your travel plan:    \u003C\/div\u003E\n    \u003Cdiv class=\"prest_popup_ajout_fiche_carnet\"\u003E\n        Conf&eacute;rence : La chute du Mur de Berlin    \u003C\/div\u003E\n    \u003Cdiv class=\"bloc_btn_ajout_fiche_carnet form_submit_div\"\u003E\n        \u003Cinput type=\"button\" value=\"Continue my selection\" title=\"Continue my selection\" name=\"btn_close\" class=\"btn_close_popup_carnet form_submit\" onclick=\"$.colorbox.close()\" \/\u003E\n        \u003Cinput type=\"button\" value=\"View my travel plan\" title=\"View my travel plan\" name=\"btn_panier\" class=\"btn_panier_popup_carnet form_submit\" onclick=\"if(typeof CarnetVoyage != 'undefined') {CarnetVoyage.voirCarnet();}\" \/\u003E\n    \u003C\/div\u003E\n    \u003Cdiv class=\"bloc_btn_ajout_fiche_carnet\"\u003E\n        \u003Cinput type=\"checkbox\" value=\"1\" name=\"desactiver_popup\" id=\"desactiver_popup\" \/\u003E\n        \u003Clabel for=\"desactiver_popup\"\u003EDo not show this message again\u003C\/label\u003E\n    \u003C\/div\u003E\n\u003C\/div\u003E","success":1}